{"id":693348,"date":"2025-08-27T14:13:42","date_gmt":"2025-08-27T11:13:42","guid":{"rendered":"https:\/\/roveyayinevi.com.tr\/index.php\/urun\/ahlak-metafiziginin-temellendirilmesi\/"},"modified":"2026-04-16T02:03:08","modified_gmt":"2026-04-15T23:03:08","slug":"ahlak-metafiziginin-temellendirilmesi","status":"publish","type":"product","link":"https:\/\/roveyayinevi.com.tr\/index.php\/urun\/ahlak-metafiziginin-temellendirilmesi\/","title":{"rendered":"Ahlak Metafizi\u011finin Temellendirilmesi"},"content":{"rendered":"<p>Pratik Akl\u0131n Ele\u015ftiriyle birlikte Kant&#8217;\u0131n Etikle ilgili iki ana yap\u0131t\u0131ndan biri olan ve bu Ele\u015ftiriden \u00f6nce yay\u0131nlanan Ahlak Metafizi\u011finin Temellendirilmesinde Kant, g\u00fcnl\u00fck ya\u015famda eylemde bulunurken, kendimizle ili\u015fkimizde temelinin bulan ahlakl\u0131l\u0131\u011f\u0131n olana\u011f\u0131n\u0131n ko\u015fullar\u0131n\u0131 serimliyor.Kant&#8217;a g\u00f6re ahlakl\u0131l\u0131k, ba\u015fkalar\u0131yla ili\u015fkilerimizde istediklerimizin her t\u00fcrl\u00fc ki\u015fisel \u00e7\u0131kardan ba\u011f\u0131ms\u0131z olmas\u0131nda bulunur. Ancak kendimizi ve ba\u015fkalar\u0131n\u0131 b\u00f6yle \u00e7\u0131karlar i\u00e7in ara\u00e7 olarak de\u011fil, ama\u00e7 olarak g\u00f6rerek bulundu\u011fumuzda ahlakl\u0131 oluruz.Ki\u015fisel ve grupsal \u00e7\u0131karlar\u0131n olu\u015fturdu\u011fu eylemler kar\u015f\u0131s\u0131nda, \u00e7\u0131kars\u0131z hi\u00e7bir\u015fey yap\u0131lamayaca\u011f\u0131 kan\u0131s\u0131n\u0131n yayg\u0131n oldu\u011fu d\u00fcnyam\u0131zda, Kant bu kitapta, erdemli ya\u015fam\u0131n\u0131n onsuz olunamayacak bir ko\u015fuluna -ba\u015fkas\u0131n\u0131 ama\u00e7 olarak g\u00f6rme ko\u015fuluna- g\u00fc\u00e7l\u00fc bir \u0131\u015f\u0131k tutuyor. <\/p>\n","protected":false},"excerpt":{"rendered":"<p>Pratik Akl\u0131n Ele\u015ftiriyle birlikte Kant&#8217;\u0131n Etikle ilgili iki ana yap\u0131t\u0131ndan biri olan ve bu Ele\u015ftiriden \u00f6nce yay\u0131nlanan Ahlak Metafizi\u011finin Temellendirilmesinde Kant, g\u00fcnl\u00fck ya\u015famda eylemde bulunurken, kendimizle<span class=\"excerpt-hellip\"> [\u2026]<\/span><\/p>\n","protected":false},"featured_media":0,"template":"","meta":{"_monsterinsights_skip_tracking":false,"_monsterinsights_sitenote_active":false,"_monsterinsights_sitenote_note":"","_monsterinsights_sitenote_category":0},"product_brand":[],"product_cat":[15319,12388],"product_tag":[],"class_list":{"0":"post-693348","1":"product","2":"type-product","3":"status-publish","5":"product_cat-etik","6":"product_cat-felsefe","7":"pa_cilt-ciltsiz","8":"pa_tur-kitap","9":"pa_yayinevi-turkiye-felsefe-kurumu","10":"pa_yazar-immanuel-kant","12":"first","13":"instock","14":"sale","15":"shipping-taxable","16":"purchasable","17":"product-type-simple"},"_links":{"self":[{"href":"https:\/\/roveyayinevi.com.tr\/index.php\/wp-json\/wp\/v2\/product\/693348","targetHints":{"allow":["GET"]}}],"collection":[{"href":"https:\/\/roveyayinevi.com.tr\/index.php\/wp-json\/wp\/v2\/product"}],"about":[{"href":"https:\/\/roveyayinevi.com.tr\/index.php\/wp-json\/wp\/v2\/types\/product"}],"wp:attachment":[{"href":"https:\/\/roveyayinevi.com.tr\/index.php\/wp-json\/wp\/v2\/media?parent=693348"}],"wp:term":[{"taxonomy":"product_brand","embeddable":true,"href":"https:\/\/roveyayinevi.com.tr\/index.php\/wp-json\/wp\/v2\/product_brand?post=693348"},{"taxonomy":"product_cat","embeddable":true,"href":"https:\/\/roveyayinevi.com.tr\/index.php\/wp-json\/wp\/v2\/product_cat?post=693348"},{"taxonomy":"product_tag","embeddable":true,"href":"https:\/\/roveyayinevi.com.tr\/index.php\/wp-json\/wp\/v2\/product_tag?post=693348"}],"curies":[{"name":"wp","href":"https:\/\/api.w.org\/{rel}","templated":true}]}}