{"id":693037,"date":"2025-08-27T14:11:27","date_gmt":"2025-08-27T11:11:27","guid":{"rendered":"https:\/\/roveyayinevi.com.tr\/index.php\/urun\/modernite-ve-bireysel-kimlik\/"},"modified":"2026-04-16T02:03:01","modified_gmt":"2026-04-15T23:03:01","slug":"modernite-ve-bireysel-kimlik","status":"publish","type":"product","link":"https:\/\/roveyayinevi.com.tr\/index.php\/urun\/modernite-ve-bireysel-kimlik\/","title":{"rendered":"Modernite ve Bireysel-Kimlik"},"content":{"rendered":"<p>Modernite, g\u00fcndelik toplumsal hayat\u0131n do\u011fas\u0131n\u0131 k\u00f6kten de\u011fi\u015ftirir ve ya\u015fant\u0131lar\u0131m\u0131z\u0131n en ki\u015fisel yanlar\u0131n\u0131 bile etkiler. Bu y\u00fczden Moderniteyi kurumsal d\u00fczeyde anlamaya \u00e7al\u0131\u015fmam\u0131z gerekir; fakat modern kurumlar\u0131n yol a\u00e7t\u0131\u011f\u0131 k\u00f6kl\u00fc d\u00f6n\u00fc\u015f\u00fcmlerin do\u011frudan bireysel hayatla ve bu y\u00fczden benlikle i\u00e7 i\u00e7e ge\u00e7ti\u011fi unutulmamal\u0131d\u0131r. Ger\u00e7ekte, Modernitenin kendine has \u00f6zelliklerinden biri, k\u00fcreselle\u015ftirici etkiler ile ki\u015fisel ihtiya\u00e7 e\u011filimleri aras\u0131nda giderek artan kar\u015f\u0131l\u0131kl\u0131 ba\u011flant\u0131d\u0131r. Kitab\u0131n amac\u0131, bu kar\u015f\u0131l\u0131kl\u0131 ba\u011flant\u0131lar\u0131n do\u011fas\u0131n\u0131 analiz etmek ve bu t\u00fcr konularda d\u00fc\u015f\u00fcnmeye yard\u0131mc\u0131 olabilecek bir terminoloji olu\u015fturmakt\u0131r. Esasen benli\u011fe odaklanan elinizdeki kitap ger\u00e7ekte psikolojik bir \u00e7al\u0131\u015fma de\u011fildir. Kitab\u0131n egemen ilgi oda\u011f\u0131, modern \u00e7a\u011f\u0131n kurumlar\u0131n\u0131n yeni bireysel-kimlik mekanizmalar\u0131n\u0131n ortaya \u00e7\u0131k\u0131\u015f\u0131d\u0131r. Benlik, d\u0131\u015f etkiler taraf\u0131ndan belirlenen pasif bir varl\u0131k de\u011fildir; insanlar kendi bireysel-kimliklerini bi\u00e7imlendirirken, eylemlerinin \u00f6zel ba\u011flamlar\u0131 ne kadar yerel olursa olsun, sonu\u00e7lar\u0131 ve i\u00e7erimleri bak\u0131m\u0131ndan k\u00fcresel d\u00fczeydeki toplumsal etkilere katk\u0131da bulunur ve bu etkileri do\u011frudan art\u0131r\u0131rlar. Anthony Giddens, daha \u00f6nceki \u00e7al\u0131\u015fmalar\u0131nda ele ald\u0131\u011f\u0131 ama detayland\u0131ramad\u0131\u011f\u0131 baz\u0131 problemleri bu kitab\u0131nda ele al\u0131yor. \u00dcst modernitenin ana hatlar\u0131, benli\u011fin varolu\u015fu, geli\u015fme \u00e7izgisi ve problemleri, \u201cya\u015fam politikas\u0131\u201d konular\u0131na de\u011finirken \u201cNeden Modernite ve Bireysel-kimlik?\u201d sorusuna da her zamanki ak\u0131c\u0131 ve hayat\u0131n i\u00e7inden \u00fcslubuyla yan\u0131t veriyor. Hayat her zaman tehlikelerle dolu riskli bir i\u015ftir. Risk de\u011ferlendirmeleri ve kar\u015f\u0131-olgusal d\u00fc\u015f\u00fcnme e\u011filimi ni\u00e7in modern toplumsal hayatta geleneksel sistemlerdekilerden daha \u00f6nemlidir? Buna uzmanl\u0131k hakk\u0131nda bir soru ekleyebiliriz: Modern \u00e7a\u011f \u00f6ncesi k\u00fclt\u00fcrlerde de insanlar problemleri konusunda b\u00fcy\u00fcc\u00fcler ve \u015fifac\u0131lar gibi uzman ki\u015filere dan\u0131\u015ft\u0131klar\u0131na g\u00f6re, modern \u00e7a\u011fda g\u00fcveni ve soyut sistemleri farkl\u0131 ve \u00f6zel k\u0131lan nedir? <\/p>\n","protected":false},"excerpt":{"rendered":"<p>Modernite, g\u00fcndelik toplumsal hayat\u0131n do\u011fas\u0131n\u0131 k\u00f6kten de\u011fi\u015ftirir ve ya\u015fant\u0131lar\u0131m\u0131z\u0131n en ki\u015fisel yanlar\u0131n\u0131 bile etkiler. Bu y\u00fczden Moderniteyi kurumsal d\u00fczeyde anlamaya \u00e7al\u0131\u015fmam\u0131z gerekir; fakat modern kurumlar\u0131n yol<span class=\"excerpt-hellip\"> [\u2026]<\/span><\/p>\n","protected":false},"featured_media":0,"template":"","meta":{"_monsterinsights_skip_tracking":false,"_monsterinsights_sitenote_active":false,"_monsterinsights_sitenote_note":"","_monsterinsights_sitenote_category":0},"product_brand":[],"product_cat":[13633,12324],"product_tag":[],"class_list":{"0":"post-693037","1":"product","2":"type-product","3":"status-publish","5":"product_cat-kultur-ve-bilim","6":"product_cat-sosyoloji","7":"pa_cilt-ciltsiz","8":"pa_tur-kitap","9":"pa_yayinevi-say-yayinlari","10":"pa_yazar-anthony-giddens","12":"first","13":"instock","14":"sale","15":"shipping-taxable","16":"purchasable","17":"product-type-simple"},"_links":{"self":[{"href":"https:\/\/roveyayinevi.com.tr\/index.php\/wp-json\/wp\/v2\/product\/693037","targetHints":{"allow":["GET"]}}],"collection":[{"href":"https:\/\/roveyayinevi.com.tr\/index.php\/wp-json\/wp\/v2\/product"}],"about":[{"href":"https:\/\/roveyayinevi.com.tr\/index.php\/wp-json\/wp\/v2\/types\/product"}],"wp:attachment":[{"href":"https:\/\/roveyayinevi.com.tr\/index.php\/wp-json\/wp\/v2\/media?parent=693037"}],"wp:term":[{"taxonomy":"product_brand","embeddable":true,"href":"https:\/\/roveyayinevi.com.tr\/index.php\/wp-json\/wp\/v2\/product_brand?post=693037"},{"taxonomy":"product_cat","embeddable":true,"href":"https:\/\/roveyayinevi.com.tr\/index.php\/wp-json\/wp\/v2\/product_cat?post=693037"},{"taxonomy":"product_tag","embeddable":true,"href":"https:\/\/roveyayinevi.com.tr\/index.php\/wp-json\/wp\/v2\/product_tag?post=693037"}],"curies":[{"name":"wp","href":"https:\/\/api.w.org\/{rel}","templated":true}]}}