{"id":692957,"date":"2025-08-27T14:09:55","date_gmt":"2025-08-27T11:09:55","guid":{"rendered":"https:\/\/roveyayinevi.com.tr\/index.php\/urun\/kapitalizm-hakkinda-size-soylenmeyen-23-sey\/"},"modified":"2026-04-16T02:02:58","modified_gmt":"2026-04-15T23:02:58","slug":"kapitalizm-hakkinda-size-soylenmeyen-23-sey","status":"publish","type":"product","link":"https:\/\/roveyayinevi.com.tr\/index.php\/urun\/kapitalizm-hakkinda-size-soylenmeyen-23-sey\/","title":{"rendered":"Kapitalizm Hakk\u0131nda Size S\u00f6ylenmeyen 23 \u015eey"},"content":{"rendered":"<p>Kapitalizm Hakk\u0131nda Size S\u00f6ylenmeyen 23 \u015eey\u2019de Ha-Joon Chang d\u00fcnya ekonomisinin i\u015fleyi\u015fine ili\u015fkin mitleri b\u00fcy\u00fck bir ustal\u0131kla y\u0131k\u0131yor. \u00c7ama\u015f\u0131r makinesinin d\u00fcnyay\u0131 internetten daha \u00e7ok de\u011fi\u015ftirdi\u011fini, asl\u0131nda sanayi sonras\u0131 \u00e7a\u011fda ya\u015famakta olmad\u0131\u011f\u0131m\u0131z\u0131, zenginleri daha da zenginle\u015ftirmenin yoksullar\u0131 daha da yoksulla\u015ft\u0131rd\u0131\u011f\u0131n\u0131 ve asl\u0131nda serbest piyasa diye bir \u015fey olmad\u0131\u011f\u0131n\u0131 ikna edici ve \u00e7arp\u0131c\u0131 bir \u015fekilde ortaya koyuyor. <\/p>\n","protected":false},"excerpt":{"rendered":"<p>Kapitalizm Hakk\u0131nda Size S\u00f6ylenmeyen 23 \u015eey\u2019de Ha-Joon Chang d\u00fcnya ekonomisinin i\u015fleyi\u015fine ili\u015fkin mitleri b\u00fcy\u00fck bir ustal\u0131kla y\u0131k\u0131yor. \u00c7ama\u015f\u0131r makinesinin d\u00fcnyay\u0131 internetten daha \u00e7ok de\u011fi\u015ftirdi\u011fini, asl\u0131nda sanayi<span class=\"excerpt-hellip\"> [\u2026]<\/span><\/p>\n","protected":false},"featured_media":0,"template":"","meta":{"_monsterinsights_skip_tracking":false,"_monsterinsights_sitenote_active":false,"_monsterinsights_sitenote_note":"","_monsterinsights_sitenote_category":0},"product_brand":[],"product_cat":[12338,12337],"product_tag":[],"class_list":{"0":"post-692957","1":"product","2":"type-product","3":"status-publish","5":"product_cat-dunya-siyaseti-ve-politikasi","6":"product_cat-politika-siyaset","7":"pa_cilt-ciltsiz","8":"pa_tur-kitap","9":"pa_yayinevi-say-yayinlari","10":"pa_yazar-ha-joon-chang","12":"first","13":"instock","14":"sale","15":"shipping-taxable","16":"purchasable","17":"product-type-simple"},"_links":{"self":[{"href":"https:\/\/roveyayinevi.com.tr\/index.php\/wp-json\/wp\/v2\/product\/692957","targetHints":{"allow":["GET"]}}],"collection":[{"href":"https:\/\/roveyayinevi.com.tr\/index.php\/wp-json\/wp\/v2\/product"}],"about":[{"href":"https:\/\/roveyayinevi.com.tr\/index.php\/wp-json\/wp\/v2\/types\/product"}],"wp:attachment":[{"href":"https:\/\/roveyayinevi.com.tr\/index.php\/wp-json\/wp\/v2\/media?parent=692957"}],"wp:term":[{"taxonomy":"product_brand","embeddable":true,"href":"https:\/\/roveyayinevi.com.tr\/index.php\/wp-json\/wp\/v2\/product_brand?post=692957"},{"taxonomy":"product_cat","embeddable":true,"href":"https:\/\/roveyayinevi.com.tr\/index.php\/wp-json\/wp\/v2\/product_cat?post=692957"},{"taxonomy":"product_tag","embeddable":true,"href":"https:\/\/roveyayinevi.com.tr\/index.php\/wp-json\/wp\/v2\/product_tag?post=692957"}],"curies":[{"name":"wp","href":"https:\/\/api.w.org\/{rel}","templated":true}]}}