{"id":692903,"date":"2025-08-27T14:09:44","date_gmt":"2025-08-27T11:09:44","guid":{"rendered":"https:\/\/roveyayinevi.com.tr\/index.php\/urun\/bilgi-felsefesi\/"},"modified":"2026-04-16T02:02:43","modified_gmt":"2026-04-15T23:02:43","slug":"bilgi-felsefesi","status":"publish","type":"product","link":"https:\/\/roveyayinevi.com.tr\/index.php\/urun\/bilgi-felsefesi\/","title":{"rendered":"Bilgi Felsefesi"},"content":{"rendered":"<p>Bilgi felsefesi ya da yayg\u0131n kullan\u0131m\u0131yla epistemoloji, felsefenin, metafizik ya da varl\u0131k felsefesiyle birlikte, iki temel disiplininden biridir. Modern uygarl\u0131\u011f\u0131 belirleyen en temel unsurun bilgi ve bilim olmas\u0131 nedeniyle, bilgi felsefesi Yeni\u00e7a\u011f\u2019dan itibaren, varl\u0131k felsefesinin \u00f6n\u00fcne ge\u00e7mi\u015f, modern zamanlar\u0131n b\u00fct\u00fcn filozoflar\u0131, bilgi konusunu enine boyuna ele alm\u0131\u015flard\u0131r. Bilgi Felsefesi, g\u00fcn\u00fcm\u00fcz toplumunda giderek daha b\u00fcy\u00fck bir \u00f6nem kazanan bilgi konusunu hem sistematik\/problematik hem de tarihsel olarak, alabildi\u011fine a\u00e7\u0131k ve anla\u015f\u0131l\u0131r bir bi\u00e7imde ele almaktad\u0131r. Eser \u00fc\u00e7 b\u00f6l\u00fcmden olu\u015fmaktad\u0131r. Birinci b\u00f6l\u00fcmde bilgi konusu, bilgiyle ilintili b\u00fct\u00fcn kavram ve problemler \u00fczerinden ele al\u0131nmakta, bilginin nas\u0131l anla\u015f\u0131lmas\u0131 gerekti\u011fi, kayna\u011f\u0131, imk\u00e2n\u0131, s\u0131n\u0131rlar\u0131 ve do\u011frulu\u011fu tart\u0131\u015f\u0131lmaktad\u0131r. \u0130kinci b\u00f6l\u00fcm, bilgi konusunun \u0130k\u00e7a\u011f, Orta\u00e7a\u011f ve Yeni\u00e7a\u011f\u2019da Platon, Aristoteles, Descartes, Locke, Hume ve Kant gibi filozoflar taraf\u0131ndan nas\u0131l ele al\u0131nd\u0131\u011f\u0131n\u0131 g\u00f6zler \u00f6n\u00fcne sermektedir. \u00dc\u00e7\u00fcnc\u00fc b\u00f6l\u00fcm ise klasik epistemolojiye bir tepki olarak geli\u015fen K\u0131ta epistemolojisinin bilgi konusuna yakla\u015f\u0131m\u0131n\u0131 \u00f6zellikle fenomenoloji, hermeneutik, postmodernizm, ele\u015ftirel kuram ve feminist epistemoloji \u00fczerinden ele almaktad\u0131r. \ufffcTan\u0131t\u0131m Metni<\/p>\n","protected":false},"excerpt":{"rendered":"<p>Bilgi felsefesi ya da yayg\u0131n kullan\u0131m\u0131yla epistemoloji, felsefenin, metafizik ya da varl\u0131k felsefesiyle birlikte, iki temel disiplininden biridir. Modern uygarl\u0131\u011f\u0131 belirleyen en temel unsurun bilgi ve<span class=\"excerpt-hellip\"> [\u2026]<\/span><\/p>\n","protected":false},"featured_media":0,"template":"","meta":{"_monsterinsights_skip_tracking":false,"_monsterinsights_sitenote_active":false,"_monsterinsights_sitenote_note":"","_monsterinsights_sitenote_category":0},"product_brand":[],"product_cat":[12389,12388],"product_tag":[],"class_list":{"0":"post-692903","1":"product","2":"type-product","3":"status-publish","5":"product_cat-diger-felsefe","6":"product_cat-felsefe","7":"pa_cilt-ciltsiz","8":"pa_tur-kitap","9":"pa_yayinevi-say-yayinlari","10":"pa_yazar-ahmet-cevizci","12":"first","13":"instock","14":"sale","15":"shipping-taxable","16":"purchasable","17":"product-type-simple"},"_links":{"self":[{"href":"https:\/\/roveyayinevi.com.tr\/index.php\/wp-json\/wp\/v2\/product\/692903","targetHints":{"allow":["GET"]}}],"collection":[{"href":"https:\/\/roveyayinevi.com.tr\/index.php\/wp-json\/wp\/v2\/product"}],"about":[{"href":"https:\/\/roveyayinevi.com.tr\/index.php\/wp-json\/wp\/v2\/types\/product"}],"wp:attachment":[{"href":"https:\/\/roveyayinevi.com.tr\/index.php\/wp-json\/wp\/v2\/media?parent=692903"}],"wp:term":[{"taxonomy":"product_brand","embeddable":true,"href":"https:\/\/roveyayinevi.com.tr\/index.php\/wp-json\/wp\/v2\/product_brand?post=692903"},{"taxonomy":"product_cat","embeddable":true,"href":"https:\/\/roveyayinevi.com.tr\/index.php\/wp-json\/wp\/v2\/product_cat?post=692903"},{"taxonomy":"product_tag","embeddable":true,"href":"https:\/\/roveyayinevi.com.tr\/index.php\/wp-json\/wp\/v2\/product_tag?post=692903"}],"curies":[{"name":"wp","href":"https:\/\/api.w.org\/{rel}","templated":true}]}}