{"id":692715,"date":"2025-08-27T14:08:52","date_gmt":"2025-08-27T11:08:52","guid":{"rendered":"https:\/\/roveyayinevi.com.tr\/index.php\/urun\/suclamalar-1-sagcilik-fasizm\/"},"modified":"2026-04-16T02:02:38","modified_gmt":"2026-04-15T23:02:38","slug":"suclamalar-1-sagcilik-fasizm","status":"publish","type":"product","link":"https:\/\/roveyayinevi.com.tr\/index.php\/urun\/suclamalar-1-sagcilik-fasizm\/","title":{"rendered":"Su\u00e7lamalar &#8211; 1 Sa\u011fc\u0131l\u0131k, Fa\u015fizm"},"content":{"rendered":"<p>Milliyet\u00e7ilik, millet ad\u0131n\u0131 verdi\u011fimiz i\u00e7tima\u00ee birliklerin meydana \u00e7\u0131kt\u0131\u011f\u0131 tarihten itibaren de\u011filse bile, millet kelimesinin kullan\u0131lmaya ba\u015fland\u0131\u011f\u0131 1789 Frans\u0131z ihtil\u00e2linden g\u00fcn\u00fcm\u00fcze kadar uzayan 200 y\u0131ll\u0131k bir zaman i\u00e7inde s\u00fcrekli bir tarzda, m\u00fctemadiyen su\u00e7lanm\u0131\u015ft\u0131r. Hi\u00e7 \u015f\u00fcphe yok ki, milliyet\u00e7ili\u011fi \u00f6venler, bir milleti kurtaracak tek fikir ve tek g\u00f6r\u00fc\u015f oldu\u011funu \u00f6ne s\u00fcrenler de vard\u0131r. Ancak, \u00f6zetle anlatmaya \u00e7al\u0131\u015faca\u011f\u0131m\u0131z de\u011fi\u015fik sebepler y\u00fcz\u00fcnden yaz\u0131lanlara ve s\u00f6ylenenlere bak\u0131larak yap\u0131lacak bir de\u011ferlendirmeye g\u00f6re, milliyet\u00e7ilik d\u00fc\u015fmanlar\u0131n\u0131n dostlar\u0131ndan daha \u00e7ok olduklar\u0131 veya \u00f6yle g\u00f6r\u00fcnd\u00fckleri ger\u00e7e\u011fini ink\u00e2r edemeyiz. Hemen i\u015faret edelim ki, milliyet\u00e7ilik d\u00fc\u015fmanl\u0131\u011f\u0131n\u0131 yaln\u0131z bir sebebe ba\u011flamak gibi, milliyet\u00e7ileri su\u00e7lama yar\u0131\u015f\u0131na kat\u0131lanlar\u0131 da tek bir z\u00fcmre i\u00e7inde toplamak tamamen yanl\u0131\u015ft\u0131r. <\/p>\n","protected":false},"excerpt":{"rendered":"<p>Milliyet\u00e7ilik, millet ad\u0131n\u0131 verdi\u011fimiz i\u00e7tima\u00ee birliklerin meydana \u00e7\u0131kt\u0131\u011f\u0131 tarihten itibaren de\u011filse bile, millet kelimesinin kullan\u0131lmaya ba\u015fland\u0131\u011f\u0131 1789 Frans\u0131z ihtil\u00e2linden g\u00fcn\u00fcm\u00fcze kadar uzayan 200 y\u0131ll\u0131k bir zaman<span class=\"excerpt-hellip\"> [\u2026]<\/span><\/p>\n","protected":false},"featured_media":0,"template":"","meta":{"_monsterinsights_skip_tracking":false,"_monsterinsights_sitenote_active":false,"_monsterinsights_sitenote_note":"","_monsterinsights_sitenote_category":0},"product_brand":[],"product_cat":[16098,12337],"product_tag":[],"class_list":{"0":"post-692715","1":"product","2":"type-product","3":"status-publish","5":"product_cat-politik-akimlar-hareketler","6":"product_cat-politika-siyaset","7":"pa_cilt-ciltsiz","8":"pa_tur-kitap","9":"pa_yayinevi-otuken-nesriyat","10":"pa_yazar-galip-erdem","12":"first","13":"instock","14":"sale","15":"shipping-taxable","16":"purchasable","17":"product-type-simple"},"_links":{"self":[{"href":"https:\/\/roveyayinevi.com.tr\/index.php\/wp-json\/wp\/v2\/product\/692715","targetHints":{"allow":["GET"]}}],"collection":[{"href":"https:\/\/roveyayinevi.com.tr\/index.php\/wp-json\/wp\/v2\/product"}],"about":[{"href":"https:\/\/roveyayinevi.com.tr\/index.php\/wp-json\/wp\/v2\/types\/product"}],"wp:attachment":[{"href":"https:\/\/roveyayinevi.com.tr\/index.php\/wp-json\/wp\/v2\/media?parent=692715"}],"wp:term":[{"taxonomy":"product_brand","embeddable":true,"href":"https:\/\/roveyayinevi.com.tr\/index.php\/wp-json\/wp\/v2\/product_brand?post=692715"},{"taxonomy":"product_cat","embeddable":true,"href":"https:\/\/roveyayinevi.com.tr\/index.php\/wp-json\/wp\/v2\/product_cat?post=692715"},{"taxonomy":"product_tag","embeddable":true,"href":"https:\/\/roveyayinevi.com.tr\/index.php\/wp-json\/wp\/v2\/product_tag?post=692715"}],"curies":[{"name":"wp","href":"https:\/\/api.w.org\/{rel}","templated":true}]}}