{"id":692704,"date":"2025-08-27T14:08:50","date_gmt":"2025-08-27T11:08:50","guid":{"rendered":"https:\/\/roveyayinevi.com.tr\/index.php\/urun\/turk-tarihinden-portreler\/"},"modified":"2026-04-16T02:02:38","modified_gmt":"2026-04-15T23:02:38","slug":"turk-tarihinden-portreler","status":"publish","type":"product","link":"https:\/\/roveyayinevi.com.tr\/index.php\/urun\/turk-tarihinden-portreler\/","title":{"rendered":"T\u00fcrk Tarihinden Portreler"},"content":{"rendered":"<p>En ya\u015fl\u0131lar\u0131 Bumin Ka\u011fan, en gen\u00e7leri Turgut \u00d6zal olmak \u00fczere kronolojik s\u0131ra takip edilerek yaz\u0131lm\u0131\u015ft\u0131r. Tan\u0131tt\u0131\u011f\u0131m \u015fahsiyetlerin hepsinin T\u00fcrk b\u00fcy\u00fckleri, T\u00fcrk d\u00e2hileri olmad\u0131klar\u0131n\u0131 sevgili okuyucular\u0131m hemen fark edeceklerdir. Daha m\u00fctevaz\u0131 \u00e7apta b\u00fcy\u00fckler de, T\u00fcrk&#8217;e \u00e7ok zarar vermi\u015f birka\u00e7 ki\u015fi de al\u0131nd\u0131. Ancak \u00e7o\u011funluk, tarihimizin \u00e7e\u015fitli alanlardaki dehalar\u0131ndan se\u00e7ildi. Hi\u00e7 unutulmas\u0131n, tarihin k\u00fc\u00e7\u00fckleri de, tarihin b\u00fcy\u00fckleri derecesinde milletlerin hayat\u0131n\u0131 ve gelece\u011fini \u015fiddetle etkilemi\u015flerdir. \ufffcTan\u0131t\u0131m Metni<\/p>\n","protected":false},"excerpt":{"rendered":"<p>En ya\u015fl\u0131lar\u0131 Bumin Ka\u011fan, en gen\u00e7leri Turgut \u00d6zal olmak \u00fczere kronolojik s\u0131ra takip edilerek yaz\u0131lm\u0131\u015ft\u0131r. Tan\u0131tt\u0131\u011f\u0131m \u015fahsiyetlerin hepsinin T\u00fcrk b\u00fcy\u00fckleri, T\u00fcrk d\u00e2hileri olmad\u0131klar\u0131n\u0131 sevgili okuyucular\u0131m hemen<span class=\"excerpt-hellip\"> [\u2026]<\/span><\/p>\n","protected":false},"featured_media":0,"template":"","meta":{"_monsterinsights_skip_tracking":false,"_monsterinsights_sitenote_active":false,"_monsterinsights_sitenote_note":"","_monsterinsights_sitenote_category":0},"product_brand":[],"product_cat":[12304,13650],"product_tag":[],"class_list":{"0":"post-692704","1":"product","2":"type-product","3":"status-publish","5":"product_cat-tarih","6":"product_cat-turk-tarihi-arastirmalari","7":"pa_cilt-ciltsiz","8":"pa_tur-kitap","9":"pa_yayinevi-otuken-nesriyat","10":"pa_yazar-yilmaz-oztuna","12":"first","13":"instock","14":"sale","15":"shipping-taxable","16":"purchasable","17":"product-type-simple"},"_links":{"self":[{"href":"https:\/\/roveyayinevi.com.tr\/index.php\/wp-json\/wp\/v2\/product\/692704","targetHints":{"allow":["GET"]}}],"collection":[{"href":"https:\/\/roveyayinevi.com.tr\/index.php\/wp-json\/wp\/v2\/product"}],"about":[{"href":"https:\/\/roveyayinevi.com.tr\/index.php\/wp-json\/wp\/v2\/types\/product"}],"wp:attachment":[{"href":"https:\/\/roveyayinevi.com.tr\/index.php\/wp-json\/wp\/v2\/media?parent=692704"}],"wp:term":[{"taxonomy":"product_brand","embeddable":true,"href":"https:\/\/roveyayinevi.com.tr\/index.php\/wp-json\/wp\/v2\/product_brand?post=692704"},{"taxonomy":"product_cat","embeddable":true,"href":"https:\/\/roveyayinevi.com.tr\/index.php\/wp-json\/wp\/v2\/product_cat?post=692704"},{"taxonomy":"product_tag","embeddable":true,"href":"https:\/\/roveyayinevi.com.tr\/index.php\/wp-json\/wp\/v2\/product_tag?post=692704"}],"curies":[{"name":"wp","href":"https:\/\/api.w.org\/{rel}","templated":true}]}}