{"id":692702,"date":"2025-08-27T14:08:50","date_gmt":"2025-08-27T11:08:50","guid":{"rendered":"https:\/\/roveyayinevi.com.tr\/index.php\/urun\/turk-olmak-ya-da-olmamak\/"},"modified":"2026-04-16T02:02:38","modified_gmt":"2026-04-15T23:02:38","slug":"turk-olmak-ya-da-olmamak","status":"publish","type":"product","link":"https:\/\/roveyayinevi.com.tr\/index.php\/urun\/turk-olmak-ya-da-olmamak\/","title":{"rendered":"T\u00fcrk Olmak Ya Da Olmamak"},"content":{"rendered":"<p>G\u00fcn\u00fcm\u00fcz ortam\u0131nda akl\u00ee, tarih\u00ee ve toplumsal ger\u00e7eklere ra\u011fmen, propaganda o kadar yo\u011fun estirilmi\u015ftir ki, zay\u0131f ruhlar\u0131 sarsm\u0131\u015f, milletimizi yaralam\u0131\u015ft\u0131r. Y\u0131kmak, yapmaktan kolayd\u0131r; sadece bizim i\u00e7in de\u011fil, b\u00fct\u00fcn milletler i\u00e7in b\u00f6yledir. Mill\u00ee birli\u011fi korumak, par\u00e7alamaktan \u00e7ok daha zordur. Bizim birlik dedi\u011fimiz toplumsal olgu ve duygular y\u00fczy\u0131llar s\u00fcren bir ortak ya\u015faman\u0131n ve say\u0131s\u0131z tatl\u0131-ac\u0131 tecr\u00fcbelerin bir sonucudur. Bu kadar uzun bir s\u00fcre\u00e7te ula\u015f\u0131lan bu duyguya s\u0131radan bir \u015f\u00fcphe d\u00fc\u015f\u00fcrmek hi\u00e7 de zor de\u011fildir. \u00dcstelik, kullan\u0131lan arg\u00fcmanlar\u0131n ger\u00e7e\u011fe uymas\u0131 da gerekmez. Ama, \u015f\u00fcphelerin a\u00e7t\u0131\u011f\u0131 yaralar\u0131 sarmak, yeniden birli\u011fi kurmak sab\u0131rl\u0131, \u015fuurlu bir y\u00f6netimin, kesintisiz bir e\u011fitimin \u00fcr\u00fcn\u00fc olabilir. Tek imk\u00e2n\u0131m\u0131z toplumun kurulu\u015ftaki yap\u0131s\u0131n\u0131n ve do\u011fal geli\u015fmesinin birlik y\u00f6n\u00fcnde olmas\u0131ndad\u0131r; \u00fc\u00e7-be\u015f bin y\u0131ll\u0131k tarih\u00ee birikimimiz bu birli\u011fi \u00f6\u011f\u00fctler, kurulu\u015f do\u011fal olarak birlik \u00fczerinedir ve bu tav\u0131r toplumun \u015fuuralt\u0131na kadar yer etmi\u015ftir. Bu y\u00fczden milletimizin gelece\u011fine daima inan\u00e7 ve \u00fcmitle bak\u0131yoruz. <\/p>\n","protected":false},"excerpt":{"rendered":"<p>G\u00fcn\u00fcm\u00fcz ortam\u0131nda akl\u00ee, tarih\u00ee ve toplumsal ger\u00e7eklere ra\u011fmen, propaganda o kadar yo\u011fun estirilmi\u015ftir ki, zay\u0131f ruhlar\u0131 sarsm\u0131\u015f, milletimizi yaralam\u0131\u015ft\u0131r. Y\u0131kmak, yapmaktan kolayd\u0131r; sadece bizim i\u00e7in de\u011fil,<span class=\"excerpt-hellip\"> [\u2026]<\/span><\/p>\n","protected":false},"featured_media":0,"template":"","meta":{"_monsterinsights_skip_tracking":false,"_monsterinsights_sitenote_active":false,"_monsterinsights_sitenote_note":"","_monsterinsights_sitenote_category":0},"product_brand":[],"product_cat":[13633,12324],"product_tag":[],"class_list":{"0":"post-692702","1":"product","2":"type-product","3":"status-publish","5":"product_cat-kultur-ve-bilim","6":"product_cat-sosyoloji","7":"pa_cilt-ciltsiz","8":"pa_tur-kitap","9":"pa_yayinevi-otuken-nesriyat","10":"pa_yazar-nevzat-kosoglu","12":"first","13":"instock","14":"sale","15":"shipping-taxable","16":"purchasable","17":"product-type-simple"},"_links":{"self":[{"href":"https:\/\/roveyayinevi.com.tr\/index.php\/wp-json\/wp\/v2\/product\/692702","targetHints":{"allow":["GET"]}}],"collection":[{"href":"https:\/\/roveyayinevi.com.tr\/index.php\/wp-json\/wp\/v2\/product"}],"about":[{"href":"https:\/\/roveyayinevi.com.tr\/index.php\/wp-json\/wp\/v2\/types\/product"}],"wp:attachment":[{"href":"https:\/\/roveyayinevi.com.tr\/index.php\/wp-json\/wp\/v2\/media?parent=692702"}],"wp:term":[{"taxonomy":"product_brand","embeddable":true,"href":"https:\/\/roveyayinevi.com.tr\/index.php\/wp-json\/wp\/v2\/product_brand?post=692702"},{"taxonomy":"product_cat","embeddable":true,"href":"https:\/\/roveyayinevi.com.tr\/index.php\/wp-json\/wp\/v2\/product_cat?post=692702"},{"taxonomy":"product_tag","embeddable":true,"href":"https:\/\/roveyayinevi.com.tr\/index.php\/wp-json\/wp\/v2\/product_tag?post=692702"}],"curies":[{"name":"wp","href":"https:\/\/api.w.org\/{rel}","templated":true}]}}