{"id":692671,"date":"2025-08-27T14:08:43","date_gmt":"2025-08-27T11:08:43","guid":{"rendered":"https:\/\/roveyayinevi.com.tr\/index.php\/urun\/sehit-enver-pasa\/"},"modified":"2026-04-16T02:02:37","modified_gmt":"2026-04-15T23:02:37","slug":"sehit-enver-pasa","status":"publish","type":"product","link":"https:\/\/roveyayinevi.com.tr\/index.php\/urun\/sehit-enver-pasa\/","title":{"rendered":"\u015eehit Enver Pa\u015fa"},"content":{"rendered":"<p>Osmanl\u0131\u2019n\u0131n \u00e7\u00f6k\u00fc\u015f\u00fc de kurulu\u015fu gibi bir destand\u0131r. \u00c7\u00f6k\u00fc\u015f\u00fcn kahramanlar\u0131 olan neslin bayraktar\u0131 Enver Pa\u015fa\u2019d\u0131r. Onlar\u0131n varl\u0131\u011f\u0131yla \u0130mparatorlu\u011fun \u00e7\u00f6k\u00fc\u015f\u00fcn\u00fc birlikte d\u00fc\u015f\u00fcnmek \u015fa\u015f\u0131rt\u0131c\u0131d\u0131r ve haks\u0131zl\u0131k gibi g\u00f6r\u00fcn\u00fcr. Onlar\u0131n y\u00fcrekleri da\u011f gibiydi; hayalleri de \u00f6yle&#8230; Asla k\u00fc\u00e7\u00fck d\u00fc\u015f\u00fcnm\u00fcyorlard\u0131. Y\u00fcce Devlet\u2019i, \u00fclkesi ve milletiyle kurtarmak i\u00e7in kendilerini ate\u015flere atarken, her biri \u0130mparatorlu\u011fun bir uzak k\u00f6\u015fesinde, b\u00fct\u00fcn M\u00fcsl\u00fcman d\u00fcnyay\u0131 kurtarmay\u0131 d\u00fc\u015fl\u00fcyor ve bunun heyecan\u0131 ile sars\u0131l\u0131yorlard\u0131. B\u00fcy\u00fck d\u00fc\u015f\u00fcnmek, b\u00fcy\u00fck r\u00fcyalar g\u00f6rmek b\u00fcy\u00fck zamanlar\u0131n g\u00f6r\u00fcnt\u00fcleridir. Oysa bunlar \u00e7\u00f6k\u00fcyorlard\u0131 ve \u00e7\u00f6kerken bile y\u00fcreklerindeki ve kafalar\u0131ndaki b\u00fcy\u00fckl\u00fckleri terk etmiyorlard\u0131. Sonra, Anadolu\u2019ya \u00e7ekildik. Art\u0131k onlar\u0131 anlamak zorla\u015ft\u0131. \u0130nsanlar\u0131m\u0131zda y\u00fcrekler darald\u0131, ufuklar kapand\u0131; araya anlams\u0131z siyas\u00ee endi\u015feler girdi. Erzurum\u2019u, Sar\u0131kam\u0131\u015f\u2019\u0131 Turan zannedip Enver Pa\u015fa\u2019y\u0131, askerlerimizi Turan yolunda k\u0131rd\u0131rmakla su\u00e7lad\u0131k. Oysa, dedelerimiz Irak\u2019ta, Filistin\u2019de, Kafkaslar\u2019da, \u00c7anakkale\u2019de vatan topraklar\u0131n\u0131 savunuyorlard\u0131. \u0130ngiliz ordular\u0131n\u0131n buralarda ne arad\u0131klar\u0131n\u0131 sormak yerine, onlar\u0131n y\u00fcce makamlar\u0131n\u0131 tart\u0131\u015fmaya a\u00e7t\u0131k&#8230; Enver Pa\u015fa o m\u00fcbarek neslin ba\u015fbu\u011fu idi. M. Kemal Atat\u00fcrk diyor ki: Enver bir g\u00fcne\u015f gibi do\u011fmu\u015f, bir gur\u00fbb ihti\u015fam\u0131yla batm\u0131\u015ft\u0131r; aras\u0131n\u0131 tarihe b\u0131rakal\u0131m. \u0130smet \u0130n\u00f6n\u00fc diyor ki: Enver Pa\u015fa ihtilalden \u00f6nce ahlak, cesaret ve kahramanl\u0131k misali olarak tan\u0131nm\u0131\u015ft\u0131r. Enver\u2019e en \u00e7etin k\u0131ta hizmetleri tam ve itimatla emniyet edilmi\u015ftir. Enver Pa\u015fa \u015fahs\u00ee meziyetleriyle iyi bir asker, iyi bir subay olarak, cemiyetin kusur olarak bildi\u011fi unsurlardan, insan\u0131n tasavvur edemeyece\u011fi kadar nasibi olmayan bir tiptir. Zeki Velid\u00ee Togan diyor ki: Enver Pa\u015fa son T\u00fcrk tarihinin en b\u00fcy\u00fck \u015fahsiyetlerinden biridir. Bu z\u00e2t, T\u00fcrk ve d\u00fcnya siyasi hayat\u0131ndaki konumunu \u015f\u00fcphesiz ki tesad\u00fcfen yahut birisinin korumas\u0131nda elde etmedi. Ziya Nur diyor ki: Enver\u2019in Ravza-i Mutahhara\u2019ya giri\u015fini canland\u0131ran c\u00fcmleler; t\u00fcyler \u00fcrpertici bir inan\u00e7 ve edep y\u00fcksekli\u011finin muhte\u015fem tablosudur. Bu kitapta, Osmanl\u0131 son d\u00f6nemlerimizin b\u00fcy\u00fck kahraman\u0131n\u0131n hayat\u0131n\u0131 ve temiz ki\u015fili\u011fini yak\u0131ndan tan\u0131yacaks\u0131n\u0131z. <\/p>\n","protected":false},"excerpt":{"rendered":"<p>Osmanl\u0131\u2019n\u0131n \u00e7\u00f6k\u00fc\u015f\u00fc de kurulu\u015fu gibi bir destand\u0131r. \u00c7\u00f6k\u00fc\u015f\u00fcn kahramanlar\u0131 olan neslin bayraktar\u0131 Enver Pa\u015fa\u2019d\u0131r. Onlar\u0131n varl\u0131\u011f\u0131yla \u0130mparatorlu\u011fun \u00e7\u00f6k\u00fc\u015f\u00fcn\u00fc birlikte d\u00fc\u015f\u00fcnmek \u015fa\u015f\u0131rt\u0131c\u0131d\u0131r ve haks\u0131zl\u0131k gibi g\u00f6r\u00fcn\u00fcr. Onlar\u0131n<span class=\"excerpt-hellip\"> [\u2026]<\/span><\/p>\n","protected":false},"featured_media":0,"template":"","meta":{"_monsterinsights_skip_tracking":false,"_monsterinsights_sitenote_active":false,"_monsterinsights_sitenote_note":"","_monsterinsights_sitenote_category":0},"product_brand":[],"product_cat":[13517,12304],"product_tag":[],"class_list":{"0":"post-692671","1":"product","2":"type-product","3":"status-publish","5":"product_cat-osmanli-tarihi","6":"product_cat-tarih","7":"pa_cilt-ciltsiz","8":"pa_tur-kitap","9":"pa_yayinevi-otuken-nesriyat","10":"pa_yazar-nevzat-kosoglu","12":"first","13":"instock","14":"sale","15":"shipping-taxable","16":"purchasable","17":"product-type-simple"},"_links":{"self":[{"href":"https:\/\/roveyayinevi.com.tr\/index.php\/wp-json\/wp\/v2\/product\/692671","targetHints":{"allow":["GET"]}}],"collection":[{"href":"https:\/\/roveyayinevi.com.tr\/index.php\/wp-json\/wp\/v2\/product"}],"about":[{"href":"https:\/\/roveyayinevi.com.tr\/index.php\/wp-json\/wp\/v2\/types\/product"}],"wp:attachment":[{"href":"https:\/\/roveyayinevi.com.tr\/index.php\/wp-json\/wp\/v2\/media?parent=692671"}],"wp:term":[{"taxonomy":"product_brand","embeddable":true,"href":"https:\/\/roveyayinevi.com.tr\/index.php\/wp-json\/wp\/v2\/product_brand?post=692671"},{"taxonomy":"product_cat","embeddable":true,"href":"https:\/\/roveyayinevi.com.tr\/index.php\/wp-json\/wp\/v2\/product_cat?post=692671"},{"taxonomy":"product_tag","embeddable":true,"href":"https:\/\/roveyayinevi.com.tr\/index.php\/wp-json\/wp\/v2\/product_tag?post=692671"}],"curies":[{"name":"wp","href":"https:\/\/api.w.org\/{rel}","templated":true}]}}