{"id":692467,"date":"2025-08-27T14:07:10","date_gmt":"2025-08-27T11:07:10","guid":{"rendered":"https:\/\/roveyayinevi.com.tr\/index.php\/urun\/1920-yili-ve-sol-muhalefet\/"},"modified":"2026-04-16T02:02:32","modified_gmt":"2026-04-15T23:02:32","slug":"1920-yili-ve-sol-muhalefet","status":"publish","type":"product","link":"https:\/\/roveyayinevi.com.tr\/index.php\/urun\/1920-yili-ve-sol-muhalefet\/","title":{"rendered":"1920 Y\u0131l\u0131 ve Sol Muhalefet"},"content":{"rendered":"<p>1920 y\u0131l\u0131, T\u00fcrkiye siyasi tarihinin en \u00f6zg\u00fcn y\u0131llar\u0131ndan biridir. Yeni bir devletin kurulu\u015f s\u00fcrecinde hem Meclis i\u00e7inde hem de d\u0131\u015f\u0131nda kurulan d\u00f6rt sol ve kom\u00fcnist partinin faaliyet g\u00f6sterebildi\u011fi ve ard\u0131ndan kapat\u0131ld\u0131\u011f\u0131 bu ilgin\u00e7 tarihsel dilimde ya\u015fananlar, sonu\u00e7lar\u0131 bak\u0131m\u0131ndan kendisinden sonraki y\u0131llara da sirayet eden bir yakla\u015f\u0131m\u0131n izd\u00fc\u015f\u00fcm\u00fcd\u00fcr. M\u00fcteakip y\u0131llarda Kemalizm&#8217;in \u00e7er\u00e7evesini belirledi\u011fi ideolojik bir iklimde ad\u0131m ad\u0131m \u00f6r\u00fclen; tek parti devri, so\u011fuk sava\u015f y\u0131llar\u0131, askeri darbelerle uygulanmaya \u00e7al\u0131\u015f\u0131lan neoliberal ve antikom\u00fcnist politikalar\u0131 da kapsayan uzun d\u00f6nem ise adeta \u0131\u015f\u0131k dahi s\u0131zd\u0131rmayan bir perde vazifesi g\u00f6rm\u00fc\u015f, T\u00fcrkiye&#8217;nin 1920 ve \u00f6ncesi toplumsal ve siyasal ya\u015fam\u0131 da unutulmaya b\u0131rak\u0131lm\u0131\u015ft\u0131r. 1920 Y\u0131l\u0131 ve Sol Muhalefet, s\u00f6z konusu d\u00f6rt siyasi hareketin belgelerinden yola \u00e7\u0131karak, bu karanl\u0131\u011f\u0131n bir nebze de olsa aralanmas\u0131n\u0131 hedefliyor. Ger\u00e7ekte renkli, devingen ve sorgulayan bir d\u00f6nemi arka plan\u0131ndaki toplumsal dokuyla birlikte ele alarak, kendi tarihsel perspektifi i\u00e7inde sunmay\u0131 ve yeniden tart\u0131\u015f\u0131lmas\u0131na katk\u0131da bulunmay\u0131 ama\u00e7l\u0131yor. T\u00fcrkiye&#8217;nin mevcut sorunlar\u0131n\u0131n, g\u00fcncel tart\u0131\u015fmalar\u0131n ve bug\u00fcn ya\u015fanan sanc\u0131lar\u0131n k\u00f6klerine dair ufuk a\u00e7\u0131c\u0131 bir \u00e7al\u0131\u015fma.<\/p>\n","protected":false},"excerpt":{"rendered":"<p>1920 y\u0131l\u0131, T\u00fcrkiye siyasi tarihinin en \u00f6zg\u00fcn y\u0131llar\u0131ndan biridir. Yeni bir devletin kurulu\u015f s\u00fcrecinde hem Meclis i\u00e7inde hem de d\u0131\u015f\u0131nda kurulan d\u00f6rt sol ve kom\u00fcnist partinin<span class=\"excerpt-hellip\"> [\u2026]<\/span><\/p>\n","protected":false},"featured_media":0,"template":"","meta":{"_monsterinsights_skip_tracking":false,"_monsterinsights_sitenote_active":false,"_monsterinsights_sitenote_note":"","_monsterinsights_sitenote_category":0},"product_brand":[],"product_cat":[13059,12337],"product_tag":[],"class_list":{"0":"post-692467","1":"product","2":"type-product","3":"status-publish","5":"product_cat-diger-politika-siyaset","6":"product_cat-politika-siyaset","7":"pa_cilt-ciltsiz","8":"pa_tur-kitap","9":"pa_yayinevi-sel-yayincilik","10":"pa_yazar-hamit-erdem","12":"first","13":"instock","14":"sale","15":"shipping-taxable","16":"purchasable","17":"product-type-simple"},"_links":{"self":[{"href":"https:\/\/roveyayinevi.com.tr\/index.php\/wp-json\/wp\/v2\/product\/692467","targetHints":{"allow":["GET"]}}],"collection":[{"href":"https:\/\/roveyayinevi.com.tr\/index.php\/wp-json\/wp\/v2\/product"}],"about":[{"href":"https:\/\/roveyayinevi.com.tr\/index.php\/wp-json\/wp\/v2\/types\/product"}],"wp:attachment":[{"href":"https:\/\/roveyayinevi.com.tr\/index.php\/wp-json\/wp\/v2\/media?parent=692467"}],"wp:term":[{"taxonomy":"product_brand","embeddable":true,"href":"https:\/\/roveyayinevi.com.tr\/index.php\/wp-json\/wp\/v2\/product_brand?post=692467"},{"taxonomy":"product_cat","embeddable":true,"href":"https:\/\/roveyayinevi.com.tr\/index.php\/wp-json\/wp\/v2\/product_cat?post=692467"},{"taxonomy":"product_tag","embeddable":true,"href":"https:\/\/roveyayinevi.com.tr\/index.php\/wp-json\/wp\/v2\/product_tag?post=692467"}],"curies":[{"name":"wp","href":"https:\/\/api.w.org\/{rel}","templated":true}]}}