{"id":692436,"date":"2025-08-27T14:07:04","date_gmt":"2025-08-27T11:07:04","guid":{"rendered":"https:\/\/roveyayinevi.com.tr\/index.php\/urun\/entelektuel-tekele-karsi\/"},"modified":"2026-04-16T02:02:31","modified_gmt":"2026-04-15T23:02:31","slug":"entelektuel-tekele-karsi","status":"publish","type":"product","link":"https:\/\/roveyayinevi.com.tr\/index.php\/urun\/entelektuel-tekele-karsi\/","title":{"rendered":"Entelekt\u00fcel Tekele Kar\u015f\u0131"},"content":{"rendered":"<p>Fikrin m\u00fclkiyeti olur mu? \u0130nsano\u011fluna \u00f6zg\u00fc entelekt\u00fcel kapasite, y\u0131ldan y\u0131la yayg\u0131n bir \u00f6zelle\u015ftirmeyle tehlike alt\u0131na giriyor:   Fikri m\u00fclkiyet   ki\u015filerin ve kurumlar\u0131n tekeli alt\u0131na al\u0131n\u0131yor. Sanat eserlerinin kopyalar\u0131n\u0131 payla\u015fanlar   korsanl\u0131kla   su\u00e7lan\u0131rken, ila\u00e7lar\u0131n patentlenmesi bunlara ula\u015f\u0131m\u0131 g\u00fc\u00e7le\u015ftiriyor; bitki tohumlar\u0131na ve hatta insan\u0131n DNA par\u00e7ac\u0131klar\u0131na bile telif ve patent korumalar\u0131 getiriliyor. \u0130nsan \u00fcretimi ve ara\u015ft\u0131rmas\u0131n\u0131n entelekt\u00fcel tekel alt\u0131nda toplanmas\u0131n\u0131n bahanesi olarak da, bu bulu\u015f ve \u00fcr\u00fcnlerin mucitleri, inovat\u00f6rleri ve \u00fcreticilerinin yarat\u0131m \u00e7abalar\u0131n\u0131n te\u015fvik edilmesi ve korunmas\u0131 gerekti\u011fi g\u00f6steriliyor. <\/p>\n","protected":false},"excerpt":{"rendered":"<p>Fikrin m\u00fclkiyeti olur mu? \u0130nsano\u011fluna \u00f6zg\u00fc entelekt\u00fcel kapasite, y\u0131ldan y\u0131la yayg\u0131n bir \u00f6zelle\u015ftirmeyle tehlike alt\u0131na giriyor: Fikri m\u00fclkiyet ki\u015filerin ve kurumlar\u0131n tekeli alt\u0131na al\u0131n\u0131yor. Sanat eserlerinin<span class=\"excerpt-hellip\"> [\u2026]<\/span><\/p>\n","protected":false},"featured_media":0,"template":"","meta":{"_monsterinsights_skip_tracking":false,"_monsterinsights_sitenote_active":false,"_monsterinsights_sitenote_note":"","_monsterinsights_sitenote_category":0},"product_brand":[],"product_cat":[12351,12324],"product_tag":[],"class_list":{"0":"post-692436","1":"product","2":"type-product","3":"status-publish","5":"product_cat-siyaset-sosyolojisi","6":"product_cat-sosyoloji","7":"pa_tur-kitap","8":"pa_yayinevi-sel-yayincilik","9":"pa_yazar-michele-boldrin","11":"first","12":"instock","13":"sale","14":"shipping-taxable","15":"purchasable","16":"product-type-simple"},"_links":{"self":[{"href":"https:\/\/roveyayinevi.com.tr\/index.php\/wp-json\/wp\/v2\/product\/692436","targetHints":{"allow":["GET"]}}],"collection":[{"href":"https:\/\/roveyayinevi.com.tr\/index.php\/wp-json\/wp\/v2\/product"}],"about":[{"href":"https:\/\/roveyayinevi.com.tr\/index.php\/wp-json\/wp\/v2\/types\/product"}],"wp:attachment":[{"href":"https:\/\/roveyayinevi.com.tr\/index.php\/wp-json\/wp\/v2\/media?parent=692436"}],"wp:term":[{"taxonomy":"product_brand","embeddable":true,"href":"https:\/\/roveyayinevi.com.tr\/index.php\/wp-json\/wp\/v2\/product_brand?post=692436"},{"taxonomy":"product_cat","embeddable":true,"href":"https:\/\/roveyayinevi.com.tr\/index.php\/wp-json\/wp\/v2\/product_cat?post=692436"},{"taxonomy":"product_tag","embeddable":true,"href":"https:\/\/roveyayinevi.com.tr\/index.php\/wp-json\/wp\/v2\/product_tag?post=692436"}],"curies":[{"name":"wp","href":"https:\/\/api.w.org\/{rel}","templated":true}]}}