{"id":692401,"date":"2025-08-27T14:06:19","date_gmt":"2025-08-27T11:06:19","guid":{"rendered":"https:\/\/roveyayinevi.com.tr\/index.php\/urun\/grimm-masallari-cilt-1\/"},"modified":"2026-04-16T02:02:30","modified_gmt":"2026-04-15T23:02:30","slug":"grimm-masallari-cilt-1","status":"publish","type":"product","link":"https:\/\/roveyayinevi.com.tr\/index.php\/urun\/grimm-masallari-cilt-1\/","title":{"rendered":"Grimm Masallar\u0131 Cilt: 1"},"content":{"rendered":"<p>Grimm Karde\u015fler olarak da bilinen Jakob Grimm (1785-1863) ve Wilhelm Grimm (1786-1859) taraf\u0131ndan derlenen masallar Alman edebiyat\u0131n\u0131n en \u00f6nemli eserlerinden biridir. K\u00fclkedisi, Parmak \u00c7ocuk ve Cesur Terzi gibi d\u00fcnya \u00e7ap\u0131nda \u00fcn salm\u0131\u015f ve g\u00fcn\u00fcm\u00fczde hemen her \u00e7ocu\u011fun dinleyerek b\u00fcy\u00fcd\u00fc\u011f\u00fc bu masallar asl\u0131nda Alman halk\u0131n\u0131n gelenek ve g\u00f6reneklerinin temelini olu\u015fturan hakikati i\u00e7eren tarihi belge niteli\u011fi ta\u015f\u0131d\u0131\u011f\u0131 d\u00fc\u015f\u00fcn\u00fclerek derlenmi\u015f ve Alman halk\u0131na sunulmu\u015ftur. Ba\u015flang\u0131\u00e7ta Grimm Karde\u015fler\u2019e s\u00f6zel olarak anlat\u0131lan ve Karde\u015fler taraf\u0131ndan daha sonra yay\u0131ma haz\u0131rlanan Masallar ilk bask\u0131s\u0131ndan itibaren \u00e7e\u015fitli de\u011fi\u015fimlere u\u011fram\u0131\u015ft\u0131r. Yay\u0131nevi olarak sad\u0131k kalmay\u0131 tercih etti\u011fimiz 1857 y\u0131l\u0131ndaki 7. bask\u0131da yer alan bu 211 masal, Karde\u015fler\u2019in edebi ve ahlaki m\u00fcdahalelerine ra\u011fmen \u015fiddet ve vah\u015fet i\u00e7ermeyi s\u00fcrd\u00fcrmektedir. Bas\u0131ld\u0131\u011f\u0131 tarihten bu yana Masallar farkl\u0131 \u00e7evreler taraf\u0131ndan inceleme konusu olmu\u015ftur: Halkbilimciler masallar\u0131 Alman halk\u0131n\u0131n gelenek ve g\u00f6reneklerinin anlat\u0131ld\u0131\u011f\u0131 otantik metinler olarak ele alm\u0131\u015f ve i\u00e7erdikleri hem s\u00f6zel hem de edebi gelene\u011fi inceleyerek Alman masallar\u0131na \u00f6zg\u00fc olan nitelikleri ortaya koymaya \u00e7al\u0131\u015fm\u0131\u015flard\u0131r. Masallar\u0131n bar\u0131nd\u0131rd\u0131klar\u0131 ahlaki \u00f6\u011feleri konu edinen e\u011fitimciler ise masallardan \u00e7\u0131kar\u0131lacak dersler \u00fczerinden \u00e7ocuklara istenilen davran\u0131\u015flar\u0131 kazand\u0131rmay\u0131 ve belirli bir toplumsal ahlaki a\u015f\u0131lamay\u0131 hedeflemi\u015flerdir. Bir yandan d\u00f6nemin sosyopolitik yap\u0131s\u0131 \u00fczerine ipu\u00e7lar\u0131n\u0131 arayan sosyolog ve tarih\u00e7iler bir yandan da kullan\u0131lan \u00fcsl\u00fbp ve estetik \u00f6\u011felerle ilgilenen edebiyat\u00e7\u0131lar masallar \u00fczerinden XIX. y\u00fczy\u0131la farkl\u0131 bir yerden \u0131\u015f\u0131k tutmaya \u00e7al\u0131\u015fm\u0131\u015flard\u0131r. Dil ve sembolik d\u00fcnya hakk\u0131nda \u00e7\u00f6z\u00fcmlemeler yapan psikanalistler i\u00e7inse masallarda yer alan sembollerin neye dair olduklar\u0131 ve ne i\u00e7in kullan\u0131ld\u0131klar\u0131 b\u00fcy\u00fck bir \u00f6nem ta\u015f\u0131r. Grimm Masallar\u0131\u2019n\u0131n T\u00fcrk\u00e7ede ilk kez yay\u0131mlanan bu eksiksiz ve sans\u00fcrs\u00fcz bask\u0131s\u0131 Bir varm\u0131\u015f, bir yokmu\u015f varolmayan bir d\u00fcnyaya de\u011fil, tam tersine varolan d\u00fcnyaya a\u00e7\u0131lan bir kap\u0131d\u0131r ve bu kap\u0131dan ancak bu dili okumay\u0131 \u00f6\u011frenerek ge\u00e7ilebilir. \ufffcTan\u0131t\u0131m Metni<\/p>\n","protected":false},"excerpt":{"rendered":"<p>Grimm Karde\u015fler olarak da bilinen Jakob Grimm (1785-1863) ve Wilhelm Grimm (1786-1859) taraf\u0131ndan derlenen masallar Alman edebiyat\u0131n\u0131n en \u00f6nemli eserlerinden biridir. K\u00fclkedisi, Parmak \u00c7ocuk ve Cesur<span class=\"excerpt-hellip\"> [\u2026]<\/span><\/p>\n","protected":false},"featured_media":0,"template":"","meta":{"_monsterinsights_skip_tracking":false,"_monsterinsights_sitenote_active":false,"_monsterinsights_sitenote_note":"","_monsterinsights_sitenote_category":0},"product_brand":[],"product_cat":[12782,12291],"product_tag":[],"class_list":{"0":"post-692401","1":"product","2":"type-product","3":"status-publish","5":"product_cat-alman-edebiyati","6":"product_cat-edebiyat","7":"pa_tur-kitap","8":"pa_yayinevi-pinhan-yayincilik","9":"pa_yazar-grimm-kardesler","11":"first","12":"instock","13":"sale","14":"shipping-taxable","15":"purchasable","16":"product-type-simple"},"_links":{"self":[{"href":"https:\/\/roveyayinevi.com.tr\/index.php\/wp-json\/wp\/v2\/product\/692401","targetHints":{"allow":["GET"]}}],"collection":[{"href":"https:\/\/roveyayinevi.com.tr\/index.php\/wp-json\/wp\/v2\/product"}],"about":[{"href":"https:\/\/roveyayinevi.com.tr\/index.php\/wp-json\/wp\/v2\/types\/product"}],"wp:attachment":[{"href":"https:\/\/roveyayinevi.com.tr\/index.php\/wp-json\/wp\/v2\/media?parent=692401"}],"wp:term":[{"taxonomy":"product_brand","embeddable":true,"href":"https:\/\/roveyayinevi.com.tr\/index.php\/wp-json\/wp\/v2\/product_brand?post=692401"},{"taxonomy":"product_cat","embeddable":true,"href":"https:\/\/roveyayinevi.com.tr\/index.php\/wp-json\/wp\/v2\/product_cat?post=692401"},{"taxonomy":"product_tag","embeddable":true,"href":"https:\/\/roveyayinevi.com.tr\/index.php\/wp-json\/wp\/v2\/product_tag?post=692401"}],"curies":[{"name":"wp","href":"https:\/\/api.w.org\/{rel}","templated":true}]}}