{"id":692349,"date":"2025-08-27T14:06:08","date_gmt":"2025-08-27T11:06:08","guid":{"rendered":"https:\/\/roveyayinevi.com.tr\/index.php\/urun\/foucaultnun-yontemlerini-kullanmak\/"},"modified":"2026-04-16T02:02:29","modified_gmt":"2026-04-15T23:02:29","slug":"foucaultnun-yontemlerini-kullanmak","status":"publish","type":"product","link":"https:\/\/roveyayinevi.com.tr\/index.php\/urun\/foucaultnun-yontemlerini-kullanmak\/","title":{"rendered":"Foucault&#8217;nun Y\u00f6ntemlerini Kullanmak"},"content":{"rendered":"<p>Sosyal bilimler d\u00fcnyas\u0131nda ve entelekt\u00fcel camiada Foucault\u2019nun son y\u0131llarda ne kadar temel bir fig\u00fcre d\u00f6n\u00fc\u015ft\u00fc\u011f\u00fcnden bahsetmeye gerek yok. Ancak son y\u0131llarda ger\u00e7ekle\u015fen bu Foucault patlamas\u0131n\u0131n beraberinde bazen \u00fcretken de olsalar pek \u00e7ok yayg\u0131n yanl\u0131\u015f anlama, yanl\u0131\u015f uygulama ve kafa kar\u0131\u015f\u0131kl\u0131\u011f\u0131 ortaya \u00e7\u0131kard\u0131\u011f\u0131 da a\u00e7\u0131k. \u015eayet Foucault\u2019nun eserleri okuyucular ve onun yakla\u015f\u0131m\u0131ndan yararlanmak isteyenler i\u00e7in belli zorluklar bar\u0131nd\u0131r\u0131yor. Bu kitap Foucault\u2019nun y\u00f6ntemlerine kolay, anla\u015f\u0131labilir bir giri\u015f sunarak bu zorluklar\u0131n \u00fcstesinden gelmeye \u00e7al\u0131\u015f\u0131yor. Foucault\u2019nun nas\u0131l okunaca\u011f\u0131ndan ziyade nas\u0131l uygulanaca\u011f\u0131n\u0131 oda\u011fa alarak al\u0131\u015ft\u0131rmalarla ve \u00f6rneklerle Foucault\u2019nun y\u00f6ntemlerini kendi ara\u015ft\u0131rma konular\u0131na uyarlamak isteyenlere bir rehber olmay\u0131 ama\u00e7l\u0131yor. Kitap ayn\u0131 zamanda Foucault\u2019nun yakla\u015f\u0131m\u0131yla baz\u0131 metodolojik ortakl\u0131klar bar\u0131nd\u0131ran Bruno Latour\u2019un ve daha genel olarak bilim \u00e7al\u0131\u015fmalar\u0131n\u0131n yakla\u015f\u0131m\u0131na da \u00f6nemli bir yer veriyor. Sosyal bilimlerde \u00e7\u0131\u011f\u0131r a\u00e7an bu yakla\u015f\u0131m\u0131 merak edenler ve uygulamak isteyenler i\u00e7in de kitap bu y\u00fczden olduk\u00e7a faydal\u0131. \ufffcTan\u0131t\u0131m Metni<\/p>\n","protected":false},"excerpt":{"rendered":"<p>Sosyal bilimler d\u00fcnyas\u0131nda ve entelekt\u00fcel camiada Foucault\u2019nun son y\u0131llarda ne kadar temel bir fig\u00fcre d\u00f6n\u00fc\u015ft\u00fc\u011f\u00fcnden bahsetmeye gerek yok. Ancak son y\u0131llarda ger\u00e7ekle\u015fen bu Foucault patlamas\u0131n\u0131n beraberinde<span class=\"excerpt-hellip\"> [\u2026]<\/span><\/p>\n","protected":false},"featured_media":0,"template":"","meta":{"_monsterinsights_skip_tracking":false,"_monsterinsights_sitenote_active":false,"_monsterinsights_sitenote_note":"","_monsterinsights_sitenote_category":0},"product_brand":[],"product_cat":[12389,12388],"product_tag":[],"class_list":{"0":"post-692349","1":"product","2":"type-product","3":"status-publish","5":"product_cat-diger-felsefe","6":"product_cat-felsefe","7":"pa_tur-kitap","8":"pa_yayinevi-islik-yayinlari","9":"pa_yazar-gavin-kendall","11":"first","12":"instock","13":"sale","14":"shipping-taxable","15":"purchasable","16":"product-type-simple"},"_links":{"self":[{"href":"https:\/\/roveyayinevi.com.tr\/index.php\/wp-json\/wp\/v2\/product\/692349","targetHints":{"allow":["GET"]}}],"collection":[{"href":"https:\/\/roveyayinevi.com.tr\/index.php\/wp-json\/wp\/v2\/product"}],"about":[{"href":"https:\/\/roveyayinevi.com.tr\/index.php\/wp-json\/wp\/v2\/types\/product"}],"wp:attachment":[{"href":"https:\/\/roveyayinevi.com.tr\/index.php\/wp-json\/wp\/v2\/media?parent=692349"}],"wp:term":[{"taxonomy":"product_brand","embeddable":true,"href":"https:\/\/roveyayinevi.com.tr\/index.php\/wp-json\/wp\/v2\/product_brand?post=692349"},{"taxonomy":"product_cat","embeddable":true,"href":"https:\/\/roveyayinevi.com.tr\/index.php\/wp-json\/wp\/v2\/product_cat?post=692349"},{"taxonomy":"product_tag","embeddable":true,"href":"https:\/\/roveyayinevi.com.tr\/index.php\/wp-json\/wp\/v2\/product_tag?post=692349"}],"curies":[{"name":"wp","href":"https:\/\/api.w.org\/{rel}","templated":true}]}}