{"id":692310,"date":"2025-08-27T14:06:01","date_gmt":"2025-08-27T11:06:01","guid":{"rendered":"https:\/\/roveyayinevi.com.tr\/index.php\/urun\/ilk-ve-ortaokullarda-turkce-oretimi\/"},"modified":"2026-04-16T02:02:14","modified_gmt":"2026-04-15T23:02:14","slug":"ilk-ve-ortaokullarda-turkce-oretimi","status":"publish","type":"product","link":"https:\/\/roveyayinevi.com.tr\/index.php\/urun\/ilk-ve-ortaokullarda-turkce-oretimi\/","title":{"rendered":"\u0130lk ve Ortaokullarda T\u00fcrk\u00e7e \u00d6retimi"},"content":{"rendered":"<p>T\u00fcrk\u00e7e \u00f6\u011fretimi alan\u0131nda; \u00f6\u011fretmen, \u00f6\u011frenci ya da kurumlar baz\u0131nda \u00e7e\u015fitli sorunlar ya\u015fand\u0131\u011f\u0131 bilinmektedir. Bu sorunlar alana ili\u015fkin kongrelerde, konferanslarda, makalelerde vb. dile getirilmektedir. Ancak son y\u0131llarda \u00e7e\u015fitli nedenlerden dolay\u0131 \u00fclkemize y\u00f6nelmi\u015f olan uluslararas\u0131 g\u00f6\u00e7 dalgas\u0131 T\u00fcrk\u00e7e \u00f6\u011fretiminde ya\u015fanan sorunlara yeni bir boyut daha eklenmesine neden olmu\u015ftur. \u00c7ok farkl\u0131 ya\u015f gruplar\u0131ndan gelen, farkl\u0131 e\u011fitim d\u00fczeylerinde olan bu insanlara T\u00fcrk\u00e7e&#8217;nin nas\u0131l ve ne kadar \u00f6\u011fretilece\u011fi gibi sorular yan\u0131t beklemektedir. Her ne kadar bu durumun ge\u00e7ici bir s\u00fcre\u00e7 oldu\u011fu d\u00fc\u015f\u00fcn\u00fclse de T\u00fcrk\u00e7eye ve T\u00fcrk\u00e7enin \u00f6\u011fretimine uzun vadede -olumlu ya da olumsuz- etkiler yapabilece\u011fi g\u00f6z ard\u0131 edilmemelidir. Bu kitapta, g\u00f6\u00e7le gelen ya da ana dili T\u00fcrk\u00e7e olmayan \u00f6\u011frencilerin dil e\u011fitiminde kar\u015f\u0131la\u015f\u0131lan sorunlar\u0131n \u00e7\u00f6z\u00fcm\u00fcne ili\u015fkin \u00f6nerilere belli \u00f6l\u00e7\u00fcde de olsa yer verilmi\u015ftir. Konunun kapsam\u0131na y\u00f6nelik olarak geni\u015f \u00e7apl\u0131 ara\u015ft\u0131rmalar\u0131n yap\u0131lmas\u0131 ve T\u00fcrk\u00e7enin sa\u011flam yap\u0131s\u0131n\u0131n durumdan etkilenmemesi noktas\u0131nda MEB ve \u00dcniversitelerin i\u015fbirli\u011fi i\u00e7inde ad\u0131mlar atmas\u0131 temenni edilmektedir. <\/p>\n","protected":false},"excerpt":{"rendered":"<p>T\u00fcrk\u00e7e \u00f6\u011fretimi alan\u0131nda; \u00f6\u011fretmen, \u00f6\u011frenci ya da kurumlar baz\u0131nda \u00e7e\u015fitli sorunlar ya\u015fand\u0131\u011f\u0131 bilinmektedir. Bu sorunlar alana ili\u015fkin kongrelerde, konferanslarda, makalelerde vb. dile getirilmektedir. Ancak son y\u0131llarda<span class=\"excerpt-hellip\"> [\u2026]<\/span><\/p>\n","protected":false},"featured_media":0,"template":"","meta":{"_monsterinsights_skip_tracking":false,"_monsterinsights_sitenote_active":false,"_monsterinsights_sitenote_note":"","_monsterinsights_sitenote_category":0},"product_brand":[],"product_cat":[12312,12304],"product_tag":[],"class_list":{"0":"post-692310","1":"product","2":"type-product","3":"status-publish","5":"product_cat-diger","6":"product_cat-tarih","7":"pa_cilt-ciltsiz","8":"pa_tur-kitap","9":"pa_yayinevi-ani-yayincilik","10":"pa_yazar-fatma-susar-kirmizi","12":"first","13":"instock","14":"sale","15":"shipping-taxable","16":"purchasable","17":"product-type-simple"},"_links":{"self":[{"href":"https:\/\/roveyayinevi.com.tr\/index.php\/wp-json\/wp\/v2\/product\/692310","targetHints":{"allow":["GET"]}}],"collection":[{"href":"https:\/\/roveyayinevi.com.tr\/index.php\/wp-json\/wp\/v2\/product"}],"about":[{"href":"https:\/\/roveyayinevi.com.tr\/index.php\/wp-json\/wp\/v2\/types\/product"}],"wp:attachment":[{"href":"https:\/\/roveyayinevi.com.tr\/index.php\/wp-json\/wp\/v2\/media?parent=692310"}],"wp:term":[{"taxonomy":"product_brand","embeddable":true,"href":"https:\/\/roveyayinevi.com.tr\/index.php\/wp-json\/wp\/v2\/product_brand?post=692310"},{"taxonomy":"product_cat","embeddable":true,"href":"https:\/\/roveyayinevi.com.tr\/index.php\/wp-json\/wp\/v2\/product_cat?post=692310"},{"taxonomy":"product_tag","embeddable":true,"href":"https:\/\/roveyayinevi.com.tr\/index.php\/wp-json\/wp\/v2\/product_tag?post=692310"}],"curies":[{"name":"wp","href":"https:\/\/api.w.org\/{rel}","templated":true}]}}