{"id":692293,"date":"2025-08-27T14:05:57","date_gmt":"2025-08-27T11:05:57","guid":{"rendered":"https:\/\/roveyayinevi.com.tr\/index.php\/urun\/delilige-ovgu-2\/"},"modified":"2026-04-16T02:02:13","modified_gmt":"2026-04-15T23:02:13","slug":"delilige-ovgu-2","status":"publish","type":"product","link":"https:\/\/roveyayinevi.com.tr\/index.php\/urun\/delilige-ovgu-2\/","title":{"rendered":"Delili\u011fe \u00d6vg\u00fc"},"content":{"rendered":"<p>Desiderius Erasmus (1469-1536): Yeni Ahit\u2019in ilk edit\u00f6r\u00fc, ilahiyat edebiyat\u0131n\u0131n \u00f6nde gelenlerinden ve Kuzey Avrupa R\u00f6nesans\u0131\u2019n\u0131n en \u00f6nemli h\u00fcmanistlerinden olan Erasmus, filolojik y\u00f6ntemleri kullanarak tarihsel-ele\u015ftirel ge\u00e7mi\u015f ara\u015ft\u0131rmalar\u0131n\u0131n temelini att\u0131. E\u011fitim alan\u0131ndaki yaz\u0131lar\u0131 klasiklere eski dini m\u00fcfredat yerine h\u00fcmanist bir bak\u0131\u015f a\u00e7\u0131s\u0131yla y\u00f6nelinmesine katk\u0131da bulundu. Kilisenin g\u00fcc\u00fcn\u00fcn k\u00f6t\u00fcye kullan\u0131lmas\u0131n\u0131 ele\u015ftirirken y\u00fckselen reform taleplerini te\u015fvik etti. Bu tutumu hem Protestan Reformu\u2019nda hem de Katolik Kar\u015f\u0131 Reformu\u2019nda ses buldu. Luther\u2019in doktrinini ve papal\u0131\u011f\u0131n sahip oldu\u011funu iddia etti\u011fi g\u00fc\u00e7leri reddeden ba\u011f\u0131ms\u0131z duru\u015fu nedeniyle her iki taraf\u0131n hedefi haline geldi. \u0130ngiltere\u2019ye giderken tasarlad\u0131\u011f\u0131 ve Thomas More\u2019un evinde yazd\u0131\u011f\u0131 Delili\u011fe \u00d6vg\u00fc ile d\u00f6nemin entelekt\u00fcellerini ele\u015ftirdi, \u00f6\u011fretmenler, papazlar, ilahiyat\u00e7\u0131lar, filozoflar, t\u00fcccarlar, avukatlar, h\u00fck\u00fcmdarlar, azizler ve kendini zeki sayan herkesi alayc\u0131 bir dille yerdi.<\/p>\n","protected":false},"excerpt":{"rendered":"<p>Desiderius Erasmus (1469-1536): Yeni Ahit\u2019in ilk edit\u00f6r\u00fc, ilahiyat edebiyat\u0131n\u0131n \u00f6nde gelenlerinden ve Kuzey Avrupa R\u00f6nesans\u0131\u2019n\u0131n en \u00f6nemli h\u00fcmanistlerinden olan Erasmus, filolojik y\u00f6ntemleri kullanarak tarihsel-ele\u015ftirel ge\u00e7mi\u015f ara\u015ft\u0131rmalar\u0131n\u0131n<span class=\"excerpt-hellip\"> [\u2026]<\/span><\/p>\n","protected":false},"featured_media":0,"template":"","meta":{"_monsterinsights_skip_tracking":false,"_monsterinsights_sitenote_active":false,"_monsterinsights_sitenote_note":"","_monsterinsights_sitenote_category":0},"product_brand":[],"product_cat":[12389,12388],"product_tag":[],"class_list":{"0":"post-692293","1":"product","2":"type-product","3":"status-publish","5":"product_cat-diger-felsefe","6":"product_cat-felsefe","7":"pa_cilt-ciltsiz","8":"pa_tur-kitap","9":"pa_yayinevi-is-bankasi-kultur-yayinlari","10":"pa_yazar-desiderius-erasmus","12":"first","13":"instock","14":"sale","15":"shipping-taxable","16":"purchasable","17":"product-type-simple"},"_links":{"self":[{"href":"https:\/\/roveyayinevi.com.tr\/index.php\/wp-json\/wp\/v2\/product\/692293","targetHints":{"allow":["GET"]}}],"collection":[{"href":"https:\/\/roveyayinevi.com.tr\/index.php\/wp-json\/wp\/v2\/product"}],"about":[{"href":"https:\/\/roveyayinevi.com.tr\/index.php\/wp-json\/wp\/v2\/types\/product"}],"wp:attachment":[{"href":"https:\/\/roveyayinevi.com.tr\/index.php\/wp-json\/wp\/v2\/media?parent=692293"}],"wp:term":[{"taxonomy":"product_brand","embeddable":true,"href":"https:\/\/roveyayinevi.com.tr\/index.php\/wp-json\/wp\/v2\/product_brand?post=692293"},{"taxonomy":"product_cat","embeddable":true,"href":"https:\/\/roveyayinevi.com.tr\/index.php\/wp-json\/wp\/v2\/product_cat?post=692293"},{"taxonomy":"product_tag","embeddable":true,"href":"https:\/\/roveyayinevi.com.tr\/index.php\/wp-json\/wp\/v2\/product_tag?post=692293"}],"curies":[{"name":"wp","href":"https:\/\/api.w.org\/{rel}","templated":true}]}}