{"id":692211,"date":"2025-08-27T14:04:55","date_gmt":"2025-08-27T11:04:55","guid":{"rendered":"https:\/\/roveyayinevi.com.tr\/index.php\/urun\/osmanlidan-21-yuzyila-ekonomik-kulturel-ve-devlet-felsefesine-ait-degismeler\/"},"modified":"2026-04-16T02:02:11","modified_gmt":"2026-04-15T23:02:11","slug":"osmanlidan-21-yuzyila-ekonomik-kulturel-ve-devlet-felsefesine-ait-degismeler","status":"publish","type":"product","link":"https:\/\/roveyayinevi.com.tr\/index.php\/urun\/osmanlidan-21-yuzyila-ekonomik-kulturel-ve-devlet-felsefesine-ait-degismeler\/","title":{"rendered":"Osmanl\u0131\u2019dan 21. Y\u00fczy\u0131la Ekonomik, K\u00fclt\u00fcrel Ve Devlet Felsefesine Ait De\u011fi\u015fmeler"},"content":{"rendered":"<p>Tesbih taneleri gibi birbirinden ba\u011f\u0131ms\u0131z g\u00f6r\u00fcnen fakat ip ve imameyle birbirine ba\u011flanan yaz\u0131lardan olu\u015fan bir derleme. Osmanl\u0131&#8217;dan Cumhuriyet&#8217;e intikal eden ekonomik, k\u00fclt\u00fcrel ve devlet felsefesine ait mirastaki de\u011fi\u015fmeler muhtelif konu ba\u015fl\u0131klar\u0131 i\u00e7erisinde incelenir. Halk &#8211; devlet etkile\u015fimi farkl\u0131 boyutlar\u0131yla mercek alt\u0131na al\u0131n\u0131r. De\u011fi\u015fmeler kurumlar \u00fczerinden ortaya \u00e7\u0131kan g\u00f6r\u00fcnt\u00fcleriyle anlat\u0131l\u0131r. Yazara g\u00f6re kadim Osmanl\u0131 ekonomik nizam\u0131n\u0131n ruhu &#8216;ilm-i tedb\u00eer-i devlet&#8217; olarak s\u00fcrd\u00fcr\u00fclm\u00fc\u015ft\u00fcr. &#8220;Devlet\u00e7ilik&#8221; bundan \u00e7ok farkl\u0131 manalara sahiptir. Cumhuriyet&#8217;le birlikte ve g\u00fc\u00e7l\u00fc bir d\u0131\u015f \u00e2lem bask\u0131s\u0131 sebebiyle ekonominin rasyonel bir iktisad\u00ee merkezle tamla\u015fmas\u0131 zarureti ortaya \u00e7\u0131km\u0131\u015ft\u0131r. De\u011fi\u015fim elbette birdenbire olmam\u0131\u015f ve \u00e7e\u015fitli a\u015famalarla tezah\u00fcr etmi\u015ftir. Bu de\u011fi\u015fimlerin sebepleri ve muhtemel sonu\u00e7lar\u0131 eserde etrafl\u0131ca izah edilmi\u015ftir.<\/p>\n","protected":false},"excerpt":{"rendered":"<p>Tesbih taneleri gibi birbirinden ba\u011f\u0131ms\u0131z g\u00f6r\u00fcnen fakat ip ve imameyle birbirine ba\u011flanan yaz\u0131lardan olu\u015fan bir derleme. Osmanl\u0131&#8217;dan Cumhuriyet&#8217;e intikal eden ekonomik, k\u00fclt\u00fcrel ve devlet felsefesine ait<span class=\"excerpt-hellip\"> [\u2026]<\/span><\/p>\n","protected":false},"featured_media":0,"template":"","meta":{"_monsterinsights_skip_tracking":false,"_monsterinsights_sitenote_active":false,"_monsterinsights_sitenote_note":"","_monsterinsights_sitenote_category":0},"product_brand":[],"product_cat":[12305,12304],"product_tag":[],"class_list":{"0":"post-692211","1":"product","2":"type-product","3":"status-publish","5":"product_cat-dunya-tarihi","6":"product_cat-tarih","7":"pa_cilt-ciltsiz","8":"pa_tur-kitap","9":"pa_yayinevi-otuken-nesriyat","10":"pa_yazar-ahmed-guner-sayar","12":"first","13":"instock","14":"sale","15":"shipping-taxable","16":"purchasable","17":"product-type-simple"},"_links":{"self":[{"href":"https:\/\/roveyayinevi.com.tr\/index.php\/wp-json\/wp\/v2\/product\/692211","targetHints":{"allow":["GET"]}}],"collection":[{"href":"https:\/\/roveyayinevi.com.tr\/index.php\/wp-json\/wp\/v2\/product"}],"about":[{"href":"https:\/\/roveyayinevi.com.tr\/index.php\/wp-json\/wp\/v2\/types\/product"}],"wp:attachment":[{"href":"https:\/\/roveyayinevi.com.tr\/index.php\/wp-json\/wp\/v2\/media?parent=692211"}],"wp:term":[{"taxonomy":"product_brand","embeddable":true,"href":"https:\/\/roveyayinevi.com.tr\/index.php\/wp-json\/wp\/v2\/product_brand?post=692211"},{"taxonomy":"product_cat","embeddable":true,"href":"https:\/\/roveyayinevi.com.tr\/index.php\/wp-json\/wp\/v2\/product_cat?post=692211"},{"taxonomy":"product_tag","embeddable":true,"href":"https:\/\/roveyayinevi.com.tr\/index.php\/wp-json\/wp\/v2\/product_tag?post=692211"}],"curies":[{"name":"wp","href":"https:\/\/api.w.org\/{rel}","templated":true}]}}