{"id":692186,"date":"2025-08-27T14:04:50","date_gmt":"2025-08-27T11:04:50","guid":{"rendered":"https:\/\/roveyayinevi.com.tr\/index.php\/urun\/alman-vakiflari\/"},"modified":"2026-04-16T02:02:11","modified_gmt":"2026-04-15T23:02:11","slug":"alman-vakiflari","status":"publish","type":"product","link":"https:\/\/roveyayinevi.com.tr\/index.php\/urun\/alman-vakiflari\/","title":{"rendered":"Alman Vak\u0131flar\u0131"},"content":{"rendered":"<p>Bir Cumhuriyet Tarih\u00e7isi olarak, AB \u00fclkelerinin neden Bergama\u2019daki alt\u0131n \u00fcretimiyle ilgilendiklerini, Avrupa Parlamentosu\u2019nun s\u00f6z konusu karar\u0131n\u0131 \u00f6\u011frendikten sonra ara\u015ft\u0131rmaya ba\u015flad\u0131m. Ve uzun bir ara\u015ft\u0131rma d\u00f6nemi sonras\u0131nda bu karar\u0131n arkas\u0131ndaki \u00fclke ortaya \u00e7\u0131kt\u0131: Almanya! Sonra, Bergama\u2019da, Havran\u2019da, Sivrihisar\u2019da, U\u015fak\u2019ta ve daha pek \u00e7ok alt\u0131n yata\u011f\u0131na sahip yerle\u015fim merkezinde, alt\u0131n \u00fcretimine kar\u015f\u0131 b\u00f6lge insanlar\u0131n\u0131 k\u0131\u015fk\u0131rtan, \u00f6rg\u00fctleyen, \u00e7evreci kurulu\u015flara dezenformasyon hizmeti sunan Alman vak\u0131flar\u0131 ve \u00f6rg\u00fctleri ile kar\u015f\u0131la\u015fmak hi\u00e7 \u015fa\u015f\u0131rt\u0131c\u0131 gelmedi. Necip Hablemito\u011flu   Yazd\u0131\u011f\u0131 kitaplarla kendisini hedef tahtas\u0131 yapan ve maalesef Aral\u0131k 2002\u2019de \u201cfaili me\u00e7hul\u201d bir cinayete kurban giden de\u011ferli ara\u015ft\u0131rmac\u0131, Cumhuriyet Tarih\u00e7isi Dr. Necip Hablemito\u011flu bu kitab\u0131nda Alman vakf\u0131lar\u0131n\u0131n T\u00fcrkiye\u2019deki faaliyetlerine, yap\u0131s\u0131na ve ba\u011flant\u0131lar\u0131na mercek tutuyor. Bu vak\u0131flar\u0131 Bergama\u2019da alt\u0131n madeni i\u015fletilmesinin \u00f6n\u00fcne ge\u00e7meye iten dinamikleri inceliyor. S\u00f6z konusu vak\u0131flarla i\u015fbirli\u011fi yapan T\u00fcrk ayd\u0131nlar\u0131n\u0131n tutumunu ele\u015ftiriyor ve bu ki\u015filerin eylemlerinin ne t\u00fcr ama\u00e7lara hizmet etti\u011fini g\u00f6zler \u00f6n\u00fcne seriyor. Sivil Toplum Kurulu\u015flar\u0131n\u0131n ve bireylerin Avrupa k\u00f6kenli kurum ve kurulu\u015flarla olan ili\u015fkilerinin ne t\u00fcr riskler i\u00e7erebilece\u011fi konusunda kamuoyunu ayd\u0131nlat\u0131yor, d\u00fc\u015f\u00fcnd\u00fcr\u00fcyor&#8230; <\/p>\n","protected":false},"excerpt":{"rendered":"<p>Bir Cumhuriyet Tarih\u00e7isi olarak, AB \u00fclkelerinin neden Bergama\u2019daki alt\u0131n \u00fcretimiyle ilgilendiklerini, Avrupa Parlamentosu\u2019nun s\u00f6z konusu karar\u0131n\u0131 \u00f6\u011frendikten sonra ara\u015ft\u0131rmaya ba\u015flad\u0131m. Ve uzun bir ara\u015ft\u0131rma d\u00f6nemi sonras\u0131nda<span class=\"excerpt-hellip\"> [\u2026]<\/span><\/p>\n","protected":false},"featured_media":0,"template":"","meta":{"_monsterinsights_skip_tracking":false,"_monsterinsights_sitenote_active":false,"_monsterinsights_sitenote_note":"","_monsterinsights_sitenote_category":0},"product_brand":[],"product_cat":[13059,12337],"product_tag":[],"class_list":{"0":"post-692186","1":"product","2":"type-product","3":"status-publish","5":"product_cat-diger-politika-siyaset","6":"product_cat-politika-siyaset","7":"pa_cilt-ciltsiz","8":"pa_tur-kitap","9":"pa_yayinevi-pozitif-yayinlari","10":"pa_yazar-necip-hablemitoglu","12":"first","13":"instock","14":"sale","15":"shipping-taxable","16":"purchasable","17":"product-type-simple"},"_links":{"self":[{"href":"https:\/\/roveyayinevi.com.tr\/index.php\/wp-json\/wp\/v2\/product\/692186","targetHints":{"allow":["GET"]}}],"collection":[{"href":"https:\/\/roveyayinevi.com.tr\/index.php\/wp-json\/wp\/v2\/product"}],"about":[{"href":"https:\/\/roveyayinevi.com.tr\/index.php\/wp-json\/wp\/v2\/types\/product"}],"wp:attachment":[{"href":"https:\/\/roveyayinevi.com.tr\/index.php\/wp-json\/wp\/v2\/media?parent=692186"}],"wp:term":[{"taxonomy":"product_brand","embeddable":true,"href":"https:\/\/roveyayinevi.com.tr\/index.php\/wp-json\/wp\/v2\/product_brand?post=692186"},{"taxonomy":"product_cat","embeddable":true,"href":"https:\/\/roveyayinevi.com.tr\/index.php\/wp-json\/wp\/v2\/product_cat?post=692186"},{"taxonomy":"product_tag","embeddable":true,"href":"https:\/\/roveyayinevi.com.tr\/index.php\/wp-json\/wp\/v2\/product_tag?post=692186"}],"curies":[{"name":"wp","href":"https:\/\/api.w.org\/{rel}","templated":true}]}}