{"id":692183,"date":"2025-08-27T14:04:49","date_gmt":"2025-08-27T11:04:49","guid":{"rendered":"https:\/\/roveyayinevi.com.tr\/index.php\/urun\/derin-devlet\/"},"modified":"2026-04-16T02:02:11","modified_gmt":"2026-04-15T23:02:11","slug":"derin-devlet","status":"publish","type":"product","link":"https:\/\/roveyayinevi.com.tr\/index.php\/urun\/derin-devlet\/","title":{"rendered":"Derin Devlet"},"content":{"rendered":"<p>DDerin devlet \u00fczerine \u00e7ok \u015fey s\u00f6ylendi bug\u00fcne kadar. Herkes kendine g\u00f6re bir tarif getirdi. Ancak olaylara bir \u201cdevlet felsefesi\u201d \u00fczerinden yakla\u015fanlar pek olmad\u0131. Atilla Akar, bu kez konuya d\u00fc\u015f\u00fcnsel-tarihsel arka plan\u0131 ile bakmaya \u00e7al\u0131\u015f\u0131rken hem de g\u00fcncel olarak soru-cevap y\u00f6ntemiyle konuyu tart\u0131\u015f\u0131yor. Yazar, kitapta \u201cderin devlet\u201d kavram\u0131n\u0131n tarihi ve bug\u00fcn\u00fc, \u201cdemokrasinin mahiyeti\u201d, T\u00fcrklerde derin devlet gelene\u011finin k\u00f6kleri, d\u00fcnyadaki derin pratikler ve istihbarat servisleri ili\u015fkisi, ayd\u0131nlar, suikastlar, darbeler, derin yap\u0131lar\u0131n gelece\u011fi \u00fczerine yo\u011funla\u015f\u0131yor. Ayr\u0131ca yak\u0131n tarihimizin en \u00f6nemli olaylar\u0131 olan Susurluk, 28 \u015eubat, Dan\u0131\u015ftay bask\u0131n\u0131, 27 Nisan e-muht\u0131ras\u0131, Hrant Dink cinayeti, Ergenekon operasyonu ve \u201cYeni Bir \u2018Derin Devlet\u2019imiz mi oldu?\u201d hakk\u0131nda g\u00f6r\u00fc\u015f ve analizler dile getiriliyor.   Kitab\u0131n belki de en \u00f6nemli b\u00f6l\u00fcm\u00fc ise yak\u0131n d\u00f6nemin en m\u00fchim olaylar\u0131n\u0131n ele al\u0131nmas\u0131 oluyor. Bunlar aras\u0131nda Muhsin Yaz\u0131c\u0131o\u011flu olay\u0131, \u0130smail G\u00fcne\u015f\u2019in \u00f6l\u00fcm\u00fcndeki gariplikler, B\u00fclent Ar\u0131n\u00e7\u2019a y\u00f6nelik suikast iddialar\u0131, \u201cDemokratik A\u00e7\u0131l\u0131m\u201d tart\u0131\u015fmalar\u0131, \u0130zmir olaylar\u0131, \u00d6calan\u2019\u0131n ne yapmak istedi\u011fi, Baykal Kasedi komplosu, Taksim Bombac\u0131s\u0131, Ba\u015fkanl\u0131k sistemi, MHP\u2019ye Kaset Darbesi, CHP\u2019de K\u0131l\u0131\u00e7daro\u011flu ile ba\u015flayan \u201cde\u011fi\u015fim\u201d s\u00fcreci, Ba\u015fkanl\u0131k tart\u0131\u015fmalar\u0131, Wikileaks belgeleri, Ortado\u011fu\u2019daki \u201chalk isyanlar\u0131\u201d, Bin Laden\u2019in \u00f6ld\u00fcr\u00fclmesi, Norve\u00e7\u2019teki Ter\u00f6r eylemi, Ba\u015fbakana Kastamonu sald\u0131r\u0131s\u0131, M\u0130T-PKK m\u00fczakereleri, 24 \u015fehit olay\u0131 ve Kaddafi\u2019nin lin\u00e7 edilmesi bulunuyor. .   Yan\u0131 s\u0131ra ayd\u0131n olman\u0131n agresif bir \u015fekilde s\u00fcrekli ba\u011f\u0131r\u0131p \u00e7a\u011f\u0131rmak, kar\u015f\u0131tlar\u0131n\u0131 hakaretle su\u00e7lamak de\u011fil bir konuda \u00f6zg\u00fcn d\u00fc\u015f\u00fcnce geli\u015ftirmek oldu\u011funa inanan yazar, \u201cT\u00fcrkiye\u2019de Ya\u015fanan \u00c7at\u0131\u015fman\u0131n Arka plan\u0131nda ger\u00e7ekte ne var?\u201d, \u201c Yeniden 12 Eyl\u00fcl \u00f6ncesine benzer bir durum mu ya\u015f\u0131yoruz?\u201d, \u201cAyd\u0131nlar ni\u00e7in bu kadar sert ayr\u0131\u015ft\u0131?\u201d, \u201dKorku Cumhuriyeti mi ya\u015f\u0131yoruz?\u201d, \u201c Post Modern-Mc Carthyizm nedir?\u201d, \u201cD\u00fc\u015f\u00fcnce d\u00fcnyas\u0131nda Vasatizmin egemenli\u011fi mi var?\u201d sorular\u0131na entelekt\u00fcel d\u00fczlemde cevap ar\u0131yor\u2026  <\/p>\n","protected":false},"excerpt":{"rendered":"<p>DDerin devlet \u00fczerine \u00e7ok \u015fey s\u00f6ylendi bug\u00fcne kadar. Herkes kendine g\u00f6re bir tarif getirdi. Ancak olaylara bir \u201cdevlet felsefesi\u201d \u00fczerinden yakla\u015fanlar pek olmad\u0131. Atilla Akar, bu<span class=\"excerpt-hellip\"> [\u2026]<\/span><\/p>\n","protected":false},"featured_media":0,"template":"","meta":{"_monsterinsights_skip_tracking":false,"_monsterinsights_sitenote_active":false,"_monsterinsights_sitenote_note":"","_monsterinsights_sitenote_category":0},"product_brand":[],"product_cat":[12346,12337],"product_tag":[],"class_list":{"0":"post-692183","1":"product","2":"type-product","3":"status-publish","5":"product_cat-derin-siyaset-komplo-teorileri","6":"product_cat-politika-siyaset","7":"pa_cilt-ciltsiz","8":"pa_tur-kitap","9":"pa_yayinevi-profil-kitap","10":"pa_yazar-atilla-akar","12":"first","13":"instock","14":"sale","15":"shipping-taxable","16":"purchasable","17":"product-type-simple"},"_links":{"self":[{"href":"https:\/\/roveyayinevi.com.tr\/index.php\/wp-json\/wp\/v2\/product\/692183","targetHints":{"allow":["GET"]}}],"collection":[{"href":"https:\/\/roveyayinevi.com.tr\/index.php\/wp-json\/wp\/v2\/product"}],"about":[{"href":"https:\/\/roveyayinevi.com.tr\/index.php\/wp-json\/wp\/v2\/types\/product"}],"wp:attachment":[{"href":"https:\/\/roveyayinevi.com.tr\/index.php\/wp-json\/wp\/v2\/media?parent=692183"}],"wp:term":[{"taxonomy":"product_brand","embeddable":true,"href":"https:\/\/roveyayinevi.com.tr\/index.php\/wp-json\/wp\/v2\/product_brand?post=692183"},{"taxonomy":"product_cat","embeddable":true,"href":"https:\/\/roveyayinevi.com.tr\/index.php\/wp-json\/wp\/v2\/product_cat?post=692183"},{"taxonomy":"product_tag","embeddable":true,"href":"https:\/\/roveyayinevi.com.tr\/index.php\/wp-json\/wp\/v2\/product_tag?post=692183"}],"curies":[{"name":"wp","href":"https:\/\/api.w.org\/{rel}","templated":true}]}}