{"id":692181,"date":"2025-08-27T14:04:49","date_gmt":"2025-08-27T11:04:49","guid":{"rendered":"https:\/\/roveyayinevi.com.tr\/index.php\/urun\/ataturk-ne-idi\/"},"modified":"2026-04-16T02:02:11","modified_gmt":"2026-04-15T23:02:11","slug":"ataturk-ne-idi","status":"publish","type":"product","link":"https:\/\/roveyayinevi.com.tr\/index.php\/urun\/ataturk-ne-idi\/","title":{"rendered":"Atat\u00fcrk Ne \u0130di?"},"content":{"rendered":"<p>&#8220;Falif R\u0131fk\u0131 Atay\u2019\u0131n s\u00fcr\u00fckleyici, zengin muhteval\u0131, z\u0131t g\u00f6r\u00fcn\u00fcm ve olaylara dayanarak tezlerini savunan bir \u00fcslubu vard\u0131r.\u201d Prof. Dr. \u0130lber ORTAYLI   \u201cBen \u00f6mr\u00fcmde onun kadar tart\u0131\u015fmaya katlanan devlet ve h\u00fck\u00fbmet adam\u0131na rastlamad\u0131m. Pek gen\u00e7 ya\u015f\u0131mda devaml\u0131 olarak yan\u0131nda idim. Hi\u00e7bir fikrimi saklamak ihtiyac\u0131n\u0131 duydu\u011fumu hat\u0131rlam\u0131yorum. Dalkavuklu\u011fu meslek edinmeyenlerin hepsi de \u00f6yle idi. Atat\u00fcrk\u2019le tart\u0131\u015fmak i\u00e7in yi\u011fitli\u011fe l\u00fczum yoktu.\u201d Falih R\u0131fk\u0131 ATAY   Kurdu\u011fu cumhuriyetle ad\u0131n\u0131 tarihin \u015fanl\u0131 sayfalar\u0131na yazd\u0131ran, T\u00fcrk\u2019\u00fcn ne oldu\u011funu d\u00fcnyaya g\u00f6steren ola\u011fan\u00fcst\u00fc \u015fartlarda ortaya \u00e7\u0131km\u0131\u015f s\u0131ra d\u0131\u015f\u0131 bir liderdi Atat\u00fcrk. O, i\u015fgal edilmemi\u015f yeri, zapt edilmemi\u015f topra\u011f\u0131 kalmayan bir milletin k\u00fcllerinden do\u011fmas\u0131na \u00f6nderlik etti. B\u00fcy\u00fck ba\u015far\u0131lara imza atm\u0131\u015f Atat\u00fcrk hakk\u0131nda bir\u00e7ok kitap ve makale yaz\u0131ld\u0131. Atat\u00fcrk hakk\u0131nda her \u015fey etrafl\u0131ca tart\u0131\u015f\u0131ld\u0131, h\u00e2l\u00e2 tart\u0131\u015f\u0131l\u0131yor. Bu yaz\u0131lanlar\u0131n bir\u00e7o\u011fu ancak Atat\u00fcrk \u00f6ld\u00fckten sonra yaz\u0131ld\u0131\u011f\u0131 i\u00e7in, Falih R\u0131fk\u0131 Atay gibi onu tan\u0131yanlar\u0131n ilk elden verdi\u011fi bilginin k\u0131ymetiharbiyesi daha \u00f6nemlidir. Falih R\u0131fk\u0131 Atay, 1923\u2019ten 1938\u2019e kadar Atat\u00fcrk\u2019\u00fcn yan\u0131nda bulunmu\u015f, onun ya\u015fad\u0131klar\u0131n\u0131 bizzat kendisinden dinlemi\u015f ve hatta bir\u00e7o\u011funa \u015fahit olmu\u015f devrin \u00f6nemli gazetecilerinden biri ve ger\u00e7ek bir Atat\u00fcrk yazar\u0131d\u0131r. <\/p>\n","protected":false},"excerpt":{"rendered":"<p>&#8220;Falif R\u0131fk\u0131 Atay\u2019\u0131n s\u00fcr\u00fckleyici, zengin muhteval\u0131, z\u0131t g\u00f6r\u00fcn\u00fcm ve olaylara dayanarak tezlerini savunan bir \u00fcslubu vard\u0131r.\u201d Prof. Dr. \u0130lber ORTAYLI \u201cBen \u00f6mr\u00fcmde onun kadar tart\u0131\u015fmaya katlanan<span class=\"excerpt-hellip\"> [\u2026]<\/span><\/p>\n","protected":false},"featured_media":0,"template":"","meta":{"_monsterinsights_skip_tracking":false,"_monsterinsights_sitenote_active":false,"_monsterinsights_sitenote_note":"","_monsterinsights_sitenote_category":0},"product_brand":[],"product_cat":[12530,12304],"product_tag":[],"class_list":{"0":"post-692181","1":"product","2":"type-product","3":"status-publish","5":"product_cat-mustafa-kemal-ataturk","6":"product_cat-tarih","7":"pa_tur-kitap","8":"pa_yayinevi-pozitif-yayinlari","9":"pa_yazar-falih-rifki-atay","11":"first","12":"instock","13":"sale","14":"shipping-taxable","15":"purchasable","16":"product-type-simple"},"_links":{"self":[{"href":"https:\/\/roveyayinevi.com.tr\/index.php\/wp-json\/wp\/v2\/product\/692181","targetHints":{"allow":["GET"]}}],"collection":[{"href":"https:\/\/roveyayinevi.com.tr\/index.php\/wp-json\/wp\/v2\/product"}],"about":[{"href":"https:\/\/roveyayinevi.com.tr\/index.php\/wp-json\/wp\/v2\/types\/product"}],"wp:attachment":[{"href":"https:\/\/roveyayinevi.com.tr\/index.php\/wp-json\/wp\/v2\/media?parent=692181"}],"wp:term":[{"taxonomy":"product_brand","embeddable":true,"href":"https:\/\/roveyayinevi.com.tr\/index.php\/wp-json\/wp\/v2\/product_brand?post=692181"},{"taxonomy":"product_cat","embeddable":true,"href":"https:\/\/roveyayinevi.com.tr\/index.php\/wp-json\/wp\/v2\/product_cat?post=692181"},{"taxonomy":"product_tag","embeddable":true,"href":"https:\/\/roveyayinevi.com.tr\/index.php\/wp-json\/wp\/v2\/product_tag?post=692181"}],"curies":[{"name":"wp","href":"https:\/\/api.w.org\/{rel}","templated":true}]}}