{"id":692149,"date":"2025-08-27T14:04:43","date_gmt":"2025-08-27T11:04:43","guid":{"rendered":"https:\/\/roveyayinevi.com.tr\/index.php\/urun\/hasan-ali-yucelin-tasavvufi-dunyasi-ve-mevleviligi\/"},"modified":"2026-04-16T02:02:10","modified_gmt":"2026-04-15T23:02:10","slug":"hasan-ali-yucelin-tasavvufi-dunyasi-ve-mevleviligi","status":"publish","type":"product","link":"https:\/\/roveyayinevi.com.tr\/index.php\/urun\/hasan-ali-yucelin-tasavvufi-dunyasi-ve-mevleviligi\/","title":{"rendered":"Hasan Ali Y\u00fccel\u2019in Tasavvufi D\u00fcnyas\u0131 ve Mevlevili\u011fi"},"content":{"rendered":"<p>T\u00fcrk Mill\u00ee e\u011fitim tarihinin en uzun soluklu ve en etkin bir bakan\u0131 olan Hasan \u00c2li Y\u00fccel, asl\u0131nda, objektif bilgi ile subjektif bilgi k\u00fcrelerini ba\u015far\u0131yla dengelemi\u015f nadir d\u00fc\u015f\u00fcn\u00fcrlerimizden biridir. \u00c7ocukluk y\u0131llar\u0131ndan itibaren yeti\u015fti\u011fi Yenikap\u0131 Mevlev\u00eehanesi\u2019nde soluklanan ruh\u00fb-manev\u00ee havay\u0131 benimsemi\u015f samimi bir Mevlana hayran\u0131d\u0131r. Bu \u00e7al\u0131\u015fmada Hasan \u00c2li Y\u00fccel\u2019in g\u00fcn\u0131\u015f\u0131\u011f\u0131na pek \u00e7ekilmemi\u015f tasavvuf\u00ee d\u00fcnyas\u0131n\u0131 Mevlev\u00eelikle nas\u0131l i\u00e7selle\u015ftirdi\u011finin hikayesini bulacaks\u0131n\u0131z. <\/p>\n","protected":false},"excerpt":{"rendered":"<p>T\u00fcrk Mill\u00ee e\u011fitim tarihinin en uzun soluklu ve en etkin bir bakan\u0131 olan Hasan \u00c2li Y\u00fccel, asl\u0131nda, objektif bilgi ile subjektif bilgi k\u00fcrelerini ba\u015far\u0131yla dengelemi\u015f nadir<span class=\"excerpt-hellip\"> [\u2026]<\/span><\/p>\n","protected":false},"featured_media":0,"template":"","meta":{"_monsterinsights_skip_tracking":false,"_monsterinsights_sitenote_active":false,"_monsterinsights_sitenote_note":"","_monsterinsights_sitenote_category":0},"product_brand":[],"product_cat":[12304,13493],"product_tag":[],"class_list":{"0":"post-692149","1":"product","2":"type-product","3":"status-publish","5":"product_cat-tarih","6":"product_cat-turkiye-ve-cumhuriyet-tarihi","7":"pa_cilt-ciltsiz","8":"pa_tur-kitap","9":"pa_yayinevi-otuken-nesriyat","10":"pa_yazar-ahmed-guner-sayar","12":"first","13":"instock","14":"sale","15":"shipping-taxable","16":"purchasable","17":"product-type-simple"},"_links":{"self":[{"href":"https:\/\/roveyayinevi.com.tr\/index.php\/wp-json\/wp\/v2\/product\/692149","targetHints":{"allow":["GET"]}}],"collection":[{"href":"https:\/\/roveyayinevi.com.tr\/index.php\/wp-json\/wp\/v2\/product"}],"about":[{"href":"https:\/\/roveyayinevi.com.tr\/index.php\/wp-json\/wp\/v2\/types\/product"}],"wp:attachment":[{"href":"https:\/\/roveyayinevi.com.tr\/index.php\/wp-json\/wp\/v2\/media?parent=692149"}],"wp:term":[{"taxonomy":"product_brand","embeddable":true,"href":"https:\/\/roveyayinevi.com.tr\/index.php\/wp-json\/wp\/v2\/product_brand?post=692149"},{"taxonomy":"product_cat","embeddable":true,"href":"https:\/\/roveyayinevi.com.tr\/index.php\/wp-json\/wp\/v2\/product_cat?post=692149"},{"taxonomy":"product_tag","embeddable":true,"href":"https:\/\/roveyayinevi.com.tr\/index.php\/wp-json\/wp\/v2\/product_tag?post=692149"}],"curies":[{"name":"wp","href":"https:\/\/api.w.org\/{rel}","templated":true}]}}