{"id":691903,"date":"2025-08-27T14:02:16","date_gmt":"2025-08-27T11:02:16","guid":{"rendered":"https:\/\/roveyayinevi.com.tr\/index.php\/urun\/hic-olmedim-ben\/"},"modified":"2026-04-16T02:02:04","modified_gmt":"2026-04-15T23:02:04","slug":"hic-olmedim-ben","status":"publish","type":"product","link":"https:\/\/roveyayinevi.com.tr\/index.php\/urun\/hic-olmedim-ben\/","title":{"rendered":"Hi\u00e7 \u00d6lmedim Ben"},"content":{"rendered":"<p>\u0130nsan Haklar\u0131na Genel Bak\u0131\u015f Mihri Belli: G\u00fczel Mutsuzluk \u00c7ankaya ve T\u00fcrban Dinin Siyasalla\u015ft\u0131r\u0131lmas\u0131 ve Olas\u0131 Ama\u00e7lar\u0131 60\u2019lar 1960\u2019l\u0131 Y\u0131llarda K\u00fclt\u00fcrel ve Yaz\u0131nsal Ya\u015fam Demokratikle\u015fme ve Fa\u015fistle\u015fme K\u0131skac\u0131nda 27 May\u0131s NATO ile Korunan Sistem ve Ulusal Sistem Kar\u015f\u0131tla\u015fmas\u0131 ve Toplumsal Ya\u015fama Yans\u0131malar\u0131 Osmanl\u0131dan Cumhuriyete Cumhuriyetten G\u00fcn\u00fcm\u00fcze Yabanc\u0131lara Ta\u015f\u0131nmaz Sat\u0131\u015f\u0131 ve Yasalla\u015fma S\u00fcre\u00e7leri ve Sonu\u00e7lar\u0131 \u201cHi\u00e7 \u00d6lmedim Ben!\u201c G\u00f6renlerin Ya\u015fayanlar\u0131n Diliyle 2 Temmuz \/ Sivas K\u0131y\u0131n\u0131 \u201cBaba Hasan Mercan \u00d6lm\u00fc\u015f!&#8230;\u201c \ufffcTan\u0131t\u0131m Metni<\/p>\n","protected":false},"excerpt":{"rendered":"<p>\u0130nsan Haklar\u0131na Genel Bak\u0131\u015f Mihri Belli: G\u00fczel Mutsuzluk \u00c7ankaya ve T\u00fcrban Dinin Siyasalla\u015ft\u0131r\u0131lmas\u0131 ve Olas\u0131 Ama\u00e7lar\u0131 60\u2019lar 1960\u2019l\u0131 Y\u0131llarda K\u00fclt\u00fcrel ve Yaz\u0131nsal Ya\u015fam Demokratikle\u015fme ve Fa\u015fistle\u015fme<span class=\"excerpt-hellip\"> [\u2026]<\/span><\/p>\n","protected":false},"featured_media":0,"template":"","meta":{"_monsterinsights_skip_tracking":false,"_monsterinsights_sitenote_active":false,"_monsterinsights_sitenote_note":"","_monsterinsights_sitenote_category":0},"product_brand":[],"product_cat":[12312,12304],"product_tag":[],"class_list":{"0":"post-691903","1":"product","2":"type-product","3":"status-publish","5":"product_cat-diger","6":"product_cat-tarih","7":"pa_cilt-ciltsiz","8":"pa_tur-kitap","9":"pa_yayinevi-onur-yayinlari","10":"pa_yazar-muzaffer-ilhan-erdost","12":"first","13":"instock","14":"sale","15":"shipping-taxable","16":"purchasable","17":"product-type-simple"},"_links":{"self":[{"href":"https:\/\/roveyayinevi.com.tr\/index.php\/wp-json\/wp\/v2\/product\/691903","targetHints":{"allow":["GET"]}}],"collection":[{"href":"https:\/\/roveyayinevi.com.tr\/index.php\/wp-json\/wp\/v2\/product"}],"about":[{"href":"https:\/\/roveyayinevi.com.tr\/index.php\/wp-json\/wp\/v2\/types\/product"}],"wp:attachment":[{"href":"https:\/\/roveyayinevi.com.tr\/index.php\/wp-json\/wp\/v2\/media?parent=691903"}],"wp:term":[{"taxonomy":"product_brand","embeddable":true,"href":"https:\/\/roveyayinevi.com.tr\/index.php\/wp-json\/wp\/v2\/product_brand?post=691903"},{"taxonomy":"product_cat","embeddable":true,"href":"https:\/\/roveyayinevi.com.tr\/index.php\/wp-json\/wp\/v2\/product_cat?post=691903"},{"taxonomy":"product_tag","embeddable":true,"href":"https:\/\/roveyayinevi.com.tr\/index.php\/wp-json\/wp\/v2\/product_tag?post=691903"}],"curies":[{"name":"wp","href":"https:\/\/api.w.org\/{rel}","templated":true}]}}