{"id":691794,"date":"2025-08-27T14:00:45","date_gmt":"2025-08-27T11:00:45","guid":{"rendered":"https:\/\/roveyayinevi.com.tr\/index.php\/urun\/yarali-bilinc\/"},"modified":"2026-04-16T02:02:01","modified_gmt":"2026-04-15T23:02:01","slug":"yarali-bilinc","status":"publish","type":"product","link":"https:\/\/roveyayinevi.com.tr\/index.php\/urun\/yarali-bilinc\/","title":{"rendered":"Yaral\u0131 Bilin\u00e7"},"content":{"rendered":"<p>Yaral\u0131 Bilin\u00e7, tarihte geride kalm\u0131\u015f ve de\u011fi\u015fimler \u015fenli\u011fine kat\u0131lmam\u0131\u015f uygarl\u0131klardaki zihin \u00e7arp\u0131kl\u0131klar\u0131 \u00fczerine bir denemedir. Varl\u0131\u011f\u0131n\u0131 \u0130rani-\u0130slami d\u00fcnyadaki ki\u015fisel deneyime bor\u00e7lu olmas\u0131na ra\u011fmen, bu kitab\u0131n menzilinin yaln\u0131z o d\u00fcnyayla s\u0131n\u0131rl\u0131 olmad\u0131\u011f\u0131n\u0131 ve bir bak\u0131ma, zihinsel yap\u0131lar\u0131 hala Gelene\u011fe ba\u011fl\u0131 olan ve modernli\u011fi sindirmekte g\u00fc\u00e7l\u00fck \u00e7eken uygarl\u0131klar\u0131n \u00e7o\u011funu ilgilendirdi\u011fini d\u00fc\u015f\u00fcn\u00fcyorum. Biz periferi insanlar\u0131, farkl\u0131 bilgi bloklar\u0131 aras\u0131ndaki \u00e7eli\u015fkilerin zaman\u0131nda ya\u015f\u0131yoruz. Birbirlerini iten ve kar\u015f\u0131l\u0131kl\u0131 olarak bi\u00e7imsizle\u015ftiren ba\u011fda\u015fmaz d\u00fcnyalar aras\u0131ndaki \u00e7atla\u011fa d\u00fc\u015fm\u00fc\u015f\u00fcz. Zihin a\u00e7\u0131kl\u0131\u011f\u0131yla ve h\u0131n\u00e7 duymadan \u00fcstlenildi\u011finde bu ikiyanl\u0131l\u0131k bizi zenginle\u015ftirebilir, bilgi sicillerini geli\u015ftirebilir ve duyarl\u0131l\u0131k yelpazesini geni\u015fletebilir; oysa bilginin ele\u015ftirel alan\u0131ndan d\u0131\u015fland\u0131\u011f\u0131nda, ayn\u0131 ikiyanl\u0131l\u0131k duraklamalara neden olmakta, bak\u0131\u015f\u0131 sakatlamakta ve t\u0131pk\u0131 k\u0131r\u0131k bir aynada oldu\u011fu gibi, d\u00fcnya ger\u00e7ekli\u011fini ve tinsel imgeleri bi\u00e7imsizle\u015ftirmektedir. -Daryush Shayegan-<\/p>\n","protected":false},"excerpt":{"rendered":"<p>Yaral\u0131 Bilin\u00e7, tarihte geride kalm\u0131\u015f ve de\u011fi\u015fimler \u015fenli\u011fine kat\u0131lmam\u0131\u015f uygarl\u0131klardaki zihin \u00e7arp\u0131kl\u0131klar\u0131 \u00fczerine bir denemedir. Varl\u0131\u011f\u0131n\u0131 \u0130rani-\u0130slami d\u00fcnyadaki ki\u015fisel deneyime bor\u00e7lu olmas\u0131na ra\u011fmen, bu kitab\u0131n menzilinin<span class=\"excerpt-hellip\"> [\u2026]<\/span><\/p>\n","protected":false},"featured_media":0,"template":"","meta":{"_monsterinsights_skip_tracking":false,"_monsterinsights_sitenote_active":false,"_monsterinsights_sitenote_note":"","_monsterinsights_sitenote_category":0},"product_brand":[],"product_cat":[13633,12324],"product_tag":[],"class_list":{"0":"post-691794","1":"product","2":"type-product","3":"status-publish","5":"product_cat-kultur-ve-bilim","6":"product_cat-sosyoloji","7":"pa_cilt-ciltsiz","8":"pa_tur-kitap","9":"pa_yayinevi-metis-yayinlari","10":"pa_yazar-daryush-shayegan","12":"first","13":"instock","14":"sale","15":"shipping-taxable","16":"purchasable","17":"product-type-simple"},"_links":{"self":[{"href":"https:\/\/roveyayinevi.com.tr\/index.php\/wp-json\/wp\/v2\/product\/691794","targetHints":{"allow":["GET"]}}],"collection":[{"href":"https:\/\/roveyayinevi.com.tr\/index.php\/wp-json\/wp\/v2\/product"}],"about":[{"href":"https:\/\/roveyayinevi.com.tr\/index.php\/wp-json\/wp\/v2\/types\/product"}],"wp:attachment":[{"href":"https:\/\/roveyayinevi.com.tr\/index.php\/wp-json\/wp\/v2\/media?parent=691794"}],"wp:term":[{"taxonomy":"product_brand","embeddable":true,"href":"https:\/\/roveyayinevi.com.tr\/index.php\/wp-json\/wp\/v2\/product_brand?post=691794"},{"taxonomy":"product_cat","embeddable":true,"href":"https:\/\/roveyayinevi.com.tr\/index.php\/wp-json\/wp\/v2\/product_cat?post=691794"},{"taxonomy":"product_tag","embeddable":true,"href":"https:\/\/roveyayinevi.com.tr\/index.php\/wp-json\/wp\/v2\/product_tag?post=691794"}],"curies":[{"name":"wp","href":"https:\/\/api.w.org\/{rel}","templated":true}]}}