{"id":691489,"date":"2025-08-27T13:59:01","date_gmt":"2025-08-27T10:59:01","guid":{"rendered":"https:\/\/roveyayinevi.com.tr\/index.php\/urun\/o-ana-adanmis\/"},"modified":"2026-04-07T02:05:25","modified_gmt":"2026-04-06T23:05:25","slug":"o-ana-adanmis","status":"publish","type":"product","link":"https:\/\/roveyayinevi.com.tr\/index.php\/urun\/o-ana-adanmis\/","title":{"rendered":"O Ana Adanm\u0131\u015f"},"content":{"rendered":"<p>O Ana Adanm\u0131\u015f , John Berger\u2019in on dokuz yaz\u0131s\u0131n\u0131 bir araya getiriyor. Kitap, bakma ve g\u00f6rd\u00fc\u011f\u00fc \u00fczerine d\u00fc\u015f\u00fcnme tutkusu olan okura, g\u00fcn\u00fcm\u00fcz\u00fcn en \u00f6zg\u00fcn ele\u015ftirmenlerinden biri olan yazar\u0131n temsil edici \u00fcr\u00fcnlerinden bir se\u00e7ki sunuyor. Berger\u2019\u0131n ilgisi, kent sokaklar\u0131ndan Rodin heykellerine, gazete foto\u011fraflar\u0131ndan kitle g\u00f6sterilerine kadar \u00e7ok \u00e7e\u015fitli g\u00f6r\u00fcn\u00fcmlere uzan\u0131yor. Ancak ele ald\u0131\u011f\u0131 konu ne olursa olsun yazar hayata dair yeni ve \u015fa\u015f\u0131rt\u0131c\u0131 bir bak\u0131\u015f a\u00e7\u0131s\u0131 getiriyor bize&#8230; Ele\u015ftirel d\u00fc\u015f\u00fcncenin g\u00fcn\u00fcm\u00fczde ula\u015ft\u0131\u011f\u0131 yer neresidir? Yirminci y\u00fczy\u0131l, insanl\u0131k tarihinde s\u0131kl\u0131kla g\u00f6r\u00fcld\u00fc\u011f\u00fc gibi ac\u0131, bask\u0131, tahakk\u00fcm ve s\u00f6m\u00fcr\u00fcyle doludur. Ama zamana kar\u015f\u0131 \u00e7\u0131karak, g\u00f6zlemleri ve d\u00fc\u015f\u00fcnceleriyle ya\u015fad\u0131\u011f\u0131m\u0131z d\u00fcnyay\u0131 anlamam\u0131za katk\u0131da bulunan say\u0131s\u0131z d\u00fc\u015f\u00fcn\u00fcr\u00fc de olmu\u015ftur bu y\u00fczy\u0131l\u0131n&#8230; \u0130\u015fte Metis Se\u00e7kileri ile \u00e7a\u011f\u0131m\u0131za yeni sezgiler getiren bu yazarlardan temsil edici \u00f6rnekler sunmay\u0131 ama\u00e7lad\u0131k. Ba\u015fka bir \u00fclkede ya\u015fayan bir yazar\u0131 T\u00fcrk\u00e7e\u2019de tan\u0131t\u0131rken, s\u00f6zkonusu iki toplum aras\u0131ndaki dil, k\u00fclt\u00fcrel birikim, yay\u0131nlanm\u0131\u015f ve yay\u0131nlanmam\u0131\u015f \u00f6nc\u00fcller gibi farkl\u0131l\u0131klar\u0131n getirdi\u011fi g\u00fc\u00e7l\u00fckler var. T\u00fcrkiye\u2019deki okuma ortam\u0131n\u0131n kendine \u00f6zg\u00fc ko\u015fullar\u0131n\u0131 g\u00f6z\u00f6n\u00fcnde tutarak haz\u0131rlad\u0131\u011f\u0131m\u0131z se\u00e7kilerle bu g\u00fc\u00e7l\u00fc\u011f\u00fc a\u015fmak, ele\u015ftirel d\u00fc\u015f\u00fcnceyi T\u00fcrk\u00e7e\u2019de tart\u0131\u015f\u0131labilir k\u0131lmak istiyoruz. \ufffcTan\u0131t\u0131m Metni<\/p>\n","protected":false},"excerpt":{"rendered":"<p>O Ana Adanm\u0131\u015f , John Berger\u2019in on dokuz yaz\u0131s\u0131n\u0131 bir araya getiriyor. Kitap, bakma ve g\u00f6rd\u00fc\u011f\u00fc \u00fczerine d\u00fc\u015f\u00fcnme tutkusu olan okura, g\u00fcn\u00fcm\u00fcz\u00fcn en \u00f6zg\u00fcn ele\u015ftirmenlerinden biri<span class=\"excerpt-hellip\"> [\u2026]<\/span><\/p>\n","protected":false},"featured_media":0,"template":"","meta":{"_monsterinsights_skip_tracking":false,"_monsterinsights_sitenote_active":false,"_monsterinsights_sitenote_note":"","_monsterinsights_sitenote_category":0},"product_brand":[],"product_cat":[12409,12408],"product_tag":[],"class_list":{"0":"post-691489","1":"product","2":"type-product","3":"status-publish","5":"product_cat-fotograf-sinema-tiyatro","6":"product_cat-sanat","7":"pa_cilt-ciltsiz","8":"pa_tur-kitap","9":"pa_yayinevi-metis-yayinlari","10":"pa_yazar-john-berger","12":"first","13":"instock","14":"sale","15":"shipping-taxable","16":"purchasable","17":"product-type-simple"},"_links":{"self":[{"href":"https:\/\/roveyayinevi.com.tr\/index.php\/wp-json\/wp\/v2\/product\/691489","targetHints":{"allow":["GET"]}}],"collection":[{"href":"https:\/\/roveyayinevi.com.tr\/index.php\/wp-json\/wp\/v2\/product"}],"about":[{"href":"https:\/\/roveyayinevi.com.tr\/index.php\/wp-json\/wp\/v2\/types\/product"}],"wp:attachment":[{"href":"https:\/\/roveyayinevi.com.tr\/index.php\/wp-json\/wp\/v2\/media?parent=691489"}],"wp:term":[{"taxonomy":"product_brand","embeddable":true,"href":"https:\/\/roveyayinevi.com.tr\/index.php\/wp-json\/wp\/v2\/product_brand?post=691489"},{"taxonomy":"product_cat","embeddable":true,"href":"https:\/\/roveyayinevi.com.tr\/index.php\/wp-json\/wp\/v2\/product_cat?post=691489"},{"taxonomy":"product_tag","embeddable":true,"href":"https:\/\/roveyayinevi.com.tr\/index.php\/wp-json\/wp\/v2\/product_tag?post=691489"}],"curies":[{"name":"wp","href":"https:\/\/api.w.org\/{rel}","templated":true}]}}