{"id":691424,"date":"2025-08-27T13:58:15","date_gmt":"2025-08-27T10:58:15","guid":{"rendered":"https:\/\/roveyayinevi.com.tr\/index.php\/urun\/deprem\/"},"modified":"2026-04-16T02:00:51","modified_gmt":"2026-04-15T23:00:51","slug":"deprem","status":"publish","type":"product","link":"https:\/\/roveyayinevi.com.tr\/index.php\/urun\/deprem\/","title":{"rendered":"Deprem"},"content":{"rendered":"<p>Afetlerde do\u011fan\u0131n g\u00fcc\u00fcn\u00fcn ac\u0131mas\u0131z bi\u00e7imde d\u0131\u015fa vurulmas\u0131na tan\u0131kl\u0131k edilir. Deprem do\u011fal afetler \u00e7er\u00e7evesinde en beklenmedik anda ortaya \u00e7\u0131k\u0131\u015f\u0131 ve kendini \u00f6nceden hi\u00e7 haber vermeyi\u015fiyle \u00e7ok amans\u0131z bir y\u0131k\u0131m unsurudur. Bireyler ve toplumlar i\u00e7in ciddi bir \u00fcrk\u00fcnt\u00fc kayna\u011f\u0131d\u0131r. \u00dclkemizde depremlerin s\u0131kl\u0131\u011f\u0131 ve aralar\u0131ndan baz\u0131lar\u0131n\u0131n y\u0131k\u0131m g\u00fcc\u00fcn\u00fcn y\u00fcksek olu\u015fu toplumumuzda bu konuya kar\u015f\u0131 belli bir ilginin y\u00f6nelmesine yol a\u00e7m\u0131\u015f bulunmaktad\u0131r. Eldeki bu metin bu ilgiye cevap verebilecek \u015fekilde deprem olay\u0131n\u0131n teknik ve sosyal t\u00fcm y\u00f6nleriyle okura anlatabilme amac\u0131yla haz\u0131rlanm\u0131\u015ft\u0131r. <\/p>\n","protected":false},"excerpt":{"rendered":"<p>Afetlerde do\u011fan\u0131n g\u00fcc\u00fcn\u00fcn ac\u0131mas\u0131z bi\u00e7imde d\u0131\u015fa vurulmas\u0131na tan\u0131kl\u0131k edilir. Deprem do\u011fal afetler \u00e7er\u00e7evesinde en beklenmedik anda ortaya \u00e7\u0131k\u0131\u015f\u0131 ve kendini \u00f6nceden hi\u00e7 haber vermeyi\u015fiyle \u00e7ok amans\u0131z<span class=\"excerpt-hellip\"> [\u2026]<\/span><\/p>\n","protected":false},"featured_media":0,"template":"","meta":{"_monsterinsights_skip_tracking":false,"_monsterinsights_sitenote_active":false,"_monsterinsights_sitenote_note":"","_monsterinsights_sitenote_category":0},"product_brand":[],"product_cat":[12573,12566],"product_tag":[],"class_list":{"0":"post-691424","1":"product","2":"type-product","3":"status-publish","5":"product_cat-akademik-kitaplar","6":"product_cat-egitim","7":"pa_tur-kitap","8":"pa_yayinevi-odtu-gelistirme-vakfi-yayincilik","9":"pa_yazar-erhan-karaesmen","11":"first","12":"instock","13":"sale","14":"shipping-taxable","15":"purchasable","16":"product-type-simple"},"_links":{"self":[{"href":"https:\/\/roveyayinevi.com.tr\/index.php\/wp-json\/wp\/v2\/product\/691424","targetHints":{"allow":["GET"]}}],"collection":[{"href":"https:\/\/roveyayinevi.com.tr\/index.php\/wp-json\/wp\/v2\/product"}],"about":[{"href":"https:\/\/roveyayinevi.com.tr\/index.php\/wp-json\/wp\/v2\/types\/product"}],"wp:attachment":[{"href":"https:\/\/roveyayinevi.com.tr\/index.php\/wp-json\/wp\/v2\/media?parent=691424"}],"wp:term":[{"taxonomy":"product_brand","embeddable":true,"href":"https:\/\/roveyayinevi.com.tr\/index.php\/wp-json\/wp\/v2\/product_brand?post=691424"},{"taxonomy":"product_cat","embeddable":true,"href":"https:\/\/roveyayinevi.com.tr\/index.php\/wp-json\/wp\/v2\/product_cat?post=691424"},{"taxonomy":"product_tag","embeddable":true,"href":"https:\/\/roveyayinevi.com.tr\/index.php\/wp-json\/wp\/v2\/product_tag?post=691424"}],"curies":[{"name":"wp","href":"https:\/\/api.w.org\/{rel}","templated":true}]}}