{"id":691119,"date":"2025-08-27T13:56:14","date_gmt":"2025-08-27T10:56:14","guid":{"rendered":"https:\/\/roveyayinevi.com.tr\/index.php\/urun\/bizim-koy\/"},"modified":"2026-04-16T02:00:44","modified_gmt":"2026-04-15T23:00:44","slug":"bizim-koy","status":"publish","type":"product","link":"https:\/\/roveyayinevi.com.tr\/index.php\/urun\/bizim-koy\/","title":{"rendered":"Bizim K\u00f6y"},"content":{"rendered":"<p>Bizim K\u00f6y 1950\u2019de yay\u0131mland\u0131\u011f\u0131nda toplumun geni\u015f kesimlerinde tam anlam\u0131yla bir depreme yol a\u00e7t\u0131. Yazar\u0131n, 17 ya\u015f\u0131nda gencecik bir \u00f6\u011fretmenken kaleme almaya ba\u015flad\u0131\u011f\u0131 \u201ck\u00f6y notlar\u0131\u201d kitap haline getirilip de bas\u0131ld\u0131\u011f\u0131 zaman \u00f6nce iktidar\u0131n \u00f6fkesini \u00fczerine \u00e7ekti. \u00c7\u00fcnk\u00fc k\u00f6yden y\u00fckselen yoksulluk \u00e7\u0131\u011fl\u0131\u011f\u0131, kulaklar\u0131n\u0131 ve g\u00f6zlerini her t\u00fcrl\u00fc olumsuzlu\u011fa kapamak isteyenlere, k\u00f6yleri yemye\u015fil, bereketli, g\u00fczel k\u00f6yl\u00fc k\u0131zlar\u0131n\u0131n berrak p\u0131narlardan su ta\u015f\u0131d\u0131\u011f\u0131 yerler olarak g\u00f6sterme \u00e7abas\u0131nda olanlara at\u0131lan bir tokatt\u0131. K\u00f6ylerde h\u00e2l\u00e2 ta\u015f devrinin ya\u015fand\u0131\u011f\u0131 ger\u00e7e\u011fini dile getirmenin bir cezas\u0131 olacakt\u0131 elbette. Her yer kar alt\u0131ndayken, k\u00f6ylere ula\u015f\u0131m sa\u011flanamazken k\u00f6y\u00fcnde \u00f6\u011frencilerini \u201chayata haz\u0131rlamaya\u201d \u00e7al\u0131\u015fan gen\u00e7 \u00f6\u011fretmenin haberi olmad\u0131 kitab\u0131n\u0131n kopard\u0131\u011f\u0131 g\u00fcr\u00fclt\u00fcden. Karlar erimeye ba\u015flay\u0131p, yollar a\u00e7\u0131l\u0131nca ilk ziyaret\u00e7ileri jandarmalar oldu Makal\u2019\u0131n. Tutukland\u0131. Bizim K\u00f6y ise tam tersine \u00e7e\u015fitli dillere \u00e7evrilip \u00fclke s\u0131n\u0131rlar\u0131n\u0131 a\u015fmaya ba\u015flad\u0131. D\u00f6nemin cumhurba\u015fkan\u0131, yazar\u0131 \u00c7ankaya K\u00f6\u015fk\u00fc\u2019ne davet etti\u011finde, bu tutum Demokrat Parti\u2019nin k\u00f6ye ve k\u00f6yl\u00fcn\u00fcn sorunlar\u0131na \u00f6nem vermesi olarak alg\u0131land\u0131. Ama bu da uzun s\u00fcrmedi. \u00d6nce \u00e7e\u015fitli karalamalar\u0131n boy hedefi haline gelen K\u00f6y Enstit\u00fcleri kapat\u0131ld\u0131, ard\u0131ndan Enstit\u00fcl\u00fc \u00f6\u011fretmenlere bask\u0131lar ba\u015flad\u0131. K\u00f6ye ve k\u00f6yl\u00fclerin i\u00e7inde bulundu\u011fu \u00e7a\u011fd\u0131\u015f\u0131 ko\u015fullara de\u011finen yazarlara, ayd\u0131nlara kar\u015f\u0131 sistemli bir lin\u00e7 kampanyas\u0131 ba\u015flat\u0131ld\u0131.   Tahsin Y\u00fccel\u2019in \u201cBizim K\u00f6y 1950\u2019de bir ba\u015fyap\u0131tt\u0131. 1995\u2019te de bir ba\u015fyap\u0131t\u201d saptamas\u0131, aradan ge\u00e7en yar\u0131m as\u0131rl\u0131k bir s\u00fcrece ra\u011fmen, yazar\u0131n ve eserinin h\u00e2l\u00e2 g\u00fcncelli\u011fini korudu\u011funu g\u00f6stermesi a\u00e7\u0131s\u0131ndan son derece isabetli bir de\u011ferlendirme.   Bizim K\u00f6y, T\u00fcrk edebiyat\u0131nda k\u00f6y ger\u00e7ekli\u011fine dayanan bir ilk kitap ve toplumcu ger\u00e7ek\u00e7ili\u011fin \u00f6nc\u00fcs\u00fc olarak kabul edilmektedir. <\/p>\n","protected":false},"excerpt":{"rendered":"<p>Bizim K\u00f6y 1950\u2019de yay\u0131mland\u0131\u011f\u0131nda toplumun geni\u015f kesimlerinde tam anlam\u0131yla bir depreme yol a\u00e7t\u0131. Yazar\u0131n, 17 ya\u015f\u0131nda gencecik bir \u00f6\u011fretmenken kaleme almaya ba\u015flad\u0131\u011f\u0131 \u201ck\u00f6y notlar\u0131\u201d kitap haline<span class=\"excerpt-hellip\"> [\u2026]<\/span><\/p>\n","protected":false},"featured_media":0,"template":"","meta":{"_monsterinsights_skip_tracking":false,"_monsterinsights_sitenote_active":false,"_monsterinsights_sitenote_note":"","_monsterinsights_sitenote_category":0},"product_brand":[],"product_cat":[13701,12291],"product_tag":[],"class_list":{"0":"post-691119","1":"product","2":"type-product","3":"status-publish","5":"product_cat-ani-mektup-gunluk","6":"product_cat-edebiyat","7":"pa_cilt-ciltsiz","8":"pa_tur-kitap","9":"pa_yayinevi-literatur-yayinevi","10":"pa_yazar-mahmut-makal","12":"first","13":"instock","14":"sale","15":"shipping-taxable","16":"purchasable","17":"product-type-simple"},"_links":{"self":[{"href":"https:\/\/roveyayinevi.com.tr\/index.php\/wp-json\/wp\/v2\/product\/691119","targetHints":{"allow":["GET"]}}],"collection":[{"href":"https:\/\/roveyayinevi.com.tr\/index.php\/wp-json\/wp\/v2\/product"}],"about":[{"href":"https:\/\/roveyayinevi.com.tr\/index.php\/wp-json\/wp\/v2\/types\/product"}],"wp:attachment":[{"href":"https:\/\/roveyayinevi.com.tr\/index.php\/wp-json\/wp\/v2\/media?parent=691119"}],"wp:term":[{"taxonomy":"product_brand","embeddable":true,"href":"https:\/\/roveyayinevi.com.tr\/index.php\/wp-json\/wp\/v2\/product_brand?post=691119"},{"taxonomy":"product_cat","embeddable":true,"href":"https:\/\/roveyayinevi.com.tr\/index.php\/wp-json\/wp\/v2\/product_cat?post=691119"},{"taxonomy":"product_tag","embeddable":true,"href":"https:\/\/roveyayinevi.com.tr\/index.php\/wp-json\/wp\/v2\/product_tag?post=691119"}],"curies":[{"name":"wp","href":"https:\/\/api.w.org\/{rel}","templated":true}]}}