{"id":691022,"date":"2025-08-27T13:55:03","date_gmt":"2025-08-27T10:55:03","guid":{"rendered":"https:\/\/roveyayinevi.com.tr\/index.php\/urun\/dogumunun-130-yilinda-ataturk-ve-muzik\/"},"modified":"2026-04-16T02:00:26","modified_gmt":"2026-04-15T23:00:26","slug":"dogumunun-130-yilinda-ataturk-ve-muzik","status":"publish","type":"product","link":"https:\/\/roveyayinevi.com.tr\/index.php\/urun\/dogumunun-130-yilinda-ataturk-ve-muzik\/","title":{"rendered":"Do\u011fumunun 130. Y\u0131l\u0131nda Atat\u00fcrk ve M\u00fczik"},"content":{"rendered":"<p>Kitap kendine \u00f6zg\u00fc bir derleme. \u0130\u00e7lerinde Atat\u00fcrk\u2019\u00fcn yer ald\u0131\u011f\u0131 m\u00fczikle ilgili olaysal an\u0131lar, \u00e7ok say\u0131da kaynaktan, ger\u00e7ek\u00e7i bir anlay\u0131\u015f ve nesnel bir yakla\u015f\u0131mla al\u0131n\u0131p ustaca derlenmi\u015f, kendinden bir yorum katmaks\u0131z\u0131n sergileniyor. Pek \u00e7o\u011fu Atat\u00fcrk\u2019\u00fcn en yak\u0131n\u0131nda bulunanlar\u0131n tan\u0131kl\u0131k etti\u011fi bu olaylar\u0131n anlat\u0131m\u0131 \u00f6n, arka\/geri ve yan planlar\u0131n\u0131 da kaps\u0131yor. Bu anlay\u0131\u015f, kitaba \u00f6nemli bir derinlik ve de\u011fer kat\u0131yor. Kitab\u0131n ilk \u00f6yk\u00fcs\u00fc olan &#8220;Sava\u015f\u0131 Durduran Ses: Kas\u0131mpa\u015fal\u0131 K\u00fc\u00e7\u00fck Kara Ahmet&#8221;i okuyunca, kendimizi \u00c7anakkale Sava\u015f\u0131\u2019n\u0131n en \u00e7etin g\u00fcnlerinde buluyor ve Mehmet\u00e7iklerin ak\u0131l almaz bulu\u015funa tan\u0131kl\u0131k ediyoruz. S\u00f6zleri milli, ancak bestesi milli olarak kabul edilmeyen \u0130stiklal Mar\u015f\u0131\u2019n\u0131n bestesinin ba\u015fka bir eserden \u00e7al\u0131nd\u0131\u011f\u0131 iddialar\u0131 ortaya at\u0131l\u0131yor. &#8220;Gen\u00e7lik Mar\u015f\u0131&#8221; ile ilgili b\u00f6l\u00fcm, bizi Samsun\u2019dan Ankara\u2019ya uzanan zorlu yolculu\u011fa \u00e7\u0131kar\u0131yor ve cumhuriyetin ola\u011fan\u00fcst\u00fc kurulu\u015f \u015fartlar\u0131na bir kez daha tan\u0131kl\u0131k etmemizi sa\u011fl\u0131yor. &#8220;Radyoda T\u00fcrk M\u00fczi\u011fi Yasa\u011f\u0131&#8221; konusu ise bu kitapta ilk kez a\u00e7\u0131kl\u0131\u011fa kavu\u015fuyor. T\u00fcrk kad\u0131n\u0131n\u0131n se\u00e7me ve se\u00e7ilme hakk\u0131n\u0131 kazanmas\u0131nda bir m\u00fczik \u00f6\u011frencisinin rol ald\u0131\u011f\u0131n\u0131 yine bu kitaptan \u00f6\u011freniyoruz. Kitapta daha burada say\u0131lamayacak kadar ilgin\u00e7 an\u0131lar ve olaylar yer al\u0131yor. &#8220;Do\u011fumunun 130. Y\u0131l\u0131nda Atat\u00fcrk ve M\u00fczik&#8221; kitab\u0131 bizi a\u011f\u0131rl\u0131kl\u0131 olarak Atat\u00fcrk\u2019\u00fcn m\u00fczikle ilgili y\u00f6nlerine g\u00f6t\u00fcr\u00fcyor. Bizi bir kez daha olaylar\u0131n ya\u015fand\u0131\u011f\u0131 d\u00f6nemlere, ko\u015fullara ve ortamlara ta\u015f\u0131yor. Ya\u015fanm\u0131\u015f olaylar\u0131n toplumsal, k\u00fclt\u00fcrel ve tarihsel ger\u00e7eklikleri, ger\u00e7ek boyutlar\u0131 ve sonu\u00e7lar\u0131 \u00fczerinde yeniden durup d\u00fc\u015f\u00fcnmeye y\u00f6neltiyor. B\u00fct\u00fcn bu \u00f6zellikleriyle kitap bir b\u00fct\u00fcn olarak Atat\u00fcrk odakl\u0131 m\u00fczik ya\u015fam\u0131n\u0131n ve m\u00fczik devriminin erken cumhuriyet d\u00f6nemine anlaml\u0131 bir \u0131\u015f\u0131k tutuyor.<\/p>\n","protected":false},"excerpt":{"rendered":"<p>Kitap kendine \u00f6zg\u00fc bir derleme. \u0130\u00e7lerinde Atat\u00fcrk\u2019\u00fcn yer ald\u0131\u011f\u0131 m\u00fczikle ilgili olaysal an\u0131lar, \u00e7ok say\u0131da kaynaktan, ger\u00e7ek\u00e7i bir anlay\u0131\u015f ve nesnel bir yakla\u015f\u0131mla al\u0131n\u0131p ustaca derlenmi\u015f,<span class=\"excerpt-hellip\"> [\u2026]<\/span><\/p>\n","protected":false},"featured_media":0,"template":"","meta":{"_monsterinsights_skip_tracking":false,"_monsterinsights_sitenote_active":false,"_monsterinsights_sitenote_note":"","_monsterinsights_sitenote_category":0},"product_brand":[],"product_cat":[12530,12304],"product_tag":[],"class_list":{"0":"post-691022","1":"product","2":"type-product","3":"status-publish","5":"product_cat-mustafa-kemal-ataturk","6":"product_cat-tarih","7":"pa_cilt-ciltsiz","8":"pa_tur-kitap","9":"pa_yayinevi-muzik-egitimi-yayinlari","10":"pa_yazar-suleyman-tarman","12":"first","13":"instock","14":"sale","15":"shipping-taxable","16":"purchasable","17":"product-type-simple"},"_links":{"self":[{"href":"https:\/\/roveyayinevi.com.tr\/index.php\/wp-json\/wp\/v2\/product\/691022","targetHints":{"allow":["GET"]}}],"collection":[{"href":"https:\/\/roveyayinevi.com.tr\/index.php\/wp-json\/wp\/v2\/product"}],"about":[{"href":"https:\/\/roveyayinevi.com.tr\/index.php\/wp-json\/wp\/v2\/types\/product"}],"wp:attachment":[{"href":"https:\/\/roveyayinevi.com.tr\/index.php\/wp-json\/wp\/v2\/media?parent=691022"}],"wp:term":[{"taxonomy":"product_brand","embeddable":true,"href":"https:\/\/roveyayinevi.com.tr\/index.php\/wp-json\/wp\/v2\/product_brand?post=691022"},{"taxonomy":"product_cat","embeddable":true,"href":"https:\/\/roveyayinevi.com.tr\/index.php\/wp-json\/wp\/v2\/product_cat?post=691022"},{"taxonomy":"product_tag","embeddable":true,"href":"https:\/\/roveyayinevi.com.tr\/index.php\/wp-json\/wp\/v2\/product_tag?post=691022"}],"curies":[{"name":"wp","href":"https:\/\/api.w.org\/{rel}","templated":true}]}}