{"id":690956,"date":"2025-08-27T13:54:50","date_gmt":"2025-08-27T10:54:50","guid":{"rendered":"https:\/\/roveyayinevi.com.tr\/index.php\/urun\/pabucumun-bagi-cozuldu\/"},"modified":"2026-04-16T02:00:24","modified_gmt":"2026-04-15T23:00:24","slug":"pabucumun-bagi-cozuldu","status":"publish","type":"product","link":"https:\/\/roveyayinevi.com.tr\/index.php\/urun\/pabucumun-bagi-cozuldu\/","title":{"rendered":"Pabucumun Ba\u011f\u0131 \u00c7\u00f6z\u00fcld\u00fc!.."},"content":{"rendered":"<p>Fatih Erdo\u011fan\u2019\u0131n kitaplar\u0131n\u0131n okul \u00f6ncesi birinci s\u0131n\u0131f d\u00f6nemlerinde \u00e7ok \u00f6zel bir yeri vard\u0131r.Bu kitaplardan birini okuyup da dizinin \u00f6teki kitaplar\u0131n\u0131 okumak istemeyen \u00e7ocu\u011fa rastlanmam\u0131\u015ft\u0131r.Ritmik c\u00fcmle yap\u0131lar\u0131, kafiyeli renkli anlat\u0131m\u0131yla \u00e7ocuklara kitab\u0131 sevdirmeyi ba\u015farmaktad\u0131r. Art\u0131k Kendim Okuyabilirim dizisindeki kitaplar\u0131n\u0131n okul\u00f6ncesi ve ilkokul birinci s\u0131n\u0131f d\u00f6nemlerinde \u00e7ok \u00f6zel bir yeri vard\u0131r. 1985 y\u0131l\u0131ndan beri yay\u0131mlanmakta olan bu kitaplardan birini okuyup da dizinin \u00f6teki kitaplar\u0131n\u0131 okumak istemeyen \u00e7ocu\u011fa rastlanmam\u0131\u015ft\u0131r. Ritmik c\u00fcmle yap\u0131lar\u0131, kafiyeli ve renkli anlat\u0131m\u0131yla bu kitaplar daha okumay\u0131 \u00f6\u011frenmeden \u00e7ocuklara kitab\u0131 sevdirmeyi ba\u015farmaktad\u0131r. \u0130lk yay\u0131mland\u0131\u011f\u0131 1985 y\u0131l\u0131ndan beri bu dizinin kitaplar\u0131 g\u00fcnden g\u00fcne artan bir ilgi g\u00f6rm\u00fc\u015f, ilkokul birinci s\u0131n\u0131flarda ve anaokullar\u0131nda \u00e7ocuklar\u0131n tutkusu haline gelmi\u015ftir. Yay\u0131nevimiz, bu kitaplar\u0131 \u00e7ocuklar\u0131na her ak\u015fam tekrar tekrar okumak ve her kitab\u0131n giri\u015finde yer alan \u00fcnl\u00fc tekerlemeyi ezberlemek zorunda kalacak olan anne babalardan, a\u011fabey ve ablalardan, dede ve ninelerden, amcalardan, teyzelerden ve halalardan, kuzenlerden ve ye\u011fenlerden, kom\u015fulardan ve yat\u0131l\u0131 yat\u0131s\u0131z t\u00fcm \u00e7ocuk bak\u0131c\u0131lar\u0131ndan \u00f6z\u00fcr diler. <\/p>\n","protected":false},"excerpt":{"rendered":"<p>Fatih Erdo\u011fan\u2019\u0131n kitaplar\u0131n\u0131n okul \u00f6ncesi birinci s\u0131n\u0131f d\u00f6nemlerinde \u00e7ok \u00f6zel bir yeri vard\u0131r.Bu kitaplardan birini okuyup da dizinin \u00f6teki kitaplar\u0131n\u0131 okumak istemeyen \u00e7ocu\u011fa rastlanmam\u0131\u015ft\u0131r.Ritmik c\u00fcmle yap\u0131lar\u0131,<span class=\"excerpt-hellip\"> [\u2026]<\/span><\/p>\n","protected":false},"featured_media":0,"template":"","meta":{"_monsterinsights_skip_tracking":false,"_monsterinsights_sitenote_active":false,"_monsterinsights_sitenote_note":"","_monsterinsights_sitenote_category":0},"product_brand":[],"product_cat":[12274,12518],"product_tag":[],"class_list":{"0":"post-690956","1":"product","2":"type-product","3":"status-publish","5":"product_cat-cocuk-ve-genclik-kitaplari","6":"product_cat-okul-oncesi-kitaplar","7":"pa_tur-kitap","8":"pa_yayinevi-mavi-bulut-yayinlari","9":"pa_yazar-fatih-erdogan","11":"first","12":"instock","13":"sale","14":"shipping-taxable","15":"purchasable","16":"product-type-simple"},"_links":{"self":[{"href":"https:\/\/roveyayinevi.com.tr\/index.php\/wp-json\/wp\/v2\/product\/690956","targetHints":{"allow":["GET"]}}],"collection":[{"href":"https:\/\/roveyayinevi.com.tr\/index.php\/wp-json\/wp\/v2\/product"}],"about":[{"href":"https:\/\/roveyayinevi.com.tr\/index.php\/wp-json\/wp\/v2\/types\/product"}],"wp:attachment":[{"href":"https:\/\/roveyayinevi.com.tr\/index.php\/wp-json\/wp\/v2\/media?parent=690956"}],"wp:term":[{"taxonomy":"product_brand","embeddable":true,"href":"https:\/\/roveyayinevi.com.tr\/index.php\/wp-json\/wp\/v2\/product_brand?post=690956"},{"taxonomy":"product_cat","embeddable":true,"href":"https:\/\/roveyayinevi.com.tr\/index.php\/wp-json\/wp\/v2\/product_cat?post=690956"},{"taxonomy":"product_tag","embeddable":true,"href":"https:\/\/roveyayinevi.com.tr\/index.php\/wp-json\/wp\/v2\/product_tag?post=690956"}],"curies":[{"name":"wp","href":"https:\/\/api.w.org\/{rel}","templated":true}]}}