{"id":690892,"date":"2025-08-27T13:54:38","date_gmt":"2025-08-27T10:54:38","guid":{"rendered":"https:\/\/roveyayinevi.com.tr\/index.php\/urun\/cok-kulturluluk-acisindan-dil-haklari\/"},"modified":"2026-04-16T02:00:23","modified_gmt":"2026-04-15T23:00:23","slug":"cok-kulturluluk-acisindan-dil-haklari","status":"publish","type":"product","link":"https:\/\/roveyayinevi.com.tr\/index.php\/urun\/cok-kulturluluk-acisindan-dil-haklari\/","title":{"rendered":"\u00c7ok-K\u00fclt\u00fcrl\u00fcl\u00fck A\u00e7\u0131s\u0131ndan Dil Haklar\u0131"},"content":{"rendered":"<p>Mustafa Ko\u00e7ak&#8217;\u0131n \u00c7ok-K\u00fclt\u00fcrl\u00fcl\u00fck A\u00e7\u0131s\u0131ndan Dil Haklar\u0131 kitab\u0131nda \u00e7ok-k\u00fclt\u00fcrc\u00fc yakla\u015f\u0131m\u0131n, dil haklar\u0131n\u0131n dayand\u0131r\u0131ld\u0131\u011f\u0131 normatif temel olarak benimsendi\u011fi g\u00f6r\u00fclmektedir. Eserde, adalet prensipleri \u00e7er\u00e7evesinde, dilsel farkl\u0131l\u0131\u011f\u0131n hukuksal bir de\u011fer ve hak olarak kabul edilecekse, bunun hangi ilkeler temelinde ve nas\u0131l d\u00fczenlenebilece\u011fi ara\u015ft\u0131r\u0131lm\u0131\u015f ve \u00e7ok-boyutlu, \u00e7ok-katmanl\u0131 bir konu olan dilsel adalet d\u00fc\u015f\u00fcncesi \u00e7arp\u0131c\u0131 bir bi\u00e7imde i\u015flenmi\u015ftir. Birbiri ile ilintili olan; birey, k\u00fclt\u00fcr, k\u00fclt\u00fcrel se\u00e7im, kimlik, yurtta\u015fl\u0131k, e\u015fitlik, k\u00fclt\u00fcrel haklar, az\u0131nl\u0131k gruplar\u0131, dil politikalar\u0131, asimilasyon, kolektif haklar, \u00f6z-y\u00f6netim haklar\u0131 gibi bir\u00e7ok konu, dil haklar\u0131 merkezli verimli bir tart\u0131\u015fmay\u0131 zenginle\u015ftirmi\u015ftir. Eser ayn\u0131 zamanda T\u00fcrkiye&#8217;nin yak\u0131n tarihinin en \u00f6nemli meselelerinden K\u00fcrt Sorunu&#8217;nun merkezi unsurlar\u0131ndan birine de temas etmektedir. K\u00fcrt Sorunu art\u0131k kabul edildi\u011fi \u00fczere, K\u00fcrt kimli\u011finin ve dilinin tan\u0131n\u0131p tan\u0131nmamas\u0131 ile ba\u011flant\u0131l\u0131d\u0131r. Bu y\u00fczden T\u00fcrkiye&#8217;nin i\u00e7 siyasetinde bug\u00fcn ve yak\u0131n gelecekteki temel tart\u0131\u015fma konusunun, dil haklar\u0131 meselesi olaca\u011f\u0131 rahatl\u0131kla s\u00f6ylenebilir.  Ko\u00e7ak&#8217;\u0131n \u00e7al\u0131\u015fmas\u0131, her ne kadar \u00f6zellikle T\u00fcrkiye&#8217;ye ve K\u00fcrt Sorunu&#8217;na odaklanm\u0131\u015f olmasa da tarihsel ya\u015fanm\u0131\u015fl\u0131klar\u0131n \u00f6tesinde, neden T\u00fcrkiye&#8217;de bir K\u00fcrt Sorunu&#8217;nun ortaya \u00e7\u0131kt\u0131\u011f\u0131n\u0131, devam etti\u011fini ve meselenin \u00f6z\u00fcne ili\u015fkin adil bir yakla\u015f\u0131m benimsenmedi\u011fi takdirde bu sorunun neden \u00e7\u00f6z\u00fclemeyece\u011fini, dilsel farkl\u0131l\u0131\u011f\u0131 ve buna ba\u011fl\u0131 hak taleplerinin i\u00e7 mant\u0131\u011f\u0131n\u0131 analiz eden \u00f6zelli\u011fi ile bize g\u00f6stermektedir. S\u00f6z konusu yap\u0131s\u0131 ve ele ald\u0131\u011f\u0131 konular\u0131n \u00e7e\u015fitlili\u011fi ile eser, p\u00fcr akademik ilgililer kadar, ara\u015ft\u0131rmac\u0131lar, gazeteciler ve siyaset bilimi ve hukuka ilgi duyan genel okuyucuya da hitap etmektedir. <\/p>\n","protected":false},"excerpt":{"rendered":"<p>Mustafa Ko\u00e7ak&#8217;\u0131n \u00c7ok-K\u00fclt\u00fcrl\u00fcl\u00fck A\u00e7\u0131s\u0131ndan Dil Haklar\u0131 kitab\u0131nda \u00e7ok-k\u00fclt\u00fcrc\u00fc yakla\u015f\u0131m\u0131n, dil haklar\u0131n\u0131n dayand\u0131r\u0131ld\u0131\u011f\u0131 normatif temel olarak benimsendi\u011fi g\u00f6r\u00fclmektedir. Eserde, adalet prensipleri \u00e7er\u00e7evesinde, dilsel farkl\u0131l\u0131\u011f\u0131n hukuksal bir de\u011fer<span class=\"excerpt-hellip\"> [\u2026]<\/span><\/p>\n","protected":false},"featured_media":0,"template":"","meta":{"_monsterinsights_skip_tracking":false,"_monsterinsights_sitenote_active":false,"_monsterinsights_sitenote_note":"","_monsterinsights_sitenote_category":0},"product_brand":[],"product_cat":[13489,13488],"product_tag":[],"class_list":{"0":"post-690892","1":"product","2":"type-product","3":"status-publish","5":"product_cat-populer-kultur","6":"product_cat-toplum-ve-insan","7":"pa_cilt-ciltsiz","8":"pa_tur-kitap","9":"pa_yayinevi-liberte-yayinlari","10":"pa_yazar-mustafa-kocak","12":"first","13":"instock","14":"sale","15":"shipping-taxable","16":"purchasable","17":"product-type-simple"},"_links":{"self":[{"href":"https:\/\/roveyayinevi.com.tr\/index.php\/wp-json\/wp\/v2\/product\/690892","targetHints":{"allow":["GET"]}}],"collection":[{"href":"https:\/\/roveyayinevi.com.tr\/index.php\/wp-json\/wp\/v2\/product"}],"about":[{"href":"https:\/\/roveyayinevi.com.tr\/index.php\/wp-json\/wp\/v2\/types\/product"}],"wp:attachment":[{"href":"https:\/\/roveyayinevi.com.tr\/index.php\/wp-json\/wp\/v2\/media?parent=690892"}],"wp:term":[{"taxonomy":"product_brand","embeddable":true,"href":"https:\/\/roveyayinevi.com.tr\/index.php\/wp-json\/wp\/v2\/product_brand?post=690892"},{"taxonomy":"product_cat","embeddable":true,"href":"https:\/\/roveyayinevi.com.tr\/index.php\/wp-json\/wp\/v2\/product_cat?post=690892"},{"taxonomy":"product_tag","embeddable":true,"href":"https:\/\/roveyayinevi.com.tr\/index.php\/wp-json\/wp\/v2\/product_tag?post=690892"}],"curies":[{"name":"wp","href":"https:\/\/api.w.org\/{rel}","templated":true}]}}