{"id":690885,"date":"2025-08-27T13:54:37","date_gmt":"2025-08-27T10:54:37","guid":{"rendered":"https:\/\/roveyayinevi.com.tr\/index.php\/urun\/kolelik-yolu\/"},"modified":"2026-04-16T02:00:22","modified_gmt":"2026-04-15T23:00:22","slug":"kolelik-yolu","status":"publish","type":"product","link":"https:\/\/roveyayinevi.com.tr\/index.php\/urun\/kolelik-yolu\/","title":{"rendered":"K\u00f6lelik Yolu"},"content":{"rendered":"<p>Hayek, ku\u015fkusuz, y\u00fczy\u0131l\u0131m\u0131za damgas\u0131n\u0131 vuran en b\u00fcy\u00fck liberal d\u00fc\u015f\u00fcn\u00fcrler aras\u0131nda ilk akla gelen isimlerdendir. Bu kitap, d\u00fc\u015f\u00fcn\u00fcr\u00fcn \u00f6zg\u00fcrl\u00fck savunusuna adad\u0131\u011f\u0131 uzun entelekt\u00fcel hayat\u0131n\u0131n en \u00e7arp\u0131c\u0131 \u00fcr\u00fcnlerindendir. K\u00f6lelik Yolu, son derece \u00f6nemli baz\u0131 siyasal sorunlar\u0131n cevaplar\u0131n\u0131 aramaktad\u0131r. \u00d6zg\u00fcrl\u00fck nedir? Sosyalizm, fa\u015fizm ve di\u011fer totaliter sistemler neden \u00f6zg\u00fcrl\u00fckle uzla\u015fmaz bir \u00e7eli\u015fki i\u00e7indedirler? Birbirine kar\u015f\u0131t g\u00f6r\u00fcnen \u00f6zg\u00fcrl\u00fck aleyhtar\u0131 anlay\u0131\u015flar yoksa ayn\u0131 k\u00f6kten mi t\u00fcremi\u015flerdir? S\u00f6zgelimi, &#8220;Nazizmin sosyalist k\u00f6kleri&#8221; nelerdir? \u00d6zg\u00fcrl\u00fck ge\u00e7ici bir g\u00fcvenlik u\u011fruna feda edilebilir mi? Kolektivist ekonomi alt\u0131nda demokrasinin ve az\u0131nl\u0131k haklar\u0131n\u0131n ya\u015fama \u015fans\u0131 var m\u0131d\u0131r?   \u00dclkemizdeki egemen sol iktidar\u0131n uzun y\u0131llar g\u00fcndemine bile almad\u0131\u011f\u0131 bu sorunlar Hayek&#8217;de, liberal siyasal d\u00fc\u015f\u00fcnce gelene\u011fi i\u00e7inde tutarl\u0131 bir \u015fekilde a\u00e7\u0131klan\u0131yor. Yine \u00fclkemizde \u00e7ok\u00e7a konu\u015fulan, \u015fark\u0131lar\u0131 s\u00f6ylenen, ama Hayek&#8217;in s\u0131n\u0131flamas\u0131yla &#8220;sahte&#8221;si reva\u00e7ta olan ve ona en uzak kesimlerce kullan\u0131lan \u00f6zg\u00fcrl\u00fc\u011f\u00fcn k\u00f6t\u00fc kaderi, ancak J. S. Mill&#8217;in H\u00fcrriyet \u00dcst\u00fcne&#8217;siyle k\u0131yaslanabilecek bu t\u00fcr kitaplar\u0131n kendi dilimizde okunmas\u0131yla de\u011fi\u015ftirilebilecektir. <\/p>\n","protected":false},"excerpt":{"rendered":"<p>Hayek, ku\u015fkusuz, y\u00fczy\u0131l\u0131m\u0131za damgas\u0131n\u0131 vuran en b\u00fcy\u00fck liberal d\u00fc\u015f\u00fcn\u00fcrler aras\u0131nda ilk akla gelen isimlerdendir. Bu kitap, d\u00fc\u015f\u00fcn\u00fcr\u00fcn \u00f6zg\u00fcrl\u00fck savunusuna adad\u0131\u011f\u0131 uzun entelekt\u00fcel hayat\u0131n\u0131n en \u00e7arp\u0131c\u0131 \u00fcr\u00fcnlerindendir.<span class=\"excerpt-hellip\"> [\u2026]<\/span><\/p>\n","protected":false},"featured_media":0,"template":"","meta":{"_monsterinsights_skip_tracking":false,"_monsterinsights_sitenote_active":false,"_monsterinsights_sitenote_note":"","_monsterinsights_sitenote_category":0},"product_brand":[],"product_cat":[16098,12337],"product_tag":[],"class_list":{"0":"post-690885","1":"product","2":"type-product","3":"status-publish","5":"product_cat-politik-akimlar-hareketler","6":"product_cat-politika-siyaset","7":"pa_cilt-ciltsiz","8":"pa_tur-kitap","9":"pa_yayinevi-liberte-yayinlari","10":"pa_yazar-friedrich-a-von-hayek","12":"first","13":"instock","14":"sale","15":"shipping-taxable","16":"purchasable","17":"product-type-simple"},"_links":{"self":[{"href":"https:\/\/roveyayinevi.com.tr\/index.php\/wp-json\/wp\/v2\/product\/690885","targetHints":{"allow":["GET"]}}],"collection":[{"href":"https:\/\/roveyayinevi.com.tr\/index.php\/wp-json\/wp\/v2\/product"}],"about":[{"href":"https:\/\/roveyayinevi.com.tr\/index.php\/wp-json\/wp\/v2\/types\/product"}],"wp:attachment":[{"href":"https:\/\/roveyayinevi.com.tr\/index.php\/wp-json\/wp\/v2\/media?parent=690885"}],"wp:term":[{"taxonomy":"product_brand","embeddable":true,"href":"https:\/\/roveyayinevi.com.tr\/index.php\/wp-json\/wp\/v2\/product_brand?post=690885"},{"taxonomy":"product_cat","embeddable":true,"href":"https:\/\/roveyayinevi.com.tr\/index.php\/wp-json\/wp\/v2\/product_cat?post=690885"},{"taxonomy":"product_tag","embeddable":true,"href":"https:\/\/roveyayinevi.com.tr\/index.php\/wp-json\/wp\/v2\/product_tag?post=690885"}],"curies":[{"name":"wp","href":"https:\/\/api.w.org\/{rel}","templated":true}]}}