{"id":690812,"date":"2025-08-27T13:53:38","date_gmt":"2025-08-27T10:53:38","guid":{"rendered":"https:\/\/roveyayinevi.com.tr\/index.php\/urun\/kafkanin-bebegi\/"},"modified":"2026-04-16T02:00:20","modified_gmt":"2026-04-15T23:00:20","slug":"kafkanin-bebegi","status":"publish","type":"product","link":"https:\/\/roveyayinevi.com.tr\/index.php\/urun\/kafkanin-bebegi\/","title":{"rendered":"Kafka\u2019n\u0131n Bebe\u011fi"},"content":{"rendered":"<p>1923. Berlin\u2019de bir park. K\u00fc\u00e7\u00fck bir k\u0131z \u00e7ocu\u011fu kaybolan bebe\u011finin arkas\u0131ndan a\u011flarken, parkta kar\u015f\u0131la\u015ft\u0131\u011f\u0131 siyah giyimli, ince yap\u0131l\u0131, kibar bir adam onu avutmaya \u00e7al\u0131\u015f\u0131r. Herhangi biri de\u011fildir bu adam, Franz Kafka\u2019d\u0131r. A\u011f\u0131r hasta olan \u00fcnl\u00fc yazar k\u00fc\u00e7\u00fck k\u0131z\u0131 \u00e7ekti\u011fi \u00fcz\u00fcnt\u00fcden kurtarmak i\u00e7in \u00e7ok \u00f6zel bir \u00e7\u00f6z\u00fcm \u00fcretir. Her g\u00fcn parka gelir, kendi yazd\u0131\u011f\u0131 bir mektubu getirir ve bunu kaybolan bebe\u011fin g\u00f6nderdi\u011fini s\u00f6yler. G\u00fcnlerce bulu\u015fur bu iki s\u0131ra d\u0131\u015f\u0131 ki\u015fi ve aralar\u0131nda tuhaf bir arkada\u015fl\u0131k geli\u015fir. Bu \u00f6zel mektuplar\u0131n yaln\u0131zca k\u00fc\u00e7\u00fck k\u0131za de\u011fil, Franz Kafka\u2019ya da yard\u0131m\u0131 olacak, say\u0131l\u0131 g\u00fcnleri kalan yazar k\u0131sa s\u00fcreli\u011fine de olsa hayata sar\u0131lacakt\u0131r; ancak g\u00fcn\u00fcn birinde beklenmedik bir olay bu arkada\u015fl\u0131\u011f\u0131n s\u00fcrmesini zora sokar.B\u00fcy\u00fck yazar\u0131n hayat\u0131n\u0131n son haftalar\u0131n\u0131, ger\u00e7ek bir olaydan yola \u00e7\u0131karak ve biyografik bilgilerle donatarak anlatan bu roman Kafka okuru i\u00e7in ger\u00e7ek bir s\u00fcrpriz. <\/p>\n","protected":false},"excerpt":{"rendered":"<p>1923. Berlin\u2019de bir park. K\u00fc\u00e7\u00fck bir k\u0131z \u00e7ocu\u011fu kaybolan bebe\u011finin arkas\u0131ndan a\u011flarken, parkta kar\u015f\u0131la\u015ft\u0131\u011f\u0131 siyah giyimli, ince yap\u0131l\u0131, kibar bir adam onu avutmaya \u00e7al\u0131\u015f\u0131r. Herhangi biri<span class=\"excerpt-hellip\"> [\u2026]<\/span><\/p>\n","protected":false},"featured_media":0,"template":"","meta":{"_monsterinsights_skip_tracking":false,"_monsterinsights_sitenote_active":false,"_monsterinsights_sitenote_note":"","_monsterinsights_sitenote_category":0},"product_brand":[],"product_cat":[12782,12291],"product_tag":[],"class_list":{"0":"post-690812","1":"product","2":"type-product","3":"status-publish","5":"product_cat-alman-edebiyati","6":"product_cat-edebiyat","7":"pa_cilt-ciltsiz","8":"pa_tur-kitap","9":"pa_yayinevi-kirmizi-kedi-yayinevi","10":"pa_yazar-gerd-schneider","12":"first","13":"instock","14":"sale","15":"shipping-taxable","16":"purchasable","17":"product-type-simple"},"_links":{"self":[{"href":"https:\/\/roveyayinevi.com.tr\/index.php\/wp-json\/wp\/v2\/product\/690812","targetHints":{"allow":["GET"]}}],"collection":[{"href":"https:\/\/roveyayinevi.com.tr\/index.php\/wp-json\/wp\/v2\/product"}],"about":[{"href":"https:\/\/roveyayinevi.com.tr\/index.php\/wp-json\/wp\/v2\/types\/product"}],"wp:attachment":[{"href":"https:\/\/roveyayinevi.com.tr\/index.php\/wp-json\/wp\/v2\/media?parent=690812"}],"wp:term":[{"taxonomy":"product_brand","embeddable":true,"href":"https:\/\/roveyayinevi.com.tr\/index.php\/wp-json\/wp\/v2\/product_brand?post=690812"},{"taxonomy":"product_cat","embeddable":true,"href":"https:\/\/roveyayinevi.com.tr\/index.php\/wp-json\/wp\/v2\/product_cat?post=690812"},{"taxonomy":"product_tag","embeddable":true,"href":"https:\/\/roveyayinevi.com.tr\/index.php\/wp-json\/wp\/v2\/product_tag?post=690812"}],"curies":[{"name":"wp","href":"https:\/\/api.w.org\/{rel}","templated":true}]}}