{"id":690777,"date":"2025-08-27T13:53:31","date_gmt":"2025-08-27T10:53:31","guid":{"rendered":"https:\/\/roveyayinevi.com.tr\/index.php\/urun\/kurtulus-savasinda-kurt-politikasi\/"},"modified":"2026-04-16T02:00:19","modified_gmt":"2026-04-15T23:00:19","slug":"kurtulus-savasinda-kurt-politikasi","status":"publish","type":"product","link":"https:\/\/roveyayinevi.com.tr\/index.php\/urun\/kurtulus-savasinda-kurt-politikasi\/","title":{"rendered":"Kurtulu\u015f Sava\u015f\u0131\u2019nda K\u00fcrt Politikas\u0131"},"content":{"rendered":"<p>Kemalist \u00f6nderli\u011fin 1919-1926 y\u0131llar\u0131nda K\u00fcrt sorununa ili\u015fkin anayasal ilke ve politikalar\u0131. M\u00fcdafaai Hukuk Cemiyeti\u2019nin, Erzurum ve Sivas Kongreleri\u2019nin, Amasya G\u00f6r\u00fc\u015fmesi\u2019nin, Misak\u0131 Mill\u00ee\u2019nin \u00fcst\u00fcndeki perde kald\u0131r\u0131l\u0131yor. Makaslanm\u0131\u015f veya de\u011fi\u015ftirilmi\u015f belgelerin as\u0131llar\u0131 bu kitapta. Kemalist \u00f6nderli\u011fin hedef ve stratejisi, mill\u00ee devlet projesi&#8230; T\u00fcrk ve K\u00fcrt tekmil milleti birle\u015ftirmek&#8230;; K\u00fcrtlerin Kurtulu\u015f Sava\u015f\u0131\u2019na kat\u0131l\u0131m\u0131&#8230;; Do\u011fu\u2019da bir dayanak yaratarak b\u00fct\u00fcn vatan\u0131 kurtarmak&#8230;; T\u00fcrkiye\u2019yi birle\u015ftiren prensip&#8230;; Ortak \u00f6rg\u00fctlenme&#8230;; Ortak karar&#8230;; Ortak vatan: Misak\u0131 Mill\u00ee&#8230; Atat\u00fcrk\u2019te Mill\u00ee Hudutlar kavram\u0131&#8230; Cumhuriyet\u2019in kurucu unsurlar\u0131: T\u00fcrkler ve K\u00fcrtler&#8230; Ortak kimlik&#8230; Ortak cumhuriyet&#8230; \u015e\u00fbralarla \u00f6zerk idare, 1921 Anayasas\u0131\u2019n\u0131n halk\u00e7\u0131 idare sistemi&#8230; Kemalist h\u00fck\u00fcmetin  K\u00fcrtlere Mahall\u00ee \u0130dare  karar\u0131&#8230; Kurtulu\u015f Sava\u015f\u0131 belgelerinde ve uluslararas\u0131 konferanslarda K\u00fcrtlerin hak ve h\u00fcrriyetleri&#8230; Ortak Mustafa Kemal&#8230; Kurtulu\u015f Sava\u015f\u0131m\u0131z\u0131n s\u0131nanm\u0131\u015f \u00e7\u00f6z\u00fcm\u00fc&#8230; <\/p>\n","protected":false},"excerpt":{"rendered":"<p>Kemalist \u00f6nderli\u011fin 1919-1926 y\u0131llar\u0131nda K\u00fcrt sorununa ili\u015fkin anayasal ilke ve politikalar\u0131. M\u00fcdafaai Hukuk Cemiyeti\u2019nin, Erzurum ve Sivas Kongreleri\u2019nin, Amasya G\u00f6r\u00fc\u015fmesi\u2019nin, Misak\u0131 Mill\u00ee\u2019nin \u00fcst\u00fcndeki perde kald\u0131r\u0131l\u0131yor. Makaslanm\u0131\u015f<span class=\"excerpt-hellip\"> [\u2026]<\/span><\/p>\n","protected":false},"featured_media":0,"template":"","meta":{"_monsterinsights_skip_tracking":false,"_monsterinsights_sitenote_active":false,"_monsterinsights_sitenote_note":"","_monsterinsights_sitenote_category":0},"product_brand":[],"product_cat":[12304,13493],"product_tag":[],"class_list":{"0":"post-690777","1":"product","2":"type-product","3":"status-publish","5":"product_cat-tarih","6":"product_cat-turkiye-ve-cumhuriyet-tarihi","7":"pa_tur-kitap","8":"pa_yayinevi-kaynak-yayinlari","9":"pa_yazar-dogu-perincek","11":"first","12":"instock","13":"sale","14":"shipping-taxable","15":"purchasable","16":"product-type-simple"},"_links":{"self":[{"href":"https:\/\/roveyayinevi.com.tr\/index.php\/wp-json\/wp\/v2\/product\/690777","targetHints":{"allow":["GET"]}}],"collection":[{"href":"https:\/\/roveyayinevi.com.tr\/index.php\/wp-json\/wp\/v2\/product"}],"about":[{"href":"https:\/\/roveyayinevi.com.tr\/index.php\/wp-json\/wp\/v2\/types\/product"}],"wp:attachment":[{"href":"https:\/\/roveyayinevi.com.tr\/index.php\/wp-json\/wp\/v2\/media?parent=690777"}],"wp:term":[{"taxonomy":"product_brand","embeddable":true,"href":"https:\/\/roveyayinevi.com.tr\/index.php\/wp-json\/wp\/v2\/product_brand?post=690777"},{"taxonomy":"product_cat","embeddable":true,"href":"https:\/\/roveyayinevi.com.tr\/index.php\/wp-json\/wp\/v2\/product_cat?post=690777"},{"taxonomy":"product_tag","embeddable":true,"href":"https:\/\/roveyayinevi.com.tr\/index.php\/wp-json\/wp\/v2\/product_tag?post=690777"}],"curies":[{"name":"wp","href":"https:\/\/api.w.org\/{rel}","templated":true}]}}