{"id":690703,"date":"2025-08-27T13:53:18","date_gmt":"2025-08-27T10:53:18","guid":{"rendered":"https:\/\/roveyayinevi.com.tr\/index.php\/urun\/68in-sirri\/"},"modified":"2026-04-16T02:00:18","modified_gmt":"2026-04-15T23:00:18","slug":"68in-sirri","status":"publish","type":"product","link":"https:\/\/roveyayinevi.com.tr\/index.php\/urun\/68in-sirri\/","title":{"rendered":"68\u2019in S\u0131rr\u0131"},"content":{"rendered":"<p>Hasan Yal\u00e7\u0131n, 68 \u00fczerine s\u00f6z\u00fc olan devrimci gen\u00e7lik \u00f6nderlerinin \u00f6n s\u0131ras\u0131ndad\u0131r. 1968 Hareketi dendi\u011fi zaman, ilk akla gelen birka\u00e7 gen\u00e7lik \u00f6nderi aras\u0131ndad\u0131r, 21. y\u00fczy\u0131la uzanan sosyalist hareket i\u00e7inde de se\u00e7kin bir \u00f6nderdir, Hem 68\u2019e uzanan ve 68\u2019de ya\u015fanan tecr\u00fcbeyi, hem de 68 sonras\u0131n\u0131, 2002 y\u0131l\u0131nda son nefesine kadar se\u00e7kin bir \u00f6nder olarak ya\u015fam\u0131\u015ft\u0131r. 68\u2019in s\u0131rr\u0131n\u0131 Hasan Yal\u00e7\u0131n\u2019\u0131n bilmesi ve teoriie\u015ftirmesi, bu nedenle do\u011fald\u0131r. Kitab\u0131n ba\u015fl\u0131\u011f\u0131, i\u00e7eri\u011fine \u00e7ok yak\u0131\u015fmaktad\u0131r. 68 Gen\u00e7lik Hareketi i\u00e7inde Hasan Yal\u00e7\u0131n, cesaret ile akl\u0131 birle\u015ftiren m\u00fcstensa \u00f6zelli\u011fiyle 68 miras\u0131n\u0131n e\u015fine az rastlan\u0131r de\u011feridir. Bu kitap, o birikimi gen\u00e7 ku\u015faklara sunmaktad\u0131r. \u015eimdi, 68&#8217;e d\u00f6nmenin de\u011fil, 2008,2018 ve 2028&#8217;ler i\u00e7in m\u00fccadelenin zaman\u0131d\u0131r. 68&#8217;linin d\u00fc\u015f\u00fc, gelecek on y\u0131llardayd\u0131. O, d\u00fc\u015flerini ge\u00e7mi\u015fin takvim yapraklar\u0131nda aramad\u0131; g\u00f6zleri, umutlar\u0131 hep gelecektiydi ve gelece\u011fi yaratmak i\u00e7in eyleme giri\u015fti. O nedenle g\u00f6zlerimiz 1968&#8217;leri aram\u0131yor, \u0131\u015f\u0131lt\u0131yla 2068&#8217;lere bak\u0131yor. 68 devrimcili\u011finin s\u0131rr\u0131 da buydu, Hasan Yal\u00e7\u0131n&#8217;\u0131n s\u0131rr\u0131 da buydu. <\/p>\n","protected":false},"excerpt":{"rendered":"<p>Hasan Yal\u00e7\u0131n, 68 \u00fczerine s\u00f6z\u00fc olan devrimci gen\u00e7lik \u00f6nderlerinin \u00f6n s\u0131ras\u0131ndad\u0131r. 1968 Hareketi dendi\u011fi zaman, ilk akla gelen birka\u00e7 gen\u00e7lik \u00f6nderi aras\u0131ndad\u0131r, 21. y\u00fczy\u0131la uzanan sosyalist<span class=\"excerpt-hellip\"> [\u2026]<\/span><\/p>\n","protected":false},"featured_media":0,"template":"","meta":{"_monsterinsights_skip_tracking":false,"_monsterinsights_sitenote_active":false,"_monsterinsights_sitenote_note":"","_monsterinsights_sitenote_category":0},"product_brand":[],"product_cat":[12304,13493],"product_tag":[],"class_list":{"0":"post-690703","1":"product","2":"type-product","3":"status-publish","5":"product_cat-tarih","6":"product_cat-turkiye-ve-cumhuriyet-tarihi","7":"pa_tur-kitap","8":"pa_yayinevi-kaynak-yayinlari","9":"pa_yazar-hasan-yalcin","11":"first","12":"instock","13":"sale","14":"shipping-taxable","15":"purchasable","16":"product-type-simple"},"_links":{"self":[{"href":"https:\/\/roveyayinevi.com.tr\/index.php\/wp-json\/wp\/v2\/product\/690703","targetHints":{"allow":["GET"]}}],"collection":[{"href":"https:\/\/roveyayinevi.com.tr\/index.php\/wp-json\/wp\/v2\/product"}],"about":[{"href":"https:\/\/roveyayinevi.com.tr\/index.php\/wp-json\/wp\/v2\/types\/product"}],"wp:attachment":[{"href":"https:\/\/roveyayinevi.com.tr\/index.php\/wp-json\/wp\/v2\/media?parent=690703"}],"wp:term":[{"taxonomy":"product_brand","embeddable":true,"href":"https:\/\/roveyayinevi.com.tr\/index.php\/wp-json\/wp\/v2\/product_brand?post=690703"},{"taxonomy":"product_cat","embeddable":true,"href":"https:\/\/roveyayinevi.com.tr\/index.php\/wp-json\/wp\/v2\/product_cat?post=690703"},{"taxonomy":"product_tag","embeddable":true,"href":"https:\/\/roveyayinevi.com.tr\/index.php\/wp-json\/wp\/v2\/product_tag?post=690703"}],"curies":[{"name":"wp","href":"https:\/\/api.w.org\/{rel}","templated":true}]}}