{"id":690693,"date":"2025-08-27T13:53:16","date_gmt":"2025-08-27T10:53:16","guid":{"rendered":"https:\/\/roveyayinevi.com.tr\/index.php\/urun\/turkiyenin-milliyetcilikle-imtihani\/"},"modified":"2026-04-16T02:00:18","modified_gmt":"2026-04-15T23:00:18","slug":"turkiyenin-milliyetcilikle-imtihani","status":"publish","type":"product","link":"https:\/\/roveyayinevi.com.tr\/index.php\/urun\/turkiyenin-milliyetcilikle-imtihani\/","title":{"rendered":"T\u00fcrkiye\u2019nin Milliyet\u00e7ilikle \u0130mtihan\u0131"},"content":{"rendered":"<p>20. y\u00fczy\u0131l\u0131n ba\u015flar\u0131nda, T\u00fcrk edebiyat\u00e7\u0131 Halide Edip Ad\u0131var \u2018T\u00fcrk\u2019\u00fcn Ate\u015fle \u0130mtihan\u0131\u2019 ismini verdi\u011fi \u00e7ok \u00f6nemli bir \u00e7al\u0131\u015fmay\u0131 kaleme ald\u0131. Halide Edip Ad\u0131var\u2019\u0131n \u00fcnl\u00fc roman\u0131n\u0131 kaleme almas\u0131ndan uzun y\u0131llar sonra, bu topra\u011f\u0131n insan\u0131n\u0131n \u2018ate\u015fle imtihan\u0131\u2019 sona ermemi\u015ftir. Bu \u2018imtihan\u2019, bug\u00fcn K\u00fcrt Sorunu\u2019nun evrimle\u015fmesiyle beraber 21. y\u00fczy\u0131la ta\u015f\u0131nm\u0131\u015ft\u0131r. Bu \u00e7al\u0131\u015fmam\u0131zda incelemeye tabii tuttu\u011fumuz milliyet\u00e7i projelerin aral\u0131ks\u0131z \u00e7at\u0131\u015fmas\u0131, bu \u2018imtihan\u0131n\u2019 ileriki d\u00f6nemde T\u00fcrkiye\u2019nin, Ortado\u011fu\u2019nun, Do\u011fu Akdeniz\u2019in ve Mezopotamya\u2019n\u0131n kaderini etkilemeye devam edece\u011fini g\u00f6stermektedir. <\/p>\n","protected":false},"excerpt":{"rendered":"<p>20. y\u00fczy\u0131l\u0131n ba\u015flar\u0131nda, T\u00fcrk edebiyat\u00e7\u0131 Halide Edip Ad\u0131var \u2018T\u00fcrk\u2019\u00fcn Ate\u015fle \u0130mtihan\u0131\u2019 ismini verdi\u011fi \u00e7ok \u00f6nemli bir \u00e7al\u0131\u015fmay\u0131 kaleme ald\u0131. Halide Edip Ad\u0131var\u2019\u0131n \u00fcnl\u00fc roman\u0131n\u0131 kaleme almas\u0131ndan<span class=\"excerpt-hellip\"> [\u2026]<\/span><\/p>\n","protected":false},"featured_media":0,"template":"","meta":{"_monsterinsights_skip_tracking":false,"_monsterinsights_sitenote_active":false,"_monsterinsights_sitenote_note":"","_monsterinsights_sitenote_category":0},"product_brand":[],"product_cat":[13656,12337],"product_tag":[],"class_list":{"0":"post-690693","1":"product","2":"type-product","3":"status-publish","5":"product_cat-azinliklar-etnik-sorunlar","6":"product_cat-politika-siyaset","7":"pa_tur-kitap","8":"pa_yayinevi-kalkedon-yayincilik","9":"pa_yazar-nikolaos-stelya","11":"first","12":"instock","13":"sale","14":"shipping-taxable","15":"purchasable","16":"product-type-simple"},"_links":{"self":[{"href":"https:\/\/roveyayinevi.com.tr\/index.php\/wp-json\/wp\/v2\/product\/690693","targetHints":{"allow":["GET"]}}],"collection":[{"href":"https:\/\/roveyayinevi.com.tr\/index.php\/wp-json\/wp\/v2\/product"}],"about":[{"href":"https:\/\/roveyayinevi.com.tr\/index.php\/wp-json\/wp\/v2\/types\/product"}],"wp:attachment":[{"href":"https:\/\/roveyayinevi.com.tr\/index.php\/wp-json\/wp\/v2\/media?parent=690693"}],"wp:term":[{"taxonomy":"product_brand","embeddable":true,"href":"https:\/\/roveyayinevi.com.tr\/index.php\/wp-json\/wp\/v2\/product_brand?post=690693"},{"taxonomy":"product_cat","embeddable":true,"href":"https:\/\/roveyayinevi.com.tr\/index.php\/wp-json\/wp\/v2\/product_cat?post=690693"},{"taxonomy":"product_tag","embeddable":true,"href":"https:\/\/roveyayinevi.com.tr\/index.php\/wp-json\/wp\/v2\/product_tag?post=690693"}],"curies":[{"name":"wp","href":"https:\/\/api.w.org\/{rel}","templated":true}]}}