{"id":690645,"date":"2025-08-27T13:53:08","date_gmt":"2025-08-27T10:53:08","guid":{"rendered":"https:\/\/roveyayinevi.com.tr\/index.php\/urun\/turkiye-cumhuriyeti-1923\/"},"modified":"2026-04-16T02:00:16","modified_gmt":"2026-04-15T23:00:16","slug":"turkiye-cumhuriyeti-1923","status":"publish","type":"product","link":"https:\/\/roveyayinevi.com.tr\/index.php\/urun\/turkiye-cumhuriyeti-1923\/","title":{"rendered":"T\u00fcrkiye Cumhuriyeti 1923"},"content":{"rendered":"<p>Mahmut Golo\u011flu (1915-1982) Ak\u00e7aabat\u2019ta do\u011fdu, ayn\u0131 g\u00fcnlerde babas\u0131 Sar\u0131kam\u0131\u015f\u2019ta \u015fehit d\u00fc\u015ft\u00fc. Trabzon\u2019daki \u00f6\u011frencili\u011fi s\u0131ras\u0131nda Halkevi\u2019nin yerel tarih ara\u015ft\u0131rmalar\u0131na kat\u0131ld\u0131. Tarihle ilgisi b\u00f6ylece ba\u015flad\u0131. \u0130stanbul \u00dcniversitesi Hukuk Fak\u00fcltesi\u2019ni bitirerek Tekel\u2019de m\u00fcfetti\u015f oldu. Bir s\u00fcre serbest avukatl\u0131k yapt\u0131ktan sonra aktif siyasete at\u0131ld\u0131. Milletvekili oldu ve TBMM\u2019de ba\u015fkan vekilli\u011fi dahil pek \u00e7ok g\u00f6revde bulundu; Meclis K\u00fct\u00fcphanesi\u2019nde tarih \u00e7al\u0131\u015fmalar\u0131n\u0131 s\u00fcrd\u00fcrd\u00fc. Siyasetten \u00e7ekildikten sonra, yerel tarih \u00e7al\u0131\u015fmalar\u0131 ile Milli M\u00fccadele ve T\u00fcrkiye Cumhuriyeti Tarihi konulu dizi kitaplar\u0131n\u0131 kaleme ald\u0131. 1976\u2019da Karadeniz Teknik \u00dcniversitesi\u2019nde Devrim Tarihi profes\u00f6r\u00fc olarak ders vermeye ba\u015flad\u0131. Akademik \u00e7al\u0131\u015fmalar\u0131yla Bo\u011fazi\u00e7i \u00dcniversitesi taraf\u0131ndan 1981\u2019de \u015eeref \u00d6d\u00fcl\u00fc\u2019ne lay\u0131k g\u00f6r\u00fcld\u00fc. \ufffcTan\u0131t\u0131m Metni<\/p>\n","protected":false},"excerpt":{"rendered":"<p>Mahmut Golo\u011flu (1915-1982) Ak\u00e7aabat\u2019ta do\u011fdu, ayn\u0131 g\u00fcnlerde babas\u0131 Sar\u0131kam\u0131\u015f\u2019ta \u015fehit d\u00fc\u015ft\u00fc. Trabzon\u2019daki \u00f6\u011frencili\u011fi s\u0131ras\u0131nda Halkevi\u2019nin yerel tarih ara\u015ft\u0131rmalar\u0131na kat\u0131ld\u0131. Tarihle ilgisi b\u00f6ylece ba\u015flad\u0131. \u0130stanbul \u00dcniversitesi Hukuk<span class=\"excerpt-hellip\"> [\u2026]<\/span><\/p>\n","protected":false},"featured_media":0,"template":"","meta":{"_monsterinsights_skip_tracking":false,"_monsterinsights_sitenote_active":false,"_monsterinsights_sitenote_note":"","_monsterinsights_sitenote_category":0},"product_brand":[],"product_cat":[12304,13493],"product_tag":[],"class_list":{"0":"post-690645","1":"product","2":"type-product","3":"status-publish","5":"product_cat-tarih","6":"product_cat-turkiye-ve-cumhuriyet-tarihi","7":"pa_cilt-ciltsiz","8":"pa_tur-kitap","9":"pa_yayinevi-is-bankasi-kultur-yayinlari","10":"pa_yazar-mahmut-gologlu","12":"first","13":"instock","14":"sale","15":"shipping-taxable","16":"purchasable","17":"product-type-simple"},"_links":{"self":[{"href":"https:\/\/roveyayinevi.com.tr\/index.php\/wp-json\/wp\/v2\/product\/690645","targetHints":{"allow":["GET"]}}],"collection":[{"href":"https:\/\/roveyayinevi.com.tr\/index.php\/wp-json\/wp\/v2\/product"}],"about":[{"href":"https:\/\/roveyayinevi.com.tr\/index.php\/wp-json\/wp\/v2\/types\/product"}],"wp:attachment":[{"href":"https:\/\/roveyayinevi.com.tr\/index.php\/wp-json\/wp\/v2\/media?parent=690645"}],"wp:term":[{"taxonomy":"product_brand","embeddable":true,"href":"https:\/\/roveyayinevi.com.tr\/index.php\/wp-json\/wp\/v2\/product_brand?post=690645"},{"taxonomy":"product_cat","embeddable":true,"href":"https:\/\/roveyayinevi.com.tr\/index.php\/wp-json\/wp\/v2\/product_cat?post=690645"},{"taxonomy":"product_tag","embeddable":true,"href":"https:\/\/roveyayinevi.com.tr\/index.php\/wp-json\/wp\/v2\/product_tag?post=690645"}],"curies":[{"name":"wp","href":"https:\/\/api.w.org\/{rel}","templated":true}]}}