{"id":690637,"date":"2025-08-27T13:53:06","date_gmt":"2025-08-27T10:53:06","guid":{"rendered":"https:\/\/roveyayinevi.com.tr\/index.php\/urun\/neoliberalizm-ve-kriz\/"},"modified":"2026-04-16T02:00:16","modified_gmt":"2026-04-15T23:00:16","slug":"neoliberalizm-ve-kriz","status":"publish","type":"product","link":"https:\/\/roveyayinevi.com.tr\/index.php\/urun\/neoliberalizm-ve-kriz\/","title":{"rendered":"Neoliberalizm ve Kriz"},"content":{"rendered":"<p>Kimsenin bu krizle nas\u0131l   ba\u015fa \u00e7\u0131k\u0131laca\u011f\u0131n\u0131   ya da durduraca\u011f\u0131n\u0131 bildi\u011fini sanm\u0131yorum. Etraf\u0131m\u0131zdaki evler y\u0131k\u0131l\u0131rken do\u011fa\u00e7lama yapmak gibi bir durum ya\u015f\u0131yoruz. Bu noktada \u00e7ok sert bir d\u00fcnya ekonomik krizinden ka\u00e7\u0131n\u0131lmas\u0131n\u0131n hi\u00e7 ihtimali yok; hedef 1930\u2019lu y\u0131llarda oldu\u011funa benzeyen derin bir bor\u00e7 deflasyonundan ka\u00e7\u0131nmaya do\u011fru kayd\u0131r\u0131lm\u0131\u015f durumda. Kapitalizmin tarihindeki en b\u00fcy\u00fck krizlerden birisiyle kar\u015f\u0131 kar\u015f\u0131yay\u0131z: B\u00fcy\u00fck Bunal\u0131m\u2019dan bu yana ileri kapitalist d\u00fcnyada bu kadar berbat bir durum g\u00f6r\u00fclmedi. <\/p>\n","protected":false},"excerpt":{"rendered":"<p>Kimsenin bu krizle nas\u0131l ba\u015fa \u00e7\u0131k\u0131laca\u011f\u0131n\u0131 ya da durduraca\u011f\u0131n\u0131 bildi\u011fini sanm\u0131yorum. Etraf\u0131m\u0131zdaki evler y\u0131k\u0131l\u0131rken do\u011fa\u00e7lama yapmak gibi bir durum ya\u015f\u0131yoruz. Bu noktada \u00e7ok sert bir d\u00fcnya<span class=\"excerpt-hellip\"> [\u2026]<\/span><\/p>\n","protected":false},"featured_media":0,"template":"","meta":{"_monsterinsights_skip_tracking":false,"_monsterinsights_sitenote_active":false,"_monsterinsights_sitenote_note":"","_monsterinsights_sitenote_category":0},"product_brand":[],"product_cat":[13059,12337],"product_tag":[],"class_list":{"0":"post-690637","1":"product","2":"type-product","3":"status-publish","5":"product_cat-diger-politika-siyaset","6":"product_cat-politika-siyaset","7":"pa_tur-kitap","8":"pa_yayinevi-kalkedon-yayincilik","9":"pa_yazar-kolektif","11":"first","12":"instock","13":"sale","14":"shipping-taxable","15":"purchasable","16":"product-type-simple"},"_links":{"self":[{"href":"https:\/\/roveyayinevi.com.tr\/index.php\/wp-json\/wp\/v2\/product\/690637","targetHints":{"allow":["GET"]}}],"collection":[{"href":"https:\/\/roveyayinevi.com.tr\/index.php\/wp-json\/wp\/v2\/product"}],"about":[{"href":"https:\/\/roveyayinevi.com.tr\/index.php\/wp-json\/wp\/v2\/types\/product"}],"wp:attachment":[{"href":"https:\/\/roveyayinevi.com.tr\/index.php\/wp-json\/wp\/v2\/media?parent=690637"}],"wp:term":[{"taxonomy":"product_brand","embeddable":true,"href":"https:\/\/roveyayinevi.com.tr\/index.php\/wp-json\/wp\/v2\/product_brand?post=690637"},{"taxonomy":"product_cat","embeddable":true,"href":"https:\/\/roveyayinevi.com.tr\/index.php\/wp-json\/wp\/v2\/product_cat?post=690637"},{"taxonomy":"product_tag","embeddable":true,"href":"https:\/\/roveyayinevi.com.tr\/index.php\/wp-json\/wp\/v2\/product_tag?post=690637"}],"curies":[{"name":"wp","href":"https:\/\/api.w.org\/{rel}","templated":true}]}}