{"id":690631,"date":"2025-08-27T13:52:24","date_gmt":"2025-08-27T10:52:24","guid":{"rendered":"https:\/\/roveyayinevi.com.tr\/index.php\/urun\/talat-pasanin-anilari\/"},"modified":"2026-04-16T02:00:16","modified_gmt":"2026-04-15T23:00:16","slug":"talat-pasanin-anilari","status":"publish","type":"product","link":"https:\/\/roveyayinevi.com.tr\/index.php\/urun\/talat-pasanin-anilari\/","title":{"rendered":"Talat Pa\u015fa\u2019n\u0131n An\u0131lar\u0131"},"content":{"rendered":"<p>Talat Pa\u015fa, k\u00fc\u00e7\u00fck bir posta memuruyken \u0130ttihat ve Terakkii \u00f6rg\u00fct\u00fc i\u00e7inde y\u00fckseldi, \u00f6rg\u00fct\u00fcn sivil kanad\u0131n\u0131n lideri oldu. T\u00fcrkiye, tarihinin en \u00e7alkant\u0131l\u0131 ve bunal\u0131ml\u0131 d\u00f6nemini onun iktidarda bulundu\u011fu y\u0131llarda ya\u015fad\u0131. Ve O, Cumhuriyetin ilk y\u0131llar\u0131na kadar uzanan bir dizi siyasal geli\u015fmenin merkezinde yer ald\u0131&#8230; Talat Pa\u015fa\u2019n\u0131n son y\u0131llar\u0131nda Berlin\u2019de kaleme ald\u0131\u011f\u0131, g\u00fcn\u00fcm\u00fcz T\u00fcrk\u00e7esiyle sundu\u011fumuz an\u0131lar\u0131 \u00e7ok yak\u0131n tarihin -serpintileri bug\u00fcne kadar uzanan- en \u00f6nemli olaylar\u0131na \u0131\u015f\u0131k tutuyor. Kitapta ayr\u0131ca, Talat Pa\u015fa\u2019yla \u00f6l\u00fcm\u00fcnden k\u0131sa bir s\u00fcre \u00f6nce \u00fc\u00e7 g\u00fcn boyunca g\u00f6r\u00fc\u015fen \u0130ngiltere Gizli Haberalma Servisi elemanlar\u0131ndan Aubrey Herbert\u2019in bu g\u00f6r\u00fc\u015fmeyle ilgili an\u0131 ve notlar\u0131 yer al\u0131yor. Tal\u00e2t Pa\u015fa (1874-1921) Edirne Askeri R\u00fc\u015ftiyesi&#8217;ni bitirdikten sonra Edirne Posta ve Telgraf M\u00fcd\u00fcrl\u00fc\u011f\u00fc&#8217;nde k\u00e2tip oldu. II. Abd\u00fclhamit&#8217;in bask\u0131c\u0131 y\u00f6netimine kar\u015f\u0131 \u00e7al\u0131\u015ft\u0131. 1898-1908 aras\u0131nda gezici posta memurlu\u011fu, Selanik Posta ve Telgraf M\u00fcd\u00fcrl\u00fc\u011f\u00fc k\u00e2tipli\u011fi ve ba\u015fk\u00e2tipli\u011fi g\u00f6revlerinde bulundu. 1908&#8217;de II. Me\u015frutiyet&#8217;in ilan\u0131ndan sonra Edirne mebusu se\u00e7ildi; Meclis-i Mebusan&#8217;da Birinci Reis Vekili oldu. \u00d6rg\u00fct i\u00e7indeki \u00e7al\u0131\u015fmalar\u0131yla \u0130ttihat ve Terakki&#8217;nin \u00f6nde gelenlerinden biri haline geldi ve lider konumuna y\u00fckseldi. Temmuz 1909&#8217;da \u00f6nce i\u00e7i\u015fleri, ard\u0131ndan posta ve telgraf bakan\u0131 oldu. \u0130ttihat ve Terakki&#8217;ye ba\u015fka se\u00e7ildi. \u0130ttihat ve terakki&#8217;nin tam iktidar d\u00f6neminde, Birinci D\u00fcnya Sava\u015f\u0131&#8217;n\u0131n sonlar\u0131na do\u011fru Said Halim Pa\u015fa&#8217;n\u0131n g\u00f6revinden \u00e7ekilmesi \u00fczerine \u015eubat 1917&#8217;de sadrazaml\u0131\u011fa atand\u0131. 30 Ekim 1918&#8217;de imzalanan Mondros M\u00fctarekesi ile yenilgi kesinli\u015fince istifa etti. 1 Kas\u0131m 1918&#8217;de \u0130ttihat\u00e7\u0131lar\u0131n ileri gelenleriyle birlikte T\u00fcrkiye&#8217;den ayr\u0131ld\u0131. Berlin&#8217;e yerle\u015fti. Ermeni \u00f6rg\u00fctlerinin hedefi oldu\u011fu i\u00e7in, ad\u0131n\u0131 de\u011fi\u015ftirip gizlenerek ya\u015fad\u0131. Ancak 15 Mart 1921&#8217;de Sogomon Teyleryan adl\u0131 bir Ermeni taraf\u0131ndan \u00f6ld\u00fcr\u00fcld\u00fc. \ufffcTan\u0131t\u0131m Metni<\/p>\n","protected":false},"excerpt":{"rendered":"<p>Talat Pa\u015fa, k\u00fc\u00e7\u00fck bir posta memuruyken \u0130ttihat ve Terakkii \u00f6rg\u00fct\u00fc i\u00e7inde y\u00fckseldi, \u00f6rg\u00fct\u00fcn sivil kanad\u0131n\u0131n lideri oldu. T\u00fcrkiye, tarihinin en \u00e7alkant\u0131l\u0131 ve bunal\u0131ml\u0131 d\u00f6nemini onun iktidarda<span class=\"excerpt-hellip\"> [\u2026]<\/span><\/p>\n","protected":false},"featured_media":0,"template":"","meta":{"_monsterinsights_skip_tracking":false,"_monsterinsights_sitenote_active":false,"_monsterinsights_sitenote_note":"","_monsterinsights_sitenote_category":0},"product_brand":[],"product_cat":[13517,12304],"product_tag":[],"class_list":{"0":"post-690631","1":"product","2":"type-product","3":"status-publish","5":"product_cat-osmanli-tarihi","6":"product_cat-tarih","7":"pa_cilt-ciltsiz","8":"pa_tur-kitap","9":"pa_yayinevi-is-bankasi-kultur-yayinlari","10":"pa_yazar-alpay-kabacali","12":"first","13":"instock","14":"sale","15":"shipping-taxable","16":"purchasable","17":"product-type-simple"},"_links":{"self":[{"href":"https:\/\/roveyayinevi.com.tr\/index.php\/wp-json\/wp\/v2\/product\/690631","targetHints":{"allow":["GET"]}}],"collection":[{"href":"https:\/\/roveyayinevi.com.tr\/index.php\/wp-json\/wp\/v2\/product"}],"about":[{"href":"https:\/\/roveyayinevi.com.tr\/index.php\/wp-json\/wp\/v2\/types\/product"}],"wp:attachment":[{"href":"https:\/\/roveyayinevi.com.tr\/index.php\/wp-json\/wp\/v2\/media?parent=690631"}],"wp:term":[{"taxonomy":"product_brand","embeddable":true,"href":"https:\/\/roveyayinevi.com.tr\/index.php\/wp-json\/wp\/v2\/product_brand?post=690631"},{"taxonomy":"product_cat","embeddable":true,"href":"https:\/\/roveyayinevi.com.tr\/index.php\/wp-json\/wp\/v2\/product_cat?post=690631"},{"taxonomy":"product_tag","embeddable":true,"href":"https:\/\/roveyayinevi.com.tr\/index.php\/wp-json\/wp\/v2\/product_tag?post=690631"}],"curies":[{"name":"wp","href":"https:\/\/api.w.org\/{rel}","templated":true}]}}