{"id":690449,"date":"2025-08-27T13:51:50","date_gmt":"2025-08-27T10:51:50","guid":{"rendered":"https:\/\/roveyayinevi.com.tr\/index.php\/urun\/bir-idea-olarak-komunizm\/"},"modified":"2026-04-16T01:59:57","modified_gmt":"2026-04-15T22:59:57","slug":"bir-idea-olarak-komunizm","status":"publish","type":"product","link":"https:\/\/roveyayinevi.com.tr\/index.php\/urun\/bir-idea-olarak-komunizm\/","title":{"rendered":"Bir \u0130dea Olarak Kom\u00fcnizm"},"content":{"rendered":"<p>\u0130lk olarak kullan\u0131ld\u0131\u011f\u0131 on dokuzuncu y\u00fczy\u0131l Avrupa\u2019s\u0131nda, kom\u00fcnizm her \u015feyin ortak m\u00fclkiyete t\u00e2bi oldu\u011fu \u00f6zg\u00fcr bir d\u00fcnyay\u0131 hedefleyen bir d\u00fc\u015f\u00fcnce olarak ortaya \u00e7\u0131km\u0131\u015ft\u0131r.   Kom\u00fcnizm   kavram\u0131 Frans\u0131z Devrimi\u2019nden yirminci y\u00fczy\u0131l\u0131n   reel sosyalizm   deneyimlerine, Cabet\u2019nin   \u0130karya   ad\u0131n\u0131 verdi\u011fi \u00fctopyadan Marx ve Engels\u2019in s\u0131n\u0131fs\u0131z ve s\u00f6m\u00fcr\u00fcs\u00fcz toplum \u00f6ng\u00f6r\u00fclerine, Lenin\u2019in ve Mao\u2019nun devlet ve siyaset kuram\u0131 \u00fczerine yaz\u0131lar\u0131ndan t\u00fcm d\u00fcnyada kurulan \u00e7e\u015fitli partilerin adlar\u0131na uzanan geni\u015f bir yelpazede \u00e7e\u015fitli bi\u00e7imlerde kullan\u0131lm\u0131\u015ft\u0131r. <\/p>\n","protected":false},"excerpt":{"rendered":"<p>\u0130lk olarak kullan\u0131ld\u0131\u011f\u0131 on dokuzuncu y\u00fczy\u0131l Avrupa\u2019s\u0131nda, kom\u00fcnizm her \u015feyin ortak m\u00fclkiyete t\u00e2bi oldu\u011fu \u00f6zg\u00fcr bir d\u00fcnyay\u0131 hedefleyen bir d\u00fc\u015f\u00fcnce olarak ortaya \u00e7\u0131km\u0131\u015ft\u0131r. Kom\u00fcnizm kavram\u0131 Frans\u0131z<span class=\"excerpt-hellip\"> [\u2026]<\/span><\/p>\n","protected":false},"featured_media":0,"template":"","meta":{"_monsterinsights_skip_tracking":false,"_monsterinsights_sitenote_active":false,"_monsterinsights_sitenote_note":"","_monsterinsights_sitenote_category":0},"product_brand":[],"product_cat":[12389,12388],"product_tag":[],"class_list":{"0":"post-690449","1":"product","2":"type-product","3":"status-publish","5":"product_cat-diger-felsefe","6":"product_cat-felsefe","7":"pa_cilt-ciltsiz","8":"pa_tur-kitap","9":"pa_yayinevi-ayrinti-yayinlari","10":"pa_yazar-slavoj-zizek","12":"first","13":"instock","14":"sale","15":"shipping-taxable","16":"purchasable","17":"product-type-simple"},"_links":{"self":[{"href":"https:\/\/roveyayinevi.com.tr\/index.php\/wp-json\/wp\/v2\/product\/690449","targetHints":{"allow":["GET"]}}],"collection":[{"href":"https:\/\/roveyayinevi.com.tr\/index.php\/wp-json\/wp\/v2\/product"}],"about":[{"href":"https:\/\/roveyayinevi.com.tr\/index.php\/wp-json\/wp\/v2\/types\/product"}],"wp:attachment":[{"href":"https:\/\/roveyayinevi.com.tr\/index.php\/wp-json\/wp\/v2\/media?parent=690449"}],"wp:term":[{"taxonomy":"product_brand","embeddable":true,"href":"https:\/\/roveyayinevi.com.tr\/index.php\/wp-json\/wp\/v2\/product_brand?post=690449"},{"taxonomy":"product_cat","embeddable":true,"href":"https:\/\/roveyayinevi.com.tr\/index.php\/wp-json\/wp\/v2\/product_cat?post=690449"},{"taxonomy":"product_tag","embeddable":true,"href":"https:\/\/roveyayinevi.com.tr\/index.php\/wp-json\/wp\/v2\/product_tag?post=690449"}],"curies":[{"name":"wp","href":"https:\/\/api.w.org\/{rel}","templated":true}]}}