{"id":690431,"date":"2025-08-27T13:51:33","date_gmt":"2025-08-27T10:51:33","guid":{"rendered":"https:\/\/roveyayinevi.com.tr\/index.php\/urun\/bireysellesmis-toplum\/"},"modified":"2026-04-16T01:59:56","modified_gmt":"2026-04-15T22:59:56","slug":"bireysellesmis-toplum","status":"publish","type":"product","link":"https:\/\/roveyayinevi.com.tr\/index.php\/urun\/bireysellesmis-toplum\/","title":{"rendered":"Bireyselle\u015fmi\u015f Toplum"},"content":{"rendered":"<p>Bizi eyleme ge\u00e7iren korkular\u0131m\u0131z, endi\u015felerimizdir; ama genelde eylemimiz, endi\u015femizin arkas\u0131nda yatan hakiki nedenlerden ba\u015fka y\u00f6nlere sapar. Hayat\u0131m\u0131z\u0131 anlaml\u0131 k\u0131lmaya \u00e7al\u0131\u015f\u0131rken, ba\u015far\u0131s\u0131zl\u0131klar\u0131m\u0131zdan, zay\u0131fl\u0131klar\u0131m\u0131zdan kendimizi sorumlu tutar\u0131z hep. B\u00f6ylece de her \u015fey iyiye gidece\u011fine k\u00f6t\u00fcye gider. E\u011fer biz mant\u0131kl\u0131 insanlarsak bunlar nas\u0131l ba\u015f\u0131m\u0131za gelir? Neden bu gibi durumlarla ba\u015fa \u00e7\u0131kamay\u0131z? Bireyselle\u015fme kaderimizse toplum i\u00e7inde var olmaya nas\u0131l devam edece\u011fiz?<\/p>\n","protected":false},"excerpt":{"rendered":"<p>Bizi eyleme ge\u00e7iren korkular\u0131m\u0131z, endi\u015felerimizdir; ama genelde eylemimiz, endi\u015femizin arkas\u0131nda yatan hakiki nedenlerden ba\u015fka y\u00f6nlere sapar. Hayat\u0131m\u0131z\u0131 anlaml\u0131 k\u0131lmaya \u00e7al\u0131\u015f\u0131rken, ba\u015far\u0131s\u0131zl\u0131klar\u0131m\u0131zdan, zay\u0131fl\u0131klar\u0131m\u0131zdan kendimizi sorumlu tutar\u0131z hep.<span class=\"excerpt-hellip\"> [\u2026]<\/span><\/p>\n","protected":false},"featured_media":0,"template":"","meta":{"_monsterinsights_skip_tracking":false,"_monsterinsights_sitenote_active":false,"_monsterinsights_sitenote_note":"","_monsterinsights_sitenote_category":0},"product_brand":[],"product_cat":[13633,12324],"product_tag":[],"class_list":{"0":"post-690431","1":"product","2":"type-product","3":"status-publish","5":"product_cat-kultur-ve-bilim","6":"product_cat-sosyoloji","7":"pa_cilt-ciltsiz","8":"pa_tur-kitap","9":"pa_yayinevi-ayrinti-yayinlari","10":"pa_yazar-zygmunt-bauman","12":"first","13":"instock","14":"sale","15":"shipping-taxable","16":"purchasable","17":"product-type-simple"},"_links":{"self":[{"href":"https:\/\/roveyayinevi.com.tr\/index.php\/wp-json\/wp\/v2\/product\/690431","targetHints":{"allow":["GET"]}}],"collection":[{"href":"https:\/\/roveyayinevi.com.tr\/index.php\/wp-json\/wp\/v2\/product"}],"about":[{"href":"https:\/\/roveyayinevi.com.tr\/index.php\/wp-json\/wp\/v2\/types\/product"}],"wp:attachment":[{"href":"https:\/\/roveyayinevi.com.tr\/index.php\/wp-json\/wp\/v2\/media?parent=690431"}],"wp:term":[{"taxonomy":"product_brand","embeddable":true,"href":"https:\/\/roveyayinevi.com.tr\/index.php\/wp-json\/wp\/v2\/product_brand?post=690431"},{"taxonomy":"product_cat","embeddable":true,"href":"https:\/\/roveyayinevi.com.tr\/index.php\/wp-json\/wp\/v2\/product_cat?post=690431"},{"taxonomy":"product_tag","embeddable":true,"href":"https:\/\/roveyayinevi.com.tr\/index.php\/wp-json\/wp\/v2\/product_tag?post=690431"}],"curies":[{"name":"wp","href":"https:\/\/api.w.org\/{rel}","templated":true}]}}