{"id":690423,"date":"2025-08-27T13:51:32","date_gmt":"2025-08-27T10:51:32","guid":{"rendered":"https:\/\/roveyayinevi.com.tr\/index.php\/urun\/dini-azinliklar-ve-turk-hosgorusu\/"},"modified":"2026-04-16T01:59:56","modified_gmt":"2026-04-15T22:59:56","slug":"dini-azinliklar-ve-turk-hosgorusu","status":"publish","type":"product","link":"https:\/\/roveyayinevi.com.tr\/index.php\/urun\/dini-azinliklar-ve-turk-hosgorusu\/","title":{"rendered":"Dini Az\u0131nl\u0131klar ve T\u00fcrk Ho\u015fg\u00f6r\u00fcs\u00fc"},"content":{"rendered":"<p>&#8220;Az\u0131nl\u0131k&#8221;,&#8221;etnik az\u0131nl\u0131k&#8221;,&#8221;din\u00ee az\u0131nl\u0131k&#8221; gibi kavramlar T\u00fcrkiye&#8217;de s\u0131k\u00e7a duyulan kavramlardand\u0131r. G\u00fczellik olarak g\u00f6r\u00fclmesi gereken k\u00fc\u00e7\u00fck farkl\u0131l\u0131klar, ayr\u0131\u015fma konusu yap\u0131lmaktad\u0131r Olu\u015fan hu ortamda baz\u0131 kesimler; kendine &#8220;yeni kimlikler&#8221; bulma yar\u0131\u015f\u0131na giri\u015fmekte ve &#8220;oltaya tak\u0131l\u0131r bir yem&#8221; konumuna d\u00fc\u015fmektedir. Bu durum, t\u0131pk\u0131 zay\u0131f d\u00fc\u015fen b\u00fcnyeyi and\u0131rmaktad\u0131r. B\u00fcnye g\u00fc\u00e7l\u00fc iken g\u00f6r\u00fcnmeyen hastal\u0131klar, b\u00fcnye zay\u0131flay\u0131nca birer birer ortaya \u00e7\u0131kmaktad\u0131r. Son y\u0131llarda T\u00fcrkiye&#8217;de ya\u015fananlar da buna uygun bir ortam olu\u015fturmaktad\u0131r. D\u00fcn T\u00fcrk milletine medyun-u \u015f\u00fckran olanlar, T\u00fcrk milletinin ho\u015fg\u00f6r\u00fcs\u00fc sayesinde bu g\u00fcnlere gelenler ve bu g\u00fcnlere geli\u015fim T\u00fcrk&#8217;\u00fcn ho\u015fg\u00f6r\u00fcs\u00fcne bor\u00e7lu olduklar\u0131n\u0131 a\u00e7\u0131klayanlar; zay\u0131f d\u00fc\u015ft\u00fc\u011f\u00fc, i\u00e7ten ve d\u0131\u015ftan sald\u0131r\u0131lara maruz kald\u0131\u011f\u0131 bir d\u00f6nemde ge\u00e7mi\u015fte oldu\u011fu gibi \u00f6nceki s\u00f6ylemlerini unutmakta ve ba\u015fka &#8220;korolara e\u015flik etmekte&#8221; sak\u0131nca g\u00f6rmemektedir.Din\u00ee Az\u0131nl\u0131klar ve T\u00fcrk Ho\u015fg\u00f6r\u00fcs\u00fc isimli bu kitap; dini az\u0131nl\u0131k denilince T\u00fcrkiye&#8217;de akla gelen Ermeniler, Rumlar ve Yahud\u0131ler ile ilgili meseleleri i\u00e7ermektedir. Bu i\u00e7erikte; &#8220;Ermeni Meselesi&#8221; ve &#8220;s\u00f6zde soyk\u0131r\u0131m meselesi&#8221;, Yahudilik&#8217;le Arz-\u0131 Mev\u00fbd Anlay\u0131\u015f\u0131, D\u00f6nmelik\/ Sabatayistlik konusu, Fener Patrikhanesinin \u00d6k\u00fcmenikli\u011fi meselesi gibi konulara \u00f6zet olarak \u0131\u015f\u0131k tutacak, T\u00fcrk milletinin ge\u00e7mi\u015ften g\u00fcn\u00fcm\u00fcze ula\u015fan s\u00fcre\u00e7teki yakla\u015f\u0131m\u0131n\u0131, ho\u015fg\u00f6r\u00fcs\u00fcn\u00fc ortaya koyacak, g\u00fcn\u00fcm\u00fcz\u00fcn baz\u0131 sorunlar\u0131na da mesaj olacak bilgiler yer almaktad\u0131r.Kitapta yer alan yaz\u0131lar okundu\u011funda en az 700 y\u0131ll\u0131k bir tarih turu yap\u0131laca\u011f\u0131, 700 y\u0131ll\u0131k bu s\u00fcre\u00e7te ya\u015fananlar\u0131n ve yap\u0131lanlar\u0131n g\u00fcn\u00fcm\u00fczdekilerle \u00f6rt\u00fc\u015ft\u00fc\u011f\u00fc g\u00f6r\u00fclecektir. Elinizdeki bu \u00e7al\u0131\u015fman\u0131n; Mehmet Akif Ersoy&#8217;un &#8220;Tarih tekerr\u00fcrden ibarettir derler. E\u011fer ibret al\u0131nsayd\u0131 hi\u00e7 tekerr\u00fcr eder miydi?&#8221; m\u0131sralar\u0131n\u0131n hat\u0131rlat\u0131lmas\u0131na ve baz\u0131 olaylar\u0131n tekrarlanmamas\u0131na, g\u00fcn\u00fcm\u00fczde de benzerleri ya\u015fanan olaylara kal\u0131c\u0131 ne\u015fter vurulmas\u0131 i\u00e7in ge\u00e7mi\u015fte ya\u015fanm\u0131\u015f olaylar\u0131n iyi de\u011ferlendirilmesine, kar\u015f\u0131la\u015ft\u0131rma yap\u0131lmas\u0131na ve ibret al\u0131nmas\u0131na katk\u0131 sa\u011flayaca\u011f\u0131 umulmaktad\u0131r.<\/p>\n","protected":false},"excerpt":{"rendered":"<p>&#8220;Az\u0131nl\u0131k&#8221;,&#8221;etnik az\u0131nl\u0131k&#8221;,&#8221;din\u00ee az\u0131nl\u0131k&#8221; gibi kavramlar T\u00fcrkiye&#8217;de s\u0131k\u00e7a duyulan kavramlardand\u0131r. G\u00fczellik olarak g\u00f6r\u00fclmesi gereken k\u00fc\u00e7\u00fck farkl\u0131l\u0131klar, ayr\u0131\u015fma konusu yap\u0131lmaktad\u0131r Olu\u015fan hu ortamda baz\u0131 kesimler; kendine &#8220;yeni kimlikler&#8221;<span class=\"excerpt-hellip\"> [\u2026]<\/span><\/p>\n","protected":false},"featured_media":0,"template":"","meta":{"_monsterinsights_skip_tracking":false,"_monsterinsights_sitenote_active":false,"_monsterinsights_sitenote_note":"","_monsterinsights_sitenote_category":0},"product_brand":[],"product_cat":[13656,12337],"product_tag":[],"class_list":{"0":"post-690423","1":"product","2":"type-product","3":"status-publish","5":"product_cat-azinliklar-etnik-sorunlar","6":"product_cat-politika-siyaset","7":"pa_cilt-ciltsiz","8":"pa_tur-kitap","9":"pa_yayinevi-berikan-yayinlari","10":"pa_yazar-abdurrahman-kucuk","12":"first","13":"instock","14":"sale","15":"shipping-taxable","16":"purchasable","17":"product-type-simple"},"_links":{"self":[{"href":"https:\/\/roveyayinevi.com.tr\/index.php\/wp-json\/wp\/v2\/product\/690423","targetHints":{"allow":["GET"]}}],"collection":[{"href":"https:\/\/roveyayinevi.com.tr\/index.php\/wp-json\/wp\/v2\/product"}],"about":[{"href":"https:\/\/roveyayinevi.com.tr\/index.php\/wp-json\/wp\/v2\/types\/product"}],"wp:attachment":[{"href":"https:\/\/roveyayinevi.com.tr\/index.php\/wp-json\/wp\/v2\/media?parent=690423"}],"wp:term":[{"taxonomy":"product_brand","embeddable":true,"href":"https:\/\/roveyayinevi.com.tr\/index.php\/wp-json\/wp\/v2\/product_brand?post=690423"},{"taxonomy":"product_cat","embeddable":true,"href":"https:\/\/roveyayinevi.com.tr\/index.php\/wp-json\/wp\/v2\/product_cat?post=690423"},{"taxonomy":"product_tag","embeddable":true,"href":"https:\/\/roveyayinevi.com.tr\/index.php\/wp-json\/wp\/v2\/product_tag?post=690423"}],"curies":[{"name":"wp","href":"https:\/\/api.w.org\/{rel}","templated":true}]}}