{"id":690406,"date":"2025-08-27T13:51:28","date_gmt":"2025-08-27T10:51:28","guid":{"rendered":"https:\/\/roveyayinevi.com.tr\/index.php\/urun\/kutsal-insan\/"},"modified":"2026-04-16T01:59:55","modified_gmt":"2026-04-15T22:59:55","slug":"kutsal-insan","status":"publish","type":"product","link":"https:\/\/roveyayinevi.com.tr\/index.php\/urun\/kutsal-insan\/","title":{"rendered":"Kutsal \u0130nsan"},"content":{"rendered":"<p>Kutsal \u0130nsan, Giorgio Agamben\u2019in siyaset felsefesi gelene\u011fini radikal olarak yeniden d\u00fc\u015f\u00fcnmeyi gerektiren \u00f6zg\u00fcn analizlerine bir yenisini ekliyor. Yak\u0131n ge\u00e7mi\u015fteki \u00e7al\u0131\u015fmalar\u0131nda kimlik, tekillik, cemaat kavramlar\u0131 \u00fczerinde yo\u011funla\u015fan ve totaliter olmayan ama \u201cbirey\u201dden de hareket etmeyen bir cemaatin olabilirlik ko\u015fullar\u0131n\u0131 ara\u015ft\u0131ran Agamben, bu kitab\u0131nda \u00e7\u0131plak hayat kavram\u0131ndan yola \u00e7\u0131karak eski Yunan\u2019dan bug\u00fcne Bat\u0131 siyasi d\u00fc\u015f\u00fcncesine h\u00e2kim olan iktidar anlay\u0131\u015f\u0131n\u0131n g\u00f6r\u00fcnmeyen y\u00fcz\u00fcn\u00fc ortaya koyuyor. Michel Foucault\u2019nun biyolojik modernli\u011fin e\u015fi\u011fi olarak adland\u0131rd\u0131\u011f\u0131 ve insan\u0131n biyolojik varolu\u015funun ta\u015f\u0131d\u0131\u011f\u0131 t\u00fcm g\u00fc\u00e7lerle birlikte do\u011frudan do\u011fruya siyasetin nesnesi haline gelmesi olarak tan\u0131mlad\u0131\u011f\u0131 biyosiyaset kavram\u0131n\u0131 \u00e7\u0131k\u0131\u015f noktas\u0131 olarak alan Agamben, Foucault\u2019nun tersine biyosiyasetin sadece modernli\u011fe \u00f6zg\u00fc olmad\u0131\u011f\u0131n\u0131, farkl\u0131 bi\u00e7imlerde de olsa Aristoteles\u2019ten Roma Hukuku\u2019na, \u0130nsan Haklar\u0131 Beyannamesi\u2019nden Carl Schmitt\u2019e, Auschwitz\u2019den g\u00fcn\u00fcm\u00fcz toplama kamplar\u0131na kadar siyasi d\u00fc\u015f\u00fcnce ve pratikleri boydan boya katetti\u011fini g\u00f6steriyor. \u0130nsan\u0131n biyolojik varolu\u015funu \u201c\u00e7\u0131plak hayat\u201d olarak kavramsalla\u015ft\u0131ran Agamben\u2019e g\u00f6re b\u00fct\u00fcn bu s\u00fcre\u00e7te s\u00f6z konusu olan, ya\u015fam\u0131n siyasi d\u00fczenin i\u00e7ine dahil edilmesi, asl\u0131nda egemen iktidar\u0131n kendisini de kuran k\u00f6kensel bir edimle iktidar\u0131n \u00e7\u0131plak hayat \u00fczerinde egemenlik kurmas\u0131d\u0131r. Oysa hayat\u0131n siyasi d\u00fczene dahil edilmesi paradoksal bir bi\u00e7imde ancak belirli anlamlarda d\u0131\u015flanmas\u0131yla ger\u00e7ekle\u015fir. Bu paradoksal durumu tarihsel olarak en iyi ifade eden fig\u00fcr ise Roma Hukuku\u2019nda kar\u015f\u0131m\u0131za \u00e7\u0131kan Homo Sacer, yani \u201ckutsal insan\u201d fig\u00fcr\u00fcd\u00fcr. \u00d6ld\u00fcr\u00fclebilen ama kurban edilemeyen bir kategori olarak kutsal insan\u0131n ta\u015f\u0131d\u0131\u011f\u0131 ya\u015fam ayn\u0131 zamanda egemenli\u011fin alan\u0131n\u0131 da belirler. Kendi \u00e7\u0131plak hayat\u0131n\u0131 kendi se\u00e7ti\u011fi bir bi\u00e7imde siyasetin nesnesi haline getiren ama bunu yaparken de \u201ckutsal\u201d olan hayat\u0131ndan vazge\u00e7meyi g\u00f6ze alan insanlar\u0131 \u201chayata d\u00f6nd\u00fcrmek\u201d \u00fczere \u00f6ld\u00fcrebilen iktidar uygulamalar\u0131 bu analizler \u0131\u015f\u0131\u011f\u0131nda daha anla\u015f\u0131l\u0131r hale geliyor. Kutsal \u0130nsan, siyaset felsefesindeki yerle\u015fik d\u00fc\u015f\u00fcnme kal\u0131plar\u0131 ve tan\u0131mlardan vazge\u00e7erek okunmas\u0131 gereken ve Debord\u2019un G\u00f6steri Toplumu\u2019ndan Negri ve Hardt\u2019\u0131n \u0130mparatorluk\u2019una giden \u00f6zel \u00e7izgiyi izleyen bir kitap. \ufffcTan\u0131t\u0131m Metni<\/p>\n","protected":false},"excerpt":{"rendered":"<p>Kutsal \u0130nsan, Giorgio Agamben\u2019in siyaset felsefesi gelene\u011fini radikal olarak yeniden d\u00fc\u015f\u00fcnmeyi gerektiren \u00f6zg\u00fcn analizlerine bir yenisini ekliyor. Yak\u0131n ge\u00e7mi\u015fteki \u00e7al\u0131\u015fmalar\u0131nda kimlik, tekillik, cemaat kavramlar\u0131 \u00fczerinde yo\u011funla\u015fan<span class=\"excerpt-hellip\"> [\u2026]<\/span><\/p>\n","protected":false},"featured_media":0,"template":"","meta":{"_monsterinsights_skip_tracking":false,"_monsterinsights_sitenote_active":false,"_monsterinsights_sitenote_note":"","_monsterinsights_sitenote_category":0},"product_brand":[],"product_cat":[12351,12324],"product_tag":[],"class_list":{"0":"post-690406","1":"product","2":"type-product","3":"status-publish","5":"product_cat-siyaset-sosyolojisi","6":"product_cat-sosyoloji","7":"pa_cilt-ciltsiz","8":"pa_tur-kitap","9":"pa_yayinevi-ayrinti-yayinlari","10":"pa_yazar-giorgio-agamben","12":"first","13":"instock","14":"sale","15":"shipping-taxable","16":"purchasable","17":"product-type-simple"},"_links":{"self":[{"href":"https:\/\/roveyayinevi.com.tr\/index.php\/wp-json\/wp\/v2\/product\/690406","targetHints":{"allow":["GET"]}}],"collection":[{"href":"https:\/\/roveyayinevi.com.tr\/index.php\/wp-json\/wp\/v2\/product"}],"about":[{"href":"https:\/\/roveyayinevi.com.tr\/index.php\/wp-json\/wp\/v2\/types\/product"}],"wp:attachment":[{"href":"https:\/\/roveyayinevi.com.tr\/index.php\/wp-json\/wp\/v2\/media?parent=690406"}],"wp:term":[{"taxonomy":"product_brand","embeddable":true,"href":"https:\/\/roveyayinevi.com.tr\/index.php\/wp-json\/wp\/v2\/product_brand?post=690406"},{"taxonomy":"product_cat","embeddable":true,"href":"https:\/\/roveyayinevi.com.tr\/index.php\/wp-json\/wp\/v2\/product_cat?post=690406"},{"taxonomy":"product_tag","embeddable":true,"href":"https:\/\/roveyayinevi.com.tr\/index.php\/wp-json\/wp\/v2\/product_tag?post=690406"}],"curies":[{"name":"wp","href":"https:\/\/api.w.org\/{rel}","templated":true}]}}