{"id":690368,"date":"2025-08-27T13:51:21","date_gmt":"2025-08-27T10:51:21","guid":{"rendered":"https:\/\/roveyayinevi.com.tr\/index.php\/urun\/kusursuz-cinayet\/"},"modified":"2026-04-16T01:59:54","modified_gmt":"2026-04-15T22:59:54","slug":"kusursuz-cinayet","status":"publish","type":"product","link":"https:\/\/roveyayinevi.com.tr\/index.php\/urun\/kusursuz-cinayet\/","title":{"rendered":"Kusursuz Cinayet"},"content":{"rendered":"<p>Bu, bir cinayetin \u2013ger\u00e7ekli\u011fin katlinin\u2013 \u00f6yk\u00fcs\u00fcd\u00fcr. Ve bir yan\u0131lsaman\u0131n \u2013ya\u015famsal yan\u0131lsaman\u0131n, d\u00fcnyaya ili\u015fkin temel yan\u0131lsaman\u0131n\u2013 yok edilme \u00f6yk\u00fcs\u00fcd\u00fcr. Ger\u00e7ek, yan\u0131lsama i\u00e7inde kaybolmaz; b\u00fct\u00fcnsel ger\u00e7eklik i\u00e7inde kaybolan, yan\u0131lsamad\u0131r. E\u011fer cinayet kusursuz olsayd\u0131, cinayetin \u00f6\u011felerini sergilemeyi ama\u00e7layan bu kitab\u0131n da kusursuz olmas\u0131 gerekirdi. Ne yaz\u0131k ki cinayet hi\u00e7bir zaman kusursuz de\u011fildir. Kald\u0131 ki ger\u00e7e\u011fin yok edilmesini anlatan bu polisiye kitapta, ne nedenler ne de katiller saptanabildi. Ger\u00e7e\u011fin cesedi de hi\u00e7bir zaman bulunamad\u0131&#8230; Bu kitab\u0131 y\u00f6nlendiren d\u00fc\u015f\u00fcnceye gelince, o da hi\u00e7bir zaman saptanamad\u0131. Cinayetin silah\u0131 bu d\u00fc\u015f\u00fcnceydi. Her ne kadar cinayet hi\u00e7bir bi\u00e7imde kusursuz olmasa da, kusursuzluk, ad\u0131n\u0131n da g\u00f6sterdi\u011fi gibi her zaman bir su\u00e7la ilgilidir. Aynen k\u00f6t\u00fcl\u00fc\u011f\u00fcn \u015feffafl\u0131\u011f\u0131 i\u00e7inde, k\u00f6t\u00fcl\u00fc\u011f\u00fc olu\u015fturan\u0131n \u015feffafl\u0131\u011f\u0131n kendisi olmas\u0131 gibi kusursuz cinayette de kusursuzlu\u011fun kendisi cinayettir. Ama kusursuzluk hi\u00e7bir zaman cezas\u0131z kalmaz: Kusursuzlu\u011fun cezas\u0131, onun aynen yeniden \u00fcretilmesidir. Bu cinayette hafifletici nedenler bulunabilir mi? Ku\u015fkusuz hay\u0131r; \u00e7\u00fcnk\u00fc bunlar\u0131 her zaman cinayetin nedenleri ya da cinayeti i\u015fleyenler aras\u0131nda aramak gerekir. Oysa bu cinayette bir neden ya da katiller bulunmamakta ve dolay\u0131s\u0131yla bu cinayet a\u00e7\u0131klanamazl\u0131\u011f\u0131n\u0131 m\u00fckemmel bir \u015fekilde korumaktad\u0131r. Ger\u00e7ek kusursuzlu\u011fu da buradan kaynaklanmaktad\u0131r. Cinayet bir kavram olarak ele al\u0131nd\u0131\u011f\u0131nda, bunun, daha \u00e7ok, a\u011f\u0131rla\u015ft\u0131r\u0131c\u0131 bir neden oldu\u011fu tart\u0131\u015fma g\u00f6t\u00fcrmez. Cinayetin sonu\u00e7lar\u0131 s\u00fcrekli bir nitelik sunuyorsa, bunun nedeni \u015fudur: Ne katil vard\u0131r ne de kurban. E\u011fer bunlardan biri ya da \u00f6teki var olsayd\u0131, cinayetin gizi g\u00fcn\u00fcn birinde ortaya \u00e7\u0131kar ve cinayet s\u00fcreci de \u00e7\u00f6z\u00fclm\u00fc\u015f olurdu. Sonu\u00e7 olarak giz, katil ve kurban\u0131n birbirine kar\u0131\u015fmas\u0131na dayanmaktad\u0131r: \u201cSon \u00e7\u00f6z\u00fcmlemede, katil ve kurban ayn\u0131 ki\u015fidir. \u0130nsan soyunun birli\u011fini anlamam\u0131z ancak bu nihai e\u015fde\u011ferli\u011fin ger\u00e7ekli\u011fini t\u00fcm korkun\u00e7lu\u011fu i\u00e7inde anlamam\u0131zla olanakl\u0131d\u0131r.\u201d <\/p>\n","protected":false},"excerpt":{"rendered":"<p>Bu, bir cinayetin \u2013ger\u00e7ekli\u011fin katlinin\u2013 \u00f6yk\u00fcs\u00fcd\u00fcr. Ve bir yan\u0131lsaman\u0131n \u2013ya\u015famsal yan\u0131lsaman\u0131n, d\u00fcnyaya ili\u015fkin temel yan\u0131lsaman\u0131n\u2013 yok edilme \u00f6yk\u00fcs\u00fcd\u00fcr. Ger\u00e7ek, yan\u0131lsama i\u00e7inde kaybolmaz; b\u00fct\u00fcnsel ger\u00e7eklik i\u00e7inde kaybolan,<span class=\"excerpt-hellip\"> [\u2026]<\/span><\/p>\n","protected":false},"featured_media":0,"template":"","meta":{"_monsterinsights_skip_tracking":false,"_monsterinsights_sitenote_active":false,"_monsterinsights_sitenote_note":"","_monsterinsights_sitenote_category":0},"product_brand":[],"product_cat":[13633,12324],"product_tag":[],"class_list":{"0":"post-690368","1":"product","2":"type-product","3":"status-publish","5":"product_cat-kultur-ve-bilim","6":"product_cat-sosyoloji","7":"pa_cilt-ciltsiz","8":"pa_tur-kitap","9":"pa_yayinevi-ayrinti-yayinlari","10":"pa_yazar-jean-baudrillard","12":"first","13":"instock","14":"sale","15":"shipping-taxable","16":"purchasable","17":"product-type-simple"},"_links":{"self":[{"href":"https:\/\/roveyayinevi.com.tr\/index.php\/wp-json\/wp\/v2\/product\/690368","targetHints":{"allow":["GET"]}}],"collection":[{"href":"https:\/\/roveyayinevi.com.tr\/index.php\/wp-json\/wp\/v2\/product"}],"about":[{"href":"https:\/\/roveyayinevi.com.tr\/index.php\/wp-json\/wp\/v2\/types\/product"}],"wp:attachment":[{"href":"https:\/\/roveyayinevi.com.tr\/index.php\/wp-json\/wp\/v2\/media?parent=690368"}],"wp:term":[{"taxonomy":"product_brand","embeddable":true,"href":"https:\/\/roveyayinevi.com.tr\/index.php\/wp-json\/wp\/v2\/product_brand?post=690368"},{"taxonomy":"product_cat","embeddable":true,"href":"https:\/\/roveyayinevi.com.tr\/index.php\/wp-json\/wp\/v2\/product_cat?post=690368"},{"taxonomy":"product_tag","embeddable":true,"href":"https:\/\/roveyayinevi.com.tr\/index.php\/wp-json\/wp\/v2\/product_tag?post=690368"}],"curies":[{"name":"wp","href":"https:\/\/api.w.org\/{rel}","templated":true}]}}