{"id":690310,"date":"2025-08-27T13:51:11","date_gmt":"2025-08-27T10:51:11","guid":{"rendered":"https:\/\/roveyayinevi.com.tr\/index.php\/urun\/gercegin-geri-donusu\/"},"modified":"2026-04-16T01:59:53","modified_gmt":"2026-04-15T22:59:53","slug":"gercegin-geri-donusu","status":"publish","type":"product","link":"https:\/\/roveyayinevi.com.tr\/index.php\/urun\/gercegin-geri-donusu\/","title":{"rendered":"Ger\u00e7e\u011fin Geri D\u00f6n\u00fc\u015f\u00fc"},"content":{"rendered":"<p>Hal Foster\u2019\u0131n, yirminci y\u00fczy\u0131l\u0131 derinden etkilemi\u015f avangard sanat\u0131 ve onun yorumcular\u0131n\u0131 temel alan bir tart\u0131\u015fma niteli\u011fi de ta\u015f\u0131yan Ger\u00e7e\u011fin Geri D\u00f6n\u00fc\u015f\u00fc adl\u0131 kitab\u0131, sanat\u00e7\u0131n\u0131n projeden projeye ko\u015ftu\u011fu, al\u0131mlay\u0131c\u0131n\u0131n ise bir antropolog gibi sanat\u00e7\u0131n\u0131n pe\u015finde, \u00e7ok geni\u015f bir s\u00f6ylemsel alan\u0131 t\u00fcketmek i\u00e7in \u00e7abalad\u0131\u011f\u0131 g\u00fcn\u00fcm\u00fcz sanat ortam\u0131n\u0131 kendine \u00e7\u0131k\u0131\u015f noktas\u0131 olarak al\u0131yor. Ve bu ba\u011flamda, yeni avangard olarak an\u0131lan 1960\u2019l\u0131 y\u0131llar\u0131n sanat etkinliklerinden g\u00fcn\u00fcm\u00fcze kadar uzanan bir \u00e7izgide  avangard \u0131n kendini g\u00f6sterme ve konumlanma bi\u00e7imlerine de\u011finiyor. \u0130\u015fte tam da bu noktada \u015fu sorular akla geliyor: Acaba bu \u00e7er\u00e7eveden bak\u0131ld\u0131\u011f\u0131nda g\u00fcn\u00fcm\u00fcz sanat\u0131n\u0131n \u00f6l\u00e7\u00fctleri nedir ya da b\u00f6ylesi h\u0131zl\u0131 bir d\u00fcnyada art\u0131k bir sanattan s\u00f6z etmek olas\u0131 m\u0131d\u0131r? Giderek, al\u0131mlay\u0131c\u0131n\u0131n \u00e7a\u011fda\u015f sanata kar\u015f\u0131 tak\u0131nd\u0131\u011f\u0131 mesafeli tavr\u0131n anlam\u0131 tam da burada yatm\u0131yor mu? Foster bu sorular\u0131 iki temel kavram arac\u0131l\u0131\u011f\u0131yla yan\u0131tlamaya \u00e7al\u0131\u015f\u0131yor: travmatik  gecikmi\u015f eylem  ve \u00f6zneleraras\u0131l\u0131\u011f\u0131 gerektiren  paralaks . B\u00f6ylece Foster\u2019a g\u00f6re \u00e7a\u011fda\u015f sanatta yap\u0131t, klasik tarihsel bir \u00e7izgi \u00fczerinde de\u011ferlendirilmekten \u00e7ok, hareket halindeki al\u0131mlay\u0131c\u0131n\u0131n alg\u0131lama an\u0131nda meydana gelen de\u011fi\u015fmelere ve gelecekten bakarak kuraca\u011f\u0131, \u00f6telenmi\u015f bir yorumlama mekanizmas\u0131na g\u00f6re de\u011fer kazan\u0131yor. Ayr\u0131ca Hal Foster, kendini s\u00fcrekli tekrar eden bir avangard\u0131n ard\u0131ndan, B\u00fcrger\u2019in de temsilcisi oldu\u011fu, her \u015feyi a\u00e7\u0131klayan  tek kuram  yakla\u015f\u0131m\u0131n\u0131n ge\u00e7erli olup olmad\u0131\u011f\u0131n\u0131 da sorguluyor. Minimalizm ve pop-art gibi \u00f6rnekleri modernist s\u00f6ylem a\u00e7\u0131s\u0131ndan oldu\u011fu kadar, postmodernist s\u00f6ylem a\u00e7\u0131s\u0131ndan da de\u011ferlendiriyor. G\u00fcn\u00fcm\u00fczde sanat tarihi yaz\u0131m\u0131n\u0131 etkileyen b\u00fct\u00fcn di\u011fer d\u00fc\u015f\u00fcn\u00fcrler gibi, Foster da, dil felsefesinin ve Lacan-Derrida ikilisinin yap\u0131bozuma u\u011fratt\u0131\u011f\u0131  anlam  fikriyle tarihyaz\u0131m\u0131n\u0131 sorunsalla\u015ft\u0131r\u0131yor. <\/p>\n","protected":false},"excerpt":{"rendered":"<p>Hal Foster\u2019\u0131n, yirminci y\u00fczy\u0131l\u0131 derinden etkilemi\u015f avangard sanat\u0131 ve onun yorumcular\u0131n\u0131 temel alan bir tart\u0131\u015fma niteli\u011fi de ta\u015f\u0131yan Ger\u00e7e\u011fin Geri D\u00f6n\u00fc\u015f\u00fc adl\u0131 kitab\u0131, sanat\u00e7\u0131n\u0131n projeden projeye<span class=\"excerpt-hellip\"> [\u2026]<\/span><\/p>\n","protected":false},"featured_media":0,"template":"","meta":{"_monsterinsights_skip_tracking":false,"_monsterinsights_sitenote_active":false,"_monsterinsights_sitenote_note":"","_monsterinsights_sitenote_category":0},"product_brand":[],"product_cat":[12312,12304],"product_tag":[],"class_list":{"0":"post-690310","1":"product","2":"type-product","3":"status-publish","5":"product_cat-diger","6":"product_cat-tarih","7":"pa_cilt-ciltsiz","8":"pa_tur-kitap","9":"pa_yayinevi-ayrinti-yayinlari","10":"pa_yazar-hal-foster","12":"first","13":"instock","14":"sale","15":"shipping-taxable","16":"purchasable","17":"product-type-simple"},"_links":{"self":[{"href":"https:\/\/roveyayinevi.com.tr\/index.php\/wp-json\/wp\/v2\/product\/690310","targetHints":{"allow":["GET"]}}],"collection":[{"href":"https:\/\/roveyayinevi.com.tr\/index.php\/wp-json\/wp\/v2\/product"}],"about":[{"href":"https:\/\/roveyayinevi.com.tr\/index.php\/wp-json\/wp\/v2\/types\/product"}],"wp:attachment":[{"href":"https:\/\/roveyayinevi.com.tr\/index.php\/wp-json\/wp\/v2\/media?parent=690310"}],"wp:term":[{"taxonomy":"product_brand","embeddable":true,"href":"https:\/\/roveyayinevi.com.tr\/index.php\/wp-json\/wp\/v2\/product_brand?post=690310"},{"taxonomy":"product_cat","embeddable":true,"href":"https:\/\/roveyayinevi.com.tr\/index.php\/wp-json\/wp\/v2\/product_cat?post=690310"},{"taxonomy":"product_tag","embeddable":true,"href":"https:\/\/roveyayinevi.com.tr\/index.php\/wp-json\/wp\/v2\/product_tag?post=690310"}],"curies":[{"name":"wp","href":"https:\/\/api.w.org\/{rel}","templated":true}]}}