{"id":690300,"date":"2025-08-27T13:51:09","date_gmt":"2025-08-27T10:51:09","guid":{"rendered":"https:\/\/roveyayinevi.com.tr\/index.php\/urun\/entelektuelin-siyasi-islevi\/"},"modified":"2026-04-16T01:59:52","modified_gmt":"2026-04-15T22:59:52","slug":"entelektuelin-siyasi-islevi","status":"publish","type":"product","link":"https:\/\/roveyayinevi.com.tr\/index.php\/urun\/entelektuelin-siyasi-islevi\/","title":{"rendered":"Entelekt\u00fcelin Siyasi \u0130\u015flevi"},"content":{"rendered":"<p>Michel Foucault iktidar ili\u015fkileri ve tekniklerinin hayat\u0131n en umulmad\u0131k alanlar\u0131na kadar n\u00fcfuz etti\u011fini g\u00f6stererek yirminci y\u00fczy\u0131l\u0131n en etkili d\u00fc\u015f\u00fcn\u00fcrleri aras\u0131na girdi. \u0130ktidar ili\u015fkilerinin kar\u015f\u0131 \u00e7\u0131k\u0131lmadan kabullenildi\u011fi g\u00fcn\u00fcm\u00fcz d\u00fcnyas\u0131na kar\u015f\u0131 Foucault\u2019nun tahakk\u00fcm kar\u015f\u0131t\u0131 d\u00fcnyas\u0131n\u0131 b\u00fct\u00fcn a\u00e7\u0131kl\u0131\u011f\u0131yla \u00e7er\u00e7eveleyen alt\u0131 ciltlik Se\u00e7me Yaz\u0131lar\u2019\u0131n ilk cildini sunuyoruz: Entelekt\u00fcelin Siyasi \u0130\u015flevi. Frans\u0131z Devrimi\u2019nden Dreyfus Olay\u0131\u2019na, Ekim Devrimi\u2019nden May\u0131s 68\u2019e Avrupa\u2019n\u0131n yak\u0131n tarihinde d\u00f6n\u00fcm noktas\u0131 olmu\u015f siyasi s\u00fcre\u00e7lerde entelekt\u00fcellerinin oynad\u0131\u011f\u0131 rol her zaman ciddi bir tart\u0131\u015fma konusu oldu. Entelekt\u00fcelin siyasi i\u015flevi nedir sorusuna verilecek cevapsa ka\u00e7\u0131n\u0131lmaz olarak entelekt\u00fcelin iktidarla, kitlelerle ve toplumsal hakikatle ili\u015fkisine dair ayr\u0131nt\u0131l\u0131 bir analiz gerektiriyor. Foucault\u2019ya g\u00f6re, on sekizinci y\u00fczy\u0131ldan beri Bat\u0131l\u0131 entelekt\u00fcel kendini hep evrensel bir hakikatin s\u00f6zc\u00fcs\u00fc olarak g\u00f6rm\u00fc\u015f ve iktidara kar\u015f\u0131 yap\u0131lan siyasi m\u00fccadelelerde bu hakikati bilmeyen kitlelerin binici, vicdan\u0131 ve \u00f6nc\u00fcs\u00fc olmaya soyunmu\u015ftur. Oysa art\u0131k entelekt\u00fcelin kendine bi\u00e7ti\u011fi bu g\u00f6revden vazge\u00e7me vakti gelmi\u015ftir: Entelekt\u00fcelin ba\u015fkalar\u0131na ne yapmalar\u0131 gerekti\u011fini s\u00f6ylemeye hakk\u0131 yoktur, \u00e7\u00fcnk\u00fc kitleler kendileri i\u00e7in neyin iyi oldu\u011funun bilincindedir. \u00dcstelik, geleneksel entelekt\u00fcellerin \u00e7o\u011fu zaman bilimsel bir s\u00f6yleme dayanarak ortaya att\u0131klar\u0131 toplumsal, siyasi, ekonomik kehanetler ger\u00e7ekle\u015fmedi\u011fi gibi, verdikleri s\u00f6zler de yerine getirilmi\u015ftir. Ama Foucault\u2019nun bu ele\u015ftirisi, entelekt\u00fcelin \u00f6nderli\u011finin tarihsel sonu\u00e7lar\u0131ndan duyulan bir hayal k\u0131r\u0131kl\u0131\u011f\u0131ndan ibaret de\u011fil. \u0130ktidar, hakikat, bilimsellik gibi kavramlar\u0131n radikal bir bi\u00e7imde yeniden d\u00fc\u015f\u00fcn\u00fclmesine dayal\u0131 olan ve siyasi anlamda yepyeni bir entelekt\u00fcel anlay\u0131\u015f\u0131n\u0131 getiren karma\u015f\u0131k bir teorik ele\u015ftiri. Entelekt\u00fcelin Siyasi \u0130\u015flevi, Bat\u0131\u2019da \u00e7ok geni\u015f kapsaml\u0131 tart\u0131\u015fmalara neden olan bu yeni entelekt\u00fcel anlay\u0131\u015f\u0131n\u0131n arkas\u0131ndaki hakikat ve iktidar analizlerini bir araya getiriyor. T\u00fcm toplumu ku\u015fatan iktidar ili\u015fkilerinin yeni tahakk\u00fcm bi\u00e7imleri yaratmadan nas\u0131l de\u011fi\u015ftirilebilece\u011fini d\u00fc\u015f\u00fcnmek isteyenler i\u00e7in&#8230; \ufffcTan\u0131t\u0131m Metni<\/p>\n","protected":false},"excerpt":{"rendered":"<p>Michel Foucault iktidar ili\u015fkileri ve tekniklerinin hayat\u0131n en umulmad\u0131k alanlar\u0131na kadar n\u00fcfuz etti\u011fini g\u00f6stererek yirminci y\u00fczy\u0131l\u0131n en etkili d\u00fc\u015f\u00fcn\u00fcrleri aras\u0131na girdi. \u0130ktidar ili\u015fkilerinin kar\u015f\u0131 \u00e7\u0131k\u0131lmadan kabullenildi\u011fi<span class=\"excerpt-hellip\"> [\u2026]<\/span><\/p>\n","protected":false},"featured_media":0,"template":"","meta":{"_monsterinsights_skip_tracking":false,"_monsterinsights_sitenote_active":false,"_monsterinsights_sitenote_note":"","_monsterinsights_sitenote_category":0},"product_brand":[],"product_cat":[12388,15309],"product_tag":[],"class_list":{"0":"post-690300","1":"product","2":"type-product","3":"status-publish","5":"product_cat-felsefe","6":"product_cat-felsefi-akimlar","7":"pa_cilt-ciltsiz","8":"pa_tur-kitap","9":"pa_yayinevi-ayrinti-yayinlari","10":"pa_yazar-michel-foucault","12":"first","13":"instock","14":"sale","15":"shipping-taxable","16":"purchasable","17":"product-type-simple"},"_links":{"self":[{"href":"https:\/\/roveyayinevi.com.tr\/index.php\/wp-json\/wp\/v2\/product\/690300","targetHints":{"allow":["GET"]}}],"collection":[{"href":"https:\/\/roveyayinevi.com.tr\/index.php\/wp-json\/wp\/v2\/product"}],"about":[{"href":"https:\/\/roveyayinevi.com.tr\/index.php\/wp-json\/wp\/v2\/types\/product"}],"wp:attachment":[{"href":"https:\/\/roveyayinevi.com.tr\/index.php\/wp-json\/wp\/v2\/media?parent=690300"}],"wp:term":[{"taxonomy":"product_brand","embeddable":true,"href":"https:\/\/roveyayinevi.com.tr\/index.php\/wp-json\/wp\/v2\/product_brand?post=690300"},{"taxonomy":"product_cat","embeddable":true,"href":"https:\/\/roveyayinevi.com.tr\/index.php\/wp-json\/wp\/v2\/product_cat?post=690300"},{"taxonomy":"product_tag","embeddable":true,"href":"https:\/\/roveyayinevi.com.tr\/index.php\/wp-json\/wp\/v2\/product_tag?post=690300"}],"curies":[{"name":"wp","href":"https:\/\/api.w.org\/{rel}","templated":true}]}}