{"id":690279,"date":"2025-08-27T13:51:05","date_gmt":"2025-08-27T10:51:05","guid":{"rendered":"https:\/\/roveyayinevi.com.tr\/index.php\/urun\/elestirel-teori-habermas-ve-frankfurt-okulu\/"},"modified":"2026-03-23T01:59:24","modified_gmt":"2026-03-22T22:59:24","slug":"elestirel-teori-habermas-ve-frankfurt-okulu","status":"publish","type":"product","link":"https:\/\/roveyayinevi.com.tr\/index.php\/urun\/elestirel-teori-habermas-ve-frankfurt-okulu\/","title":{"rendered":"Ele\u015ftirel Teori Habermas ve Frankfurt Okulu"},"content":{"rendered":"<p>Yirminci y\u00fczy\u0131l\u0131n en \u00f6nemli d\u00fc\u015f\u00fcnce geleneklerinden biri olan Frankfurt Okulu, ele\u015ftirel teoriyi radikal anlamda yeni bir bilgi bi\u00e7imi olarak sunmu\u015f ve bu bilginin bizleri ger\u00e7ek veya do\u011fru \u00e7\u0131karlar\u0131m\u0131z konusunda ayd\u0131nlataca\u011f\u0131n\u0131 ve \u00e7o\u011fu zaman fark\u0131nda olmad\u0131\u011f\u0131m\u0131z bask\u0131 bi\u00e7imlerinden, zorlamalardan kurtaraca\u011f\u0131n\u0131 savunmu\u015ftur. Fa\u015fizmin en g\u00fc\u00e7l\u00fc oldu\u011fu d\u00f6nemde bir direni\u015f s\u00f6ylemi olarak geli\u015ftirilmi\u015f olan ele\u015ftirel teori, totaliterlikle birlikte d\u00fc\u015f\u00fcnd\u00fc\u011f\u00fc ayd\u0131nlanma kavram\u0131n\u0131n kendisini de sorunsalla\u015ft\u0131rm\u0131\u015f, bu kavram\u0131n toplum bilimlerindeki y\u00f6ntem sorunuyla ili\u015fkisini ortaya \u00e7\u0131karm\u0131\u015f ve dolay\u0131s\u0131yla y\u00f6ntem tart\u0131\u015fmas\u0131na kal\u0131c\u0131 bir siyasi i\u00e7erik kazand\u0131rm\u0131\u015ft\u0131r. <\/p>\n","protected":false},"excerpt":{"rendered":"<p>Yirminci y\u00fczy\u0131l\u0131n en \u00f6nemli d\u00fc\u015f\u00fcnce geleneklerinden biri olan Frankfurt Okulu, ele\u015ftirel teoriyi radikal anlamda yeni bir bilgi bi\u00e7imi olarak sunmu\u015f ve bu bilginin bizleri ger\u00e7ek veya<span class=\"excerpt-hellip\"> [\u2026]<\/span><\/p>\n","protected":false},"featured_media":0,"template":"","meta":{"_monsterinsights_skip_tracking":false,"_monsterinsights_sitenote_active":false,"_monsterinsights_sitenote_note":"","_monsterinsights_sitenote_category":0},"product_brand":[],"product_cat":[12389,12388],"product_tag":[],"class_list":{"0":"post-690279","1":"product","2":"type-product","3":"status-publish","5":"product_cat-diger-felsefe","6":"product_cat-felsefe","7":"pa_cilt-ciltsiz","8":"pa_tur-kitap","9":"pa_yayinevi-ayrinti-yayinlari","10":"pa_yazar-raymond-geuss","12":"first","13":"instock","14":"sale","15":"shipping-taxable","16":"purchasable","17":"product-type-simple"},"_links":{"self":[{"href":"https:\/\/roveyayinevi.com.tr\/index.php\/wp-json\/wp\/v2\/product\/690279","targetHints":{"allow":["GET"]}}],"collection":[{"href":"https:\/\/roveyayinevi.com.tr\/index.php\/wp-json\/wp\/v2\/product"}],"about":[{"href":"https:\/\/roveyayinevi.com.tr\/index.php\/wp-json\/wp\/v2\/types\/product"}],"wp:attachment":[{"href":"https:\/\/roveyayinevi.com.tr\/index.php\/wp-json\/wp\/v2\/media?parent=690279"}],"wp:term":[{"taxonomy":"product_brand","embeddable":true,"href":"https:\/\/roveyayinevi.com.tr\/index.php\/wp-json\/wp\/v2\/product_brand?post=690279"},{"taxonomy":"product_cat","embeddable":true,"href":"https:\/\/roveyayinevi.com.tr\/index.php\/wp-json\/wp\/v2\/product_cat?post=690279"},{"taxonomy":"product_tag","embeddable":true,"href":"https:\/\/roveyayinevi.com.tr\/index.php\/wp-json\/wp\/v2\/product_tag?post=690279"}],"curies":[{"name":"wp","href":"https:\/\/api.w.org\/{rel}","templated":true}]}}