{"id":690149,"date":"2025-08-27T13:50:06","date_gmt":"2025-08-27T10:50:06","guid":{"rendered":"https:\/\/roveyayinevi.com.tr\/index.php\/urun\/bahce-bizim-gul-bizdedir\/"},"modified":"2026-03-23T01:59:21","modified_gmt":"2026-03-22T22:59:21","slug":"bahce-bizim-gul-bizdedir","status":"publish","type":"product","link":"https:\/\/roveyayinevi.com.tr\/index.php\/urun\/bahce-bizim-gul-bizdedir\/","title":{"rendered":"Bah\u00e7e Bizim G\u00fcl Bizdedir"},"content":{"rendered":"<p>Alevilik pirine, oca\u011f\u0131na ikrar ile ba\u011flanm\u0131\u015f taliplerin olu\u015fturdu\u011fu bir \u2018yeminli yurtta\u015flar toplulu\u011fu\u2019 mudur yoksa b\u00fcnyesinde ilahi s\u0131rlar saklayan bir \u2018gizem okulu\u2019 mu?  Ma Ana  kimdir ? Aleviler kendilerini neden \u2018Millete Ma\u2019 olarak tan\u0131ml\u0131yorlar? Ma Ana, Mary Ana ve Fatma Ana ayn\u0131 kutsal varl\u0131\u011f\u0131n farkl\u0131 iklimlerdeki ad\u0131 m\u0131d\u0131r? Erken H\u0131ristiyanlar Bakire Mary\u2019den do\u011fan Tanr\u0131n\u0131n o\u011flu \u0130sa hikayesini Bu g\u00fcn Hac\u0131 Bekta\u015fi Veli\u2019nin ad\u0131 ile an\u0131lan Karacah\u00f6y\u00fck Dergah\u0131\u2019ndan m\u0131 kopyalad\u0131lar? \u2018Ehli Beyt\u2019 s\u00f6zc\u00fc\u011f\u00fcn\u00fcn \u2018Alevi ince yolu\u2019 i\u00e7indeki s\u0131rlanm\u0131\u015f anlam\u0131 nedir? \u00dcrg\u00fcp, G\u00f6reme, Avanos ve Ihlara Vadisi\u2019ndeki yeralt\u0131 \u015fehirlerini ve kaya yerle\u015fimlerini Roma\u2019n\u0131n ma\u011fdur etti\u011fi H\u0131ristiyanlar m\u0131 yoksa H\u0131ristiyanl\u0131\u011f\u0131n zulm\u00fcnden ka\u00e7an Karacah\u00f6y\u00fck Dergah\u0131\u2019n\u0131n talipleri mi in\u015fa ettiler? Alevilikte  mumyalama  var m\u0131d\u0131r? Hac\u0131 Bekta\u015f Veli Dergah\u0131\u2019nda eski \u00e7a\u011fdan kalan mumyalar kimlere aittir? Hac\u0131 Bekta\u015fi Veli Dergah\u0131, Eski \u00c7a\u011f\u2019da Seyit Battal Gazi Dergah\u0131\u2019n\u0131n kolonisi miydi? Battal Gazi Dokuzuncu y\u00fczy\u0131lda Divri\u011fi\u2019de bir Alevi devleti kurdu mu? Babai katliam\u0131 Katolik Kilisesi taraf\u0131ndan tasarlanm\u0131\u015f bir soyk\u0131r\u0131m giri\u015fimi miydi? Sel\u00e7uklular bu kanl\u0131 operasyonda ta\u015feronluk mu yapt\u0131lar? Alevi m\u00fcr\u015fitlerine, Alevi pirlerine ait soy a\u011fac\u0131 bilgileri neden ortadan kald\u0131r\u0131ld\u0131? Osmanl\u0131 Devleti kurulu\u015funda Alevi miydi? \u0130flah olmaz bir Alevi d\u00fc\u015fman\u0131 olan \u015eah \u0130smail \u2018tebdil-i k\u0131yafet\u2019 ederek Alevi erkan\u0131 i\u00e7ine nas\u0131l girdi? Bu kitab\u0131n yapraklar\u0131n\u0131 \u00e7evirirken; mahsur kald\u0131klar\u0131 kuytu karanl\u0131klar\u0131 delerek teker, teker g\u00fcn y\u00fcz\u00fcne \u00e7\u0131kan Alevi ger\u00e7ekleri ile tan\u0131\u015facaks\u0131n\u0131z. Bu sat\u0131rlar\u0131n aras\u0131nda gezinirken, bu topraklar\u0131n en eski uygarl\u0131\u011f\u0131n\u0131n, sonsuzlu\u011fun dehlizinde, sanki hi\u00e7 varolmam\u0131\u015f gibi, yitip gitmemek i\u00e7in g\u00f6sterdi\u011fi soylu direni\u015fe tan\u0131kl\u0131k edeceksiniz. G\u00f6\u011fs\u00fcn\u00fcz kabaracak. Alevili\u011fin uzun s\u00fcrm\u00fc\u015f onurlu ve h\u00fcz\u00fcnl\u00fc maceras\u0131n\u0131 ak ka\u011f\u0131tlar \u00fczerinden ilk kez okuyacaks\u0131n\u0131z.. Bir ulu \u0131\u015f\u0131k d\u00fc\u015fecek \u00fcst\u00fcn\u00fcze, i\u00e7iniz ayd\u0131nlanacak. <\/p>\n","protected":false},"excerpt":{"rendered":"<p>Alevilik pirine, oca\u011f\u0131na ikrar ile ba\u011flanm\u0131\u015f taliplerin olu\u015fturdu\u011fu bir \u2018yeminli yurtta\u015flar toplulu\u011fu\u2019 mudur yoksa b\u00fcnyesinde ilahi s\u0131rlar saklayan bir \u2018gizem okulu\u2019 mu? Ma Ana kimdir ?<span class=\"excerpt-hellip\"> [\u2026]<\/span><\/p>\n","protected":false},"featured_media":0,"template":"","meta":{"_monsterinsights_skip_tracking":false,"_monsterinsights_sitenote_active":false,"_monsterinsights_sitenote_note":"","_monsterinsights_sitenote_category":0},"product_brand":[],"product_cat":[13059,12337],"product_tag":[],"class_list":{"0":"post-690149","1":"product","2":"type-product","3":"status-publish","5":"product_cat-diger-politika-siyaset","6":"product_cat-politika-siyaset","7":"pa_tur-kitap","8":"pa_yayinevi-kalkedon-yayincilik","9":"pa_yazar-erdogan-cinar","11":"first","12":"instock","13":"sale","14":"shipping-taxable","15":"purchasable","16":"product-type-simple"},"_links":{"self":[{"href":"https:\/\/roveyayinevi.com.tr\/index.php\/wp-json\/wp\/v2\/product\/690149","targetHints":{"allow":["GET"]}}],"collection":[{"href":"https:\/\/roveyayinevi.com.tr\/index.php\/wp-json\/wp\/v2\/product"}],"about":[{"href":"https:\/\/roveyayinevi.com.tr\/index.php\/wp-json\/wp\/v2\/types\/product"}],"wp:attachment":[{"href":"https:\/\/roveyayinevi.com.tr\/index.php\/wp-json\/wp\/v2\/media?parent=690149"}],"wp:term":[{"taxonomy":"product_brand","embeddable":true,"href":"https:\/\/roveyayinevi.com.tr\/index.php\/wp-json\/wp\/v2\/product_brand?post=690149"},{"taxonomy":"product_cat","embeddable":true,"href":"https:\/\/roveyayinevi.com.tr\/index.php\/wp-json\/wp\/v2\/product_cat?post=690149"},{"taxonomy":"product_tag","embeddable":true,"href":"https:\/\/roveyayinevi.com.tr\/index.php\/wp-json\/wp\/v2\/product_tag?post=690149"}],"curies":[{"name":"wp","href":"https:\/\/api.w.org\/{rel}","templated":true}]}}