{"id":690132,"date":"2025-08-27T13:50:03","date_gmt":"2025-08-27T10:50:03","guid":{"rendered":"https:\/\/roveyayinevi.com.tr\/index.php\/urun\/hanefi-yoldas\/"},"modified":"2026-04-16T01:59:48","modified_gmt":"2026-04-15T22:59:48","slug":"hanefi-yoldas","status":"publish","type":"product","link":"https:\/\/roveyayinevi.com.tr\/index.php\/urun\/hanefi-yoldas\/","title":{"rendered":"Hanefi Yolda\u015f"},"content":{"rendered":"<p>O kitab\u0131; emniyet i\u00e7erisindeki cemaat \u00f6rg\u00fctlenmesini ele alan Hali\u00e7\u2019te Ya\u015fayan Simonlar \u0131 yazd\u0131\u011f\u0131 tarihe kadar dindar kesimin \u2018model polis\u2019 \u015fefiydi. G*\u00fclen Cemaati\u2019ne yak\u0131nl\u0131\u011f\u0131yla biliniyordu. Ne olduysa, o kitaptan sonra oldu. \u00d6mr\u00fc sol \u00f6rg\u00fctlerle m\u00fccadele ile ge\u00e7en, bu u\u011furda ad\u0131 i\u015fkenceciye \u00e7\u0131kan Hanefi Avc\u0131, birden bire Devrimci Kararg\u00e2h adl\u0131 silahl\u0131 sol \u00f6rg\u00fcte yard\u0131m etmek iddias\u0131yla tutukland\u0131. Ve ard\u0131ndan, eski makam odas\u0131ndan ses kasetleri \u00e7\u0131kt\u0131. Bu kavgan\u0131n \u00f6z\u00fc neydi? Hanefi Avc\u0131, Devrimci Kararg\u00e2h ile hangi iddialar \u00e7er\u00e7evesinde ili\u015fkilendirildi? Telefonlar\u0131, IMEI numaras\u0131yla ve bir ba\u015fka isimle dinlendi mi? O kasetler odas\u0131ndan m\u0131 \u00e7\u0131km\u0131\u015ft\u0131? \u00d6nce sal\u0131verilmesi istenildi\u011fi halde neden yedi g\u00fcn sonra cezaevine konuldu? Emniyet, Avc\u0131\u2019n\u0131n da takibe al\u0131nd\u0131\u011f\u0131n\u0131 savc\u0131l\u0131ktan saklad\u0131 m\u0131? Avc\u0131\u2019n\u0131n savc\u0131l\u0131\u011fa teslim etti\u011fi \u2018cemaat belgesinin\u2019 ak\u0131beti ne oldu? M\u0130T\u2019in ve Emniyetin \u2018imam\u0131\u2019 kim? Kitab\u0131 hakk\u0131nda Ergenekon soru\u015fturmas\u0131 ba\u015flat\u0131ld\u0131 m\u0131? Neden 100 y\u0131la kadar hapis isteniyor? A\u00e7\u0131lan 13 ayr\u0131 davan\u0131n ve 13 idari soru\u015fturman\u0131n gerek\u00e7esi ne? Devrimci Kararg\u00e2h, nas\u0131l bir \u00f6rg\u00fct? Devlet, bu \u00f6rg\u00fct\u00fcn varl\u0131\u011f\u0131n\u0131, ilk sald\u0131r\u0131s\u0131 ile ayn\u0131 g\u00fcn m\u00fc \u00f6\u011frendi? Her k\u00f6\u015fe ba\u015f\u0131nda arand\u0131\u011f\u0131 g\u00fcnlerde \u00f6rg\u00fct emniyetin 250 metre yak\u0131n\u0131nda m\u0131yd\u0131? \u00dcyesi oldu\u011fu iddia edilen \u00f6rg\u00fct\u00fcn ad\u0131n\u0131, g\u00f6zalt\u0131na al\u0131nd\u0131klar\u0131nda \u00f6\u011frenenler kimlerdi? Evlerinden tek bir silah bile \u00e7\u0131kmad\u0131\u011f\u0131 halde u\u00e7ak ka\u00e7\u0131rmakla, yatlar\u0131 ve otomobilleri yakmakla itham edilen gen\u00e7lerin as\u0131l \u2018su\u00e7u\u2019 neydi? Amirallerine suikastla itham edilen d\u00f6rt te\u011fmenin bu \u00f6rg\u00fctle ba\u011f\u0131 var m\u0131yd\u0131? Bir yasal parti ve iki yasal platform hangi \u2018kan\u0131tlarla\u2019 \u00e7\u00f6kertildi? Devrimci Kararg\u00e2h\u2019\u0131 Ergenekon mu kurdu? T\u00fcrkiye\u2019yi sarsan Erzincan Davas\u0131\u2019n\u0131n anlat\u0131ld\u0131\u011f\u0131 \u2018Postmodern Cihad\u2019\u0131n yazar\u0131 gazeteci \u0130smail Saymaz, bu sorular\u0131n yan\u0131tlar\u0131n\u0131 arad\u0131; Hanefi Avc\u0131\u2019y\u0131 ve Devrimci Kararg\u00e2h Davas\u0131\u2019n\u0131 kaleme ald\u0131. Bas\u0131n \u00d6zg\u00fcrl\u00fc\u011f\u00fc \u00d6d\u00fcl\u00fc\u2019ne hak kazanan \u0130smail Saymaz, yakla\u015f\u0131k 50 bin sayfay\u0131 bulan \u00fc\u00e7 dava klas\u00f6r\u00fcn\u00fc, onlarca iddianameyi ve ek belgeyi inceledi; T\u00fcrkiye\u2019nin en garip sol \u00f6rg\u00fct davas\u0131n\u0131 kitapla\u015ft\u0131rd\u0131.<\/p>\n","protected":false},"excerpt":{"rendered":"<p>O kitab\u0131; emniyet i\u00e7erisindeki cemaat \u00f6rg\u00fctlenmesini ele alan Hali\u00e7\u2019te Ya\u015fayan Simonlar \u0131 yazd\u0131\u011f\u0131 tarihe kadar dindar kesimin \u2018model polis\u2019 \u015fefiydi. G*\u00fclen Cemaati\u2019ne yak\u0131nl\u0131\u011f\u0131yla biliniyordu. Ne olduysa,<span class=\"excerpt-hellip\"> [\u2026]<\/span><\/p>\n","protected":false},"featured_media":0,"template":"","meta":{"_monsterinsights_skip_tracking":false,"_monsterinsights_sitenote_active":false,"_monsterinsights_sitenote_note":"","_monsterinsights_sitenote_category":0},"product_brand":[],"product_cat":[12346,12337],"product_tag":[],"class_list":{"0":"post-690132","1":"product","2":"type-product","3":"status-publish","5":"product_cat-derin-siyaset-komplo-teorileri","6":"product_cat-politika-siyaset","7":"pa_cilt-ciltsiz","8":"pa_tur-kitap","9":"pa_yayinevi-kalkedon-yayincilik","10":"pa_yazar-ismail-saymaz","12":"first","13":"instock","14":"sale","15":"shipping-taxable","16":"purchasable","17":"product-type-simple"},"_links":{"self":[{"href":"https:\/\/roveyayinevi.com.tr\/index.php\/wp-json\/wp\/v2\/product\/690132","targetHints":{"allow":["GET"]}}],"collection":[{"href":"https:\/\/roveyayinevi.com.tr\/index.php\/wp-json\/wp\/v2\/product"}],"about":[{"href":"https:\/\/roveyayinevi.com.tr\/index.php\/wp-json\/wp\/v2\/types\/product"}],"wp:attachment":[{"href":"https:\/\/roveyayinevi.com.tr\/index.php\/wp-json\/wp\/v2\/media?parent=690132"}],"wp:term":[{"taxonomy":"product_brand","embeddable":true,"href":"https:\/\/roveyayinevi.com.tr\/index.php\/wp-json\/wp\/v2\/product_brand?post=690132"},{"taxonomy":"product_cat","embeddable":true,"href":"https:\/\/roveyayinevi.com.tr\/index.php\/wp-json\/wp\/v2\/product_cat?post=690132"},{"taxonomy":"product_tag","embeddable":true,"href":"https:\/\/roveyayinevi.com.tr\/index.php\/wp-json\/wp\/v2\/product_tag?post=690132"}],"curies":[{"name":"wp","href":"https:\/\/api.w.org\/{rel}","templated":true}]}}