{"id":690125,"date":"2025-08-27T13:50:02","date_gmt":"2025-08-27T10:50:02","guid":{"rendered":"https:\/\/roveyayinevi.com.tr\/index.php\/urun\/gramscide-dil-ve-hegemonya\/"},"modified":"2026-04-16T01:59:48","modified_gmt":"2026-04-15T22:59:48","slug":"gramscide-dil-ve-hegemonya","status":"publish","type":"product","link":"https:\/\/roveyayinevi.com.tr\/index.php\/urun\/gramscide-dil-ve-hegemonya\/","title":{"rendered":"Gramsci\u2019de Dil ve Hegemonya"},"content":{"rendered":"<p>Gramsci\u2019nin bir ara\u015ft\u0131rma \u2018nesnesi\u2019 haline gelmesinden bu yana ge\u00e7en 50 y\u0131l i\u00e7erisinde, Gramsci\u2019nin teorileri ve kavramlar\u0131 insan bilimlerinde ve sosyal bilimlerde her alana adeta damgas\u0131n\u0131 vurdu. O\u2019nun yaz\u0131lar\u0131, \u00e7ok say\u0131da de\u011fi\u015fik ve genellikle \u00e7at\u0131\u015fmal\u0131 bi\u00e7imlerde yorumland\u0131, kullan\u0131ld\u0131 ve hatta ara\u00e7salla\u015ft\u0131r\u0131ld\u0131. Bug\u00fcn Gramsci\u2019nin \u00e7al\u0131\u015fmalar\u0131n\u0131 \u00e7evreleyen yay\u0131nlanm\u0131\u015f materyal miktar\u0131, e\u011fitimli akademisyenleri dahi bunaltmakta ve zaten kafas\u0131 kar\u0131\u015f\u0131k olan, ba\u015flang\u0131\u00e7 d\u00fczeyindeki okuyucuyu fel\u00e7 etmekle tehdit etmektedir. Yine de, Gramsci k\u00fclliyat\u0131n\u0131n devasa b\u00fcy\u00fckl\u00fc\u011f\u00fc, ayr\u0131ca, Gramsci\u2019nin miras\u0131n\u0131n, d\u00fc\u015f\u00fcncelerinin g\u00fcncelli\u011finin ve \u00e7a\u011fda\u015f d\u00fc\u015f\u00fcnceye engin katk\u0131s\u0131n\u0131n zenginli\u011finin bir i\u015faretidir. Bir\u00e7ok bak\u0131mdan, Gramsci, okunmas\u0131 gereken bir \u2018klasik\u2019 haline gelmi\u015ftir. Fakat Gramsci\u2019yi okumak \u00e7ok kolay bir i\u015f de\u011fildir: O\u2019nun en \u00f6nemli yaz\u0131lar\u0131 a\u00e7\u0131k u\u00e7lu, par\u00e7alara ayr\u0131lm\u0131\u015f ve \u00e7ok y\u00f6nl\u00fc incelemelerden, d\u00fc\u015f\u00fcncelerden ve eskizlerden olu\u015fur. Gramsci\u2019nin hapishane defterleri kar\u0131\u015f\u0131k ve g\u00f6r\u00fcn\u00fc\u015fte da\u011f\u0131n\u0131k bir entelekt\u00fcel laboratuvar karakterindedir. En az\u0131ndan Gramsci\u2019yi yeni okumaya ba\u015flayacak iyi e\u011fitimli akademisyen, Gramsci\u2019nin \u00e7al\u0131\u015fmalar\u0131n\u0131n \u00e7arp\u0131c\u0131 \u00f6zelliklerine ve devasa eserinin farkl\u0131 b\u00f6l\u00fcmlerinin y\u00fczeyindeki karma\u015f\u0131kl\u0131\u011f\u0131n ard\u0131ndaki temel tasar\u0131ma i\u015faret edecek bir ferahl\u0131k sa\u011flayacak olan uzman bir rehberi ho\u015f kar\u015f\u0131layacakt\u0131r. Benzer bi\u00e7imde, Gramsci\u2019nin insan bilimlerinin ve sosyal bilimlerin belirli g\u00fcncel \u00e7izgilerine y\u00f6nelik kavray\u0131\u015f\u0131n\u0131n potansiyel yarar\u0131na ili\u015fkin bir tart\u0131\u015fma ile birlikte, Gramsci\u2019nin \u00e7al\u0131\u015fmalar\u0131na y\u00f6nelik en \u00f6nemli g\u00fcncel d\u00fczenlemelerin ele\u015ftirel bir bi\u00e7imde ortaya konulmas\u0131, Gramsci okuyucular\u0131n\u0131n, O\u2019nun d\u00fc\u015f\u00fcncelerinin, zaman\u0131m\u0131z\u0131n en bask\u0131n toplumsal, k\u00fclt\u00fcrel ve siyasal sorunlar\u0131 ile neden (ve hangi bi\u00e7imlerde) ilgili oldu\u011funu daha iyi anlamalar\u0131na olanak tan\u0131yacakt\u0131r. -Joseph A. Buttigieg- <\/p>\n","protected":false},"excerpt":{"rendered":"<p>Gramsci\u2019nin bir ara\u015ft\u0131rma \u2018nesnesi\u2019 haline gelmesinden bu yana ge\u00e7en 50 y\u0131l i\u00e7erisinde, Gramsci\u2019nin teorileri ve kavramlar\u0131 insan bilimlerinde ve sosyal bilimlerde her alana adeta damgas\u0131n\u0131 vurdu.<span class=\"excerpt-hellip\"> [\u2026]<\/span><\/p>\n","protected":false},"featured_media":0,"template":"","meta":{"_monsterinsights_skip_tracking":false,"_monsterinsights_sitenote_active":false,"_monsterinsights_sitenote_note":"","_monsterinsights_sitenote_category":0},"product_brand":[],"product_cat":[13633,12324],"product_tag":[],"class_list":{"0":"post-690125","1":"product","2":"type-product","3":"status-publish","5":"product_cat-kultur-ve-bilim","6":"product_cat-sosyoloji","7":"pa_tur-kitap","8":"pa_yayinevi-kalkedon-yayincilik","9":"pa_yazar-peter-ives","11":"first","12":"instock","13":"sale","14":"shipping-taxable","15":"purchasable","16":"product-type-simple"},"_links":{"self":[{"href":"https:\/\/roveyayinevi.com.tr\/index.php\/wp-json\/wp\/v2\/product\/690125","targetHints":{"allow":["GET"]}}],"collection":[{"href":"https:\/\/roveyayinevi.com.tr\/index.php\/wp-json\/wp\/v2\/product"}],"about":[{"href":"https:\/\/roveyayinevi.com.tr\/index.php\/wp-json\/wp\/v2\/types\/product"}],"wp:attachment":[{"href":"https:\/\/roveyayinevi.com.tr\/index.php\/wp-json\/wp\/v2\/media?parent=690125"}],"wp:term":[{"taxonomy":"product_brand","embeddable":true,"href":"https:\/\/roveyayinevi.com.tr\/index.php\/wp-json\/wp\/v2\/product_brand?post=690125"},{"taxonomy":"product_cat","embeddable":true,"href":"https:\/\/roveyayinevi.com.tr\/index.php\/wp-json\/wp\/v2\/product_cat?post=690125"},{"taxonomy":"product_tag","embeddable":true,"href":"https:\/\/roveyayinevi.com.tr\/index.php\/wp-json\/wp\/v2\/product_tag?post=690125"}],"curies":[{"name":"wp","href":"https:\/\/api.w.org\/{rel}","templated":true}]}}