{"id":690114,"date":"2025-08-27T13:50:00","date_gmt":"2025-08-27T10:50:00","guid":{"rendered":"https:\/\/roveyayinevi.com.tr\/index.php\/urun\/dunya-gundemine-sosyal-demokrat-yaklasimlar\/"},"modified":"2026-04-16T01:59:47","modified_gmt":"2026-04-15T22:59:47","slug":"dunya-gundemine-sosyal-demokrat-yaklasimlar","status":"publish","type":"product","link":"https:\/\/roveyayinevi.com.tr\/index.php\/urun\/dunya-gundemine-sosyal-demokrat-yaklasimlar\/","title":{"rendered":"D\u00fcnya G\u00fcndemine Sosyal Demokrat Yakla\u015f\u0131mlar"},"content":{"rendered":"<p>T\u00fcrkiye, Avrupa ve d\u00fcnya de\u011fi\u015fiyor ve yeni geli\u015fmeler beraberinde yeni sorular\u0131 ve sorunlar\u0131 da getiriyor. Bunlar\u0131n bir\u00e7o\u011fu farkl\u0131 olmakla birlikte \u00f6nemli bir k\u0131sm\u0131 da ortak. K\u00fcreselle\u015fmenin olumlu ve olumsuz etkileri t\u00fcm d\u00fcnya \u00fclkelerini ilgilendiren bir konu. Yeni sorulara ve sorunlara yeni yan\u0131tlar ve \u00e7\u00f6z\u00fcmler bulmak ise t\u00fcm d\u00fcnyadaki toplumlar\u0131n ortak paydas\u0131. Politika, i\u015fte burada, \u00f6nemli bir unsur olarak devreye giriyor. Bu yakla\u015f\u0131mlar\u0131n hangi politik ufukla ger\u00e7ekle\u015fti\u011fi g\u00f6zden ka\u00e7\u0131r\u0131lmamas\u0131 gereken bir olgu. Uzun y\u0131llar \u00f6zellikle Avrupa\u2019da hakim olan muhafazakar politikalar\u0131n egemenli\u011fi sars\u0131lm\u0131\u015f gibi g\u00f6z\u00fck\u00fcyor. Yeni sorunlara yeni \u00e7\u00f6z\u00fcmler \u00fcretmekte g\u00f6rev bir anlamda daha \u00e7ok ilerici ak\u0131mlara d\u00fc\u015f\u00fcyor. Bunlar aras\u0131nda yeralan sosyal demokrasi ise hem Avrupa\u2019da hem de T\u00fcrkiye\u2019de bir krizin izlerini ta\u015f\u0131yor hala. Sosyal Demokrasinin modernle\u015ftirilmesi ve an\u0131lan bu yeni sorunlara ve sorulara yan\u0131t verebilmesi bu ideolojiye ba\u011fl\u0131 olan herkesi ilgilendiren ve me\u015fgul eden ve etmesi gereken bir mesele. Sosyal demokrasi bu anlamda \u00e7ok farkl\u0131 konularda fikir \u00fcretmek ve uygulamak durumunda. Almanya\u2019da Friedrich-Ebert-Stiftung Derne\u011fi\u2019nce yay\u0131mlanan Neue Gesellschaft-Frankfurter Hefte (Yeni Toplum-Frankfurt Defterleri) isimli s\u00fcreli yay\u0131n g\u00fcncel toplumsal sorunlar\u0131 sosyal demokrat bir yakla\u015f\u0131mla sorgulayan, tart\u0131\u015fan ve \u00e7\u00f6z\u00fcm \u00f6nerileri \u00fcretmeye \u00e7al\u0131\u015fan makalelere yer vermektedir. T\u00fcrkiye\u2019nin de bu tarz tart\u0131\u015fmalara gereksinimi oldu\u011fu ve benzer konularda tart\u0131\u015fmalar y\u00fcr\u00fct\u00fcld\u00fc\u011f\u00fc bilinmektedir. Bu nedenle yay\u0131na haz\u0131rlayanlar olarak bizler T\u00fcrkiye g\u00fcndemi a\u00e7\u0131s\u0131ndan da anlaml\u0131 oldu\u011funu d\u00fc\u015f\u00fcnd\u00fc\u011f\u00fcm\u00fcz temel konulardaki makalelerden bir se\u00e7ki yapmay\u0131 uygun g\u00f6rd\u00fck. Elinizdeki kitapta sosyal bir demokrasinin gereklili\u011fi ve k\u00fcresel kapitalizm ortam\u0131nda yenilenme tart\u0131\u015fmalar\u0131, Avrupa\u2019n\u0131n kimli\u011fi, din ve sek\u00fclerlik, k\u00fcresel adalet politikas\u0131, kalk\u0131nman\u0131n s\u0131n\u0131rlar\u0131, feminizmin baz\u0131 Avrupa \u00fclkelerindeki g\u00fcncel konumu, dijital politika ve demokrasi ve enerji politikas\u0131 konular\u0131na de\u011finen makaleler yer almaktad\u0131r. \u00c7ok farkl\u0131 konulara, farkl\u0131 bak\u0131\u015f a\u00e7\u0131lar\u0131n\u0131 bulaca\u011f\u0131n\u0131z bu kitab\u0131n T\u00fcrkiye\u2019deki g\u00fcncel konulardaki tart\u0131\u015fmalar i\u00e7in de katk\u0131s\u0131 olmas\u0131n\u0131 \u00fcmit ediyoruz. <\/p>\n","protected":false},"excerpt":{"rendered":"<p>T\u00fcrkiye, Avrupa ve d\u00fcnya de\u011fi\u015fiyor ve yeni geli\u015fmeler beraberinde yeni sorular\u0131 ve sorunlar\u0131 da getiriyor. Bunlar\u0131n bir\u00e7o\u011fu farkl\u0131 olmakla birlikte \u00f6nemli bir k\u0131sm\u0131 da ortak. K\u00fcreselle\u015fmenin<span class=\"excerpt-hellip\"> [\u2026]<\/span><\/p>\n","protected":false},"featured_media":0,"template":"","meta":{"_monsterinsights_skip_tracking":false,"_monsterinsights_sitenote_active":false,"_monsterinsights_sitenote_note":"","_monsterinsights_sitenote_category":0},"product_brand":[],"product_cat":[12338,12337],"product_tag":[],"class_list":{"0":"post-690114","1":"product","2":"type-product","3":"status-publish","5":"product_cat-dunya-siyaseti-ve-politikasi","6":"product_cat-politika-siyaset","7":"pa_tur-kitap","8":"pa_yayinevi-kalkedon-yayincilik","9":"pa_yazar-kolektif","11":"first","12":"instock","13":"sale","14":"shipping-taxable","15":"purchasable","16":"product-type-simple"},"_links":{"self":[{"href":"https:\/\/roveyayinevi.com.tr\/index.php\/wp-json\/wp\/v2\/product\/690114","targetHints":{"allow":["GET"]}}],"collection":[{"href":"https:\/\/roveyayinevi.com.tr\/index.php\/wp-json\/wp\/v2\/product"}],"about":[{"href":"https:\/\/roveyayinevi.com.tr\/index.php\/wp-json\/wp\/v2\/types\/product"}],"wp:attachment":[{"href":"https:\/\/roveyayinevi.com.tr\/index.php\/wp-json\/wp\/v2\/media?parent=690114"}],"wp:term":[{"taxonomy":"product_brand","embeddable":true,"href":"https:\/\/roveyayinevi.com.tr\/index.php\/wp-json\/wp\/v2\/product_brand?post=690114"},{"taxonomy":"product_cat","embeddable":true,"href":"https:\/\/roveyayinevi.com.tr\/index.php\/wp-json\/wp\/v2\/product_cat?post=690114"},{"taxonomy":"product_tag","embeddable":true,"href":"https:\/\/roveyayinevi.com.tr\/index.php\/wp-json\/wp\/v2\/product_tag?post=690114"}],"curies":[{"name":"wp","href":"https:\/\/api.w.org\/{rel}","templated":true}]}}