{"id":690071,"date":"2025-08-27T13:49:53","date_gmt":"2025-08-27T10:49:53","guid":{"rendered":"https:\/\/roveyayinevi.com.tr\/index.php\/urun\/100-soruda-kemalizm\/"},"modified":"2026-04-16T01:59:46","modified_gmt":"2026-04-15T22:59:46","slug":"100-soruda-kemalizm","status":"publish","type":"product","link":"https:\/\/roveyayinevi.com.tr\/index.php\/urun\/100-soruda-kemalizm\/","title":{"rendered":"100 Soruda Kemalizm"},"content":{"rendered":"<p>&#8220;Yeni D\u00fcnya D\u00fczeni&#8221; tart\u0131\u015fmalar\u0131yla ortaya \u00e7\u0131kan g\u00fcn\u00fcm\u00fcz\u00fcn moda e\u011filimi; Kemalizme y\u00fcklenmek, hatta ileri giderek ona sald\u0131rmakt\u0131r. Bu a\u00e7\u0131dan bak\u0131ld\u0131\u011f\u0131nda, Kemalizmin &#8220;modas\u0131n\u0131n ge\u00e7ti\u011fi&#8221;ni, &#8220;geride kald\u0131\u011f\u0131&#8221;n\u0131 ileri s\u00fcrenler bile bu tutumlar\u0131yla Kemalizmi son derece g\u00fcncelle\u015ftirmektedirler. Bu yap\u0131t, b\u00f6ylesi bir d\u00f6nemde g\u00fcncelli\u011fini koruyan Kemalizmin ba\u015flang\u0131c\u0131ndan g\u00fcn\u00fcm\u00fcze dek izledi\u011fi yolu ayr\u0131nt\u0131l\u0131 bi\u00e7imde incelemekte, ak\u0131lda kalan net soru ve yan\u0131tlarla her ku\u015faktan okura Kemalizm hakk\u0131nda bilgi vermektedir.100 Soruda Kemalizm: Ba\u015flang\u0131c\u0131ndan G\u00fcn\u00fcm\u00fcze, Kemalizm \u00fczerine geli\u015ftirilen temel yorumlara yer vermekte, Kemalizmin ideolojik aray\u0131\u015flar\u0131n\u0131n k\u00f6kenine, beslendi\u011fi evrensel ve yerel kaynaklara inmektedir. Kemalizmin ve Mustafa Kemal&#8217;in Ulusal Kurtulu\u015f Sava\u015f\u0131&#8217;ndaki rol\u00fcne de\u011finmekte, &#8220;kongreler d\u00f6nemi&#8221;nin bir ulus ve devlet yaratmadaki a\u011f\u0131rl\u0131\u011f\u0131n\u0131 hat\u0131rlatmaktad\u0131r. Sava\u015fta izlenen y\u00f6ntemin TBMM&#8217;ye verdi\u011fi g\u00fcc\u00fcn alt\u0131n\u0131 \u00e7izmekte, kurulacak yeni devletin i\u00e7 ve d\u0131\u015f d\u00fc\u015fmanlar\u0131yla nas\u0131l m\u00fccadele etti\u011fini g\u00f6zler \u00f6n\u00fcne sermektedir. Devletin kurulu\u015f a\u015famas\u0131nda imzalanan temel antla\u015fmalar\u0131n i\u00e7eri\u011fini vermekte, sava\u015f alan\u0131ndan siyaset ve diplomasi masas\u0131na kayan bir ulusun y\u00f6neticilerini konu edinmektedir. \u0130\u00e7eride Osmanl\u0131&#8217;n\u0131n ve i\u015fbirlik\u00e7i, isyanc\u0131 \u00e7evrelerin; d\u0131\u015far\u0131da ise bu g\u00fc\u00e7lerle dirsek temas\u0131nda bulunan emperyalist devletlerin emellerini belgelere dayand\u0131rarak sade ve derinlikli bir anlat\u0131mla okura ula\u015ft\u0131rmaktad\u0131r. Kemalist Devrimlerin yap\u0131s\u0131n\u0131, i\u00e7eri\u011fini, \u00f6zg\u00fcnl\u00fc\u011f\u00fcn\u00fc, d\u0131\u015f d\u00fcnyada nas\u0131l alg\u0131land\u0131\u011f\u0131n\u0131 belirtmekte; Kemalist ilkelerin temel y\u00f6nlerini a\u00e7\u0131klayarak, g\u00fcn\u00fcm\u00fcz \u015fartlar\u0131nda bu ilkelerin ya\u015famsal \u00f6nemini vurgulamaktad\u0131r. Ayr\u0131ca Kemalizmin d\u0131\u015f politika anlay\u0131\u015f\u0131n\u0131 d\u00f6nemlere ay\u0131rmakta; Kurtulu\u015f Sava\u015f\u0131&#8217;nda, sava\u015f sonras\u0131 d\u00f6nemde, devletin kurulu\u015f a\u015famas\u0131nda, II. D\u00fcnya Sava\u015f\u0131&#8217;nda ve ard\u0131ndan beliren So\u011fuk Sava\u015f ko\u015fullar\u0131nda Do\u011fu ve Bat\u0131&#8217;daki \u00fclkelere kar\u015f\u0131 izlenen tutumu sayfalar\u0131na ta\u015f\u0131maktad\u0131r. Cumhuriyet tarihi boyunca Kemalizmi yorumlayan g\u00f6r\u00fc\u015flerden \u00f6ne \u00e7\u0131kanlar\u0131n temel tezlerini \u00f6zetlemekte, bunlar\u0131n Mustafa Kemal&#8217;e ve Cumhuriyet kurumlar\u0131na yakla\u015f\u0131mlar\u0131n\u0131 anlatmaktad\u0131r. Son olarak; &#8220;Yeni D\u00fcnya D\u00fczeni&#8221; \u00e7er\u00e7evesinde, Kemalizmin k\u00fcreselle\u015fme, neoliberalizm, postmodernizm, b\u00f6lgeselle\u015fme-yerelle\u015fme ve \u0130kinci Cumhuriyet\u00e7ilik yakla\u015f\u0131mlar\u0131yla nas\u0131l m\u00fccadele edebilece\u011finin anahtar\u0131n\u0131 sunmaktad\u0131r.Bu kitap, Prof. Dr. An\u0131l \u00c7e\u00e7en&#8217;in k\u0131rk y\u0131l\u0131 a\u015fk\u0131n bilgi birikiminin adeta dam\u0131t\u0131lm\u0131\u015f halidir. Kemalizmi kavram, tarih, felsefe ve ideolojisiyle b\u00fct\u00fcnl\u00fckl\u00fc bir yakla\u015f\u0131mla a\u00e7\u0131klayan, onun g\u00fcn\u00fcm\u00fcz \u015fartlar\u0131nda ulusumuz i\u00e7in neden ya\u015famsal \u00f6nem ta\u015f\u0131yan bir duru\u015f oldu\u011funu \u00f6zl\u00fc bi\u00e7imde tart\u0131\u015fan say\u0131l\u0131 \u00e7al\u0131\u015fmalardan birisidir. <\/p>\n","protected":false},"excerpt":{"rendered":"<p>&#8220;Yeni D\u00fcnya D\u00fczeni&#8221; tart\u0131\u015fmalar\u0131yla ortaya \u00e7\u0131kan g\u00fcn\u00fcm\u00fcz\u00fcn moda e\u011filimi; Kemalizme y\u00fcklenmek, hatta ileri giderek ona sald\u0131rmakt\u0131r. Bu a\u00e7\u0131dan bak\u0131ld\u0131\u011f\u0131nda, Kemalizmin &#8220;modas\u0131n\u0131n ge\u00e7ti\u011fi&#8221;ni, &#8220;geride kald\u0131\u011f\u0131&#8221;n\u0131 ileri s\u00fcrenler<span class=\"excerpt-hellip\"> [\u2026]<\/span><\/p>\n","protected":false},"featured_media":0,"template":"","meta":{"_monsterinsights_skip_tracking":false,"_monsterinsights_sitenote_active":false,"_monsterinsights_sitenote_note":"","_monsterinsights_sitenote_category":0},"product_brand":[],"product_cat":[12304,13493],"product_tag":[],"class_list":{"0":"post-690071","1":"product","2":"type-product","3":"status-publish","5":"product_cat-tarih","6":"product_cat-turkiye-ve-cumhuriyet-tarihi","7":"pa_cilt-ciltsiz","8":"pa_tur-kitap","9":"pa_yayinevi-kilit-yayinevi","10":"pa_yazar-anil-cecen","12":"first","13":"instock","14":"sale","15":"shipping-taxable","16":"purchasable","17":"product-type-simple"},"_links":{"self":[{"href":"https:\/\/roveyayinevi.com.tr\/index.php\/wp-json\/wp\/v2\/product\/690071","targetHints":{"allow":["GET"]}}],"collection":[{"href":"https:\/\/roveyayinevi.com.tr\/index.php\/wp-json\/wp\/v2\/product"}],"about":[{"href":"https:\/\/roveyayinevi.com.tr\/index.php\/wp-json\/wp\/v2\/types\/product"}],"wp:attachment":[{"href":"https:\/\/roveyayinevi.com.tr\/index.php\/wp-json\/wp\/v2\/media?parent=690071"}],"wp:term":[{"taxonomy":"product_brand","embeddable":true,"href":"https:\/\/roveyayinevi.com.tr\/index.php\/wp-json\/wp\/v2\/product_brand?post=690071"},{"taxonomy":"product_cat","embeddable":true,"href":"https:\/\/roveyayinevi.com.tr\/index.php\/wp-json\/wp\/v2\/product_cat?post=690071"},{"taxonomy":"product_tag","embeddable":true,"href":"https:\/\/roveyayinevi.com.tr\/index.php\/wp-json\/wp\/v2\/product_tag?post=690071"}],"curies":[{"name":"wp","href":"https:\/\/api.w.org\/{rel}","templated":true}]}}