{"id":690055,"date":"2025-08-27T13:49:50","date_gmt":"2025-08-27T10:49:50","guid":{"rendered":"https:\/\/roveyayinevi.com.tr\/index.php\/urun\/zabit-ve-kumandan-ile-hasbihal\/"},"modified":"2026-04-16T01:59:46","modified_gmt":"2026-04-15T22:59:46","slug":"zabit-ve-kumandan-ile-hasbihal","status":"publish","type":"product","link":"https:\/\/roveyayinevi.com.tr\/index.php\/urun\/zabit-ve-kumandan-ile-hasbihal\/","title":{"rendered":"Zabit ve Kumandan ile Hasbihal"},"content":{"rendered":"<p>Mustafa Kemal Atat\u00fcrk\u2019\u00fcn yazarl\u0131\u011f\u0131, askerli\u011fi ve devlet adaml\u0131\u011f\u0131n\u0131n g\u00f6lgesinde kalm\u0131\u015ft\u0131r. Oysa ki Mustafa Kemal daha Harp Akademisi\u2019nden mezun oldu\u011fu d\u00f6nemlerde mesleki kitap\u00e7\u0131klar yazd\u0131, \u00e7evirdi. Devlet adaml\u0131\u011f\u0131 d\u00f6neminde de Nutuk\u2019unun yan\u0131 s\u0131ra Yurtta\u015fl\u0131k Bilgisi ve Geometri kitaplar\u0131n\u0131 kaleme ald\u0131, tarih ders kitaplar\u0131n\u0131n baz\u0131 b\u00f6l\u00fcmlerini yazd\u0131. Nuri Conker (1881-1937), Atat\u00fcrk\u2019\u00fcn mahalle, okul, meslek ve silah arkada\u015f\u0131yd\u0131. Trablusgarp\u2019ta, \u00c7anakkale\u2019de ve Kurtulu\u015f Sava\u015f\u0131\u2019nda beraberdiler. Yazd\u0131\u011f\u0131 tek kitap olan Zabit ve Kumandan, Mustafa Kemal\u2019in Hasbihal\u2019i kaleme almas\u0131na vesile oldu. Cumhuriyet d\u00f6neminde komutanl\u0131k, diplomatl\u0131k ve milletvekilli\u011fi g\u00f6revlerinde bulundu. 1914&#8230; Osmanl\u0131 Devleti, Balkan ve Trablusgarp sava\u015flar\u0131ndan yeni \u00e7\u0131km\u0131\u015ft\u0131r. Osmanl\u0131 ordusunun iki gen\u00e7 subay\u0131, bu sava\u015flarda ya\u015fanan ba\u015far\u0131s\u0131zl\u0131klar \u00fczerine kafa yormaktad\u0131r. \u0130lkin Nuri Conker Zabit ve Kumandan kitab\u0131nda, sorunlar\u0131 ve \u00e7\u00f6z\u00fcm \u00f6nerilerini g\u00fcndeme getirir. Dostu ve meslekta\u015f\u0131 Mustafa Kemal, bu kitab\u0131 okur okumaz, Zabit ve Kumandan ile Hasbihal\u2019i kaleme al\u0131r. Birbirini b\u00fct\u00fcnleyen ve peki\u015ftiren bu iki kitab\u0131n ba\u015fl\u0131ca temalar\u0131ndan biri iyi y\u00f6neticiliktir. Her ikisi de, ordunun ya\u015fad\u0131\u011f\u0131 ba\u015far\u0131s\u0131zl\u0131\u011f\u0131n as\u0131l \u00e7\u00f6z\u00fcm adresi olarak, komuta kademelerini g\u00f6sterir. Askerler i\u00e7in hem bilimsel birikimin hem de cesaret ve kendi ba\u015f\u0131na karar alma ba\u015fta olmak \u00fczere, pek \u00e7ok bireysel niteli\u011fin \u00f6nemini ve gere\u011fini savunur. Ancak \u00e7ok ge\u00e7meden Osmanl\u0131 Devleti Birinci D\u00fcnya Sava\u015f\u0131\u2019na girince, Mustafa Kemal de kitab\u0131n\u0131 bast\u0131rmay\u0131 ertelemek zorunda kal\u0131r. Buna kar\u015f\u0131l\u0131k iki dost, \u00c7anakkale\u2019de Anafartalar ve Conk Bay\u0131r\u0131\u2019nda, kitaplar\u0131nda yazd\u0131klar\u0131n\u0131n s\u00f6zde kalmad\u0131\u011f\u0131n\u0131 kan\u0131tlar. Birlikleri zorlu muharebelerden b\u00fcy\u00fck ba\u015far\u0131larla \u00e7\u0131kar. Mustafa Kemal kitab\u0131n\u0131 ancak, m\u00fctarekede d\u00f6nd\u00fc\u011f\u00fc \u0130stanbul\u2019da, 1918 sonunda yay\u0131mlar. Kitab\u0131n bas\u0131m\u0131ndan alt\u0131 ay kadar sonra da Anadolu\u2019ya ge\u00e7erek \u0130stanbul ile ili\u015fi\u011fini keser. Ad\u0131 m\u00fctareke ve i\u015fgalle birlikte an\u0131lan Damat Ferit H\u00fck\u00fcmeti de kitab\u0131 toplatt\u0131rarak imha eder. Zabit ve Kumandan ile Hasbihal ilk bask\u0131s\u0131ndan sonra 1956\u2019da, Hasan \u00c2li Y\u00fccel taraf\u0131ndan \u0130\u015f Bankas\u0131 K\u00fclt\u00fcr Yay\u0131nlar\u0131\u2019n\u0131n ilk kitab\u0131 olarak yay\u0131mlanm\u0131\u015ft\u0131r. Atat\u00fcrk\u2019\u00fcn do\u011fumunun 125. y\u0131l\u0131 vesilesiyle haz\u0131rlanan bu yeni bask\u0131da, Atat\u00fcrk ve Conker\u2019in kitaplar\u0131 bir araya geliyor. \u00dcstelik \u00f6zg\u00fcn ve sadele\u015ftirilmi\u015f metinleri ilk kez kar\u015f\u0131l\u0131kl\u0131 sayfalarda bir arada&#8230; <\/p>\n","protected":false},"excerpt":{"rendered":"<p>Mustafa Kemal Atat\u00fcrk\u2019\u00fcn yazarl\u0131\u011f\u0131, askerli\u011fi ve devlet adaml\u0131\u011f\u0131n\u0131n g\u00f6lgesinde kalm\u0131\u015ft\u0131r. Oysa ki Mustafa Kemal daha Harp Akademisi\u2019nden mezun oldu\u011fu d\u00f6nemlerde mesleki kitap\u00e7\u0131klar yazd\u0131, \u00e7evirdi. Devlet adaml\u0131\u011f\u0131<span class=\"excerpt-hellip\"> [\u2026]<\/span><\/p>\n","protected":false},"featured_media":0,"template":"","meta":{"_monsterinsights_skip_tracking":false,"_monsterinsights_sitenote_active":false,"_monsterinsights_sitenote_note":"","_monsterinsights_sitenote_category":0},"product_brand":[],"product_cat":[12530,12304],"product_tag":[],"class_list":{"0":"post-690055","1":"product","2":"type-product","3":"status-publish","5":"product_cat-mustafa-kemal-ataturk","6":"product_cat-tarih","7":"pa_cilt-ciltsiz","8":"pa_tur-kitap","9":"pa_yayinevi-is-bankasi-kultur-yayinlari","10":"pa_yazar-mustafa-kemal-ataturk","12":"first","13":"instock","14":"sale","15":"shipping-taxable","16":"purchasable","17":"product-type-simple"},"_links":{"self":[{"href":"https:\/\/roveyayinevi.com.tr\/index.php\/wp-json\/wp\/v2\/product\/690055","targetHints":{"allow":["GET"]}}],"collection":[{"href":"https:\/\/roveyayinevi.com.tr\/index.php\/wp-json\/wp\/v2\/product"}],"about":[{"href":"https:\/\/roveyayinevi.com.tr\/index.php\/wp-json\/wp\/v2\/types\/product"}],"wp:attachment":[{"href":"https:\/\/roveyayinevi.com.tr\/index.php\/wp-json\/wp\/v2\/media?parent=690055"}],"wp:term":[{"taxonomy":"product_brand","embeddable":true,"href":"https:\/\/roveyayinevi.com.tr\/index.php\/wp-json\/wp\/v2\/product_brand?post=690055"},{"taxonomy":"product_cat","embeddable":true,"href":"https:\/\/roveyayinevi.com.tr\/index.php\/wp-json\/wp\/v2\/product_cat?post=690055"},{"taxonomy":"product_tag","embeddable":true,"href":"https:\/\/roveyayinevi.com.tr\/index.php\/wp-json\/wp\/v2\/product_tag?post=690055"}],"curies":[{"name":"wp","href":"https:\/\/api.w.org\/{rel}","templated":true}]}}