{"id":689996,"date":"2025-08-27T13:49:08","date_gmt":"2025-08-27T10:49:08","guid":{"rendered":"https:\/\/roveyayinevi.com.tr\/index.php\/urun\/turkiyede-geri-kalmisligin-tarihi\/"},"modified":"2026-04-16T01:59:44","modified_gmt":"2026-04-15T22:59:44","slug":"turkiyede-geri-kalmisligin-tarihi","status":"publish","type":"product","link":"https:\/\/roveyayinevi.com.tr\/index.php\/urun\/turkiyede-geri-kalmisligin-tarihi\/","title":{"rendered":"T\u00fcrkiye\u2019de Geri Kalm\u0131\u015fl\u0131\u011f\u0131n Tarihi"},"content":{"rendered":"<p>T\u00fcrkiye, \u00f6teki geri kalm\u0131\u015f \u00fclkelerle k\u0131yaslanmayacak kadar k\u00f6kl\u00fc bir k\u00fclt\u00fcre, tarihe, devlet gelene\u011fine sahiptir; stratejik \u00f6neminden folklor \u00e7e\u015fitlili\u011fine uzanan ayr\u0131cal\u0131klar\u0131, b\u00f6lgesel bir liderli\u011fin potansiyel g\u00fcc\u00fc, kalk\u0131nman\u0131n insan ve kaynak \u015feklindeki hammaddeleri vard\u0131r. Ve b\u00fct\u00fcn bu \u00f6zelliklerine, 200 y\u0131ll\u0131k \u00e7abalar\u0131na ra\u011fmen T\u00fcrkiye, geri kalm\u0131\u015fl\u0131\u011f\u0131 a\u015famam\u0131\u015f bir \u00fclkedir. Temeldeki bozuklu\u011fun, 600 y\u0131ll\u0131k tarihin ve g\u00fcn\u00fcm\u00fczdeki genel durumun incelenmesi sonucunda ortaya \u015f\u00f6yle bir ger\u00e7ek \u00e7\u0131kmaktad\u0131r: T\u00fcrkiye\u2019nin as\u0131l meselesi kalk\u0131nmay\u0131 sa\u011flayacak birikimlerin yoklu\u011fu de\u011fil, yanl\u0131\u015f y\u00f6nde ve bi\u00e7imde, kalk\u0131nmaya \u00f6nder olamayacak s\u0131n\u0131f ve z\u00fcmrelerin \u00f6nderli\u011finde kullan\u0131lm\u0131\u015f olmas\u0131d\u0131r. Birikimleri harekete ge\u00e7irecek dinamiklerin yeterli olmay\u0131\u015f\u0131d\u0131r&#8230; T\u00fcrkiye\u2019de bin y\u0131ll\u0131k bir k\u00fclt\u00fcr\u00fcn s\u00fczgecinden ge\u00e7mi\u015f insan birikimi de vard\u0131r, hatta sermaye de. Mesele bunlar\u0131n yanl\u0131\u015f kullan\u0131lmas\u0131ndan, ya da hi\u00e7 kullan\u0131lmamas\u0131ndan do\u011fuyor. Yani un da vard\u0131r, ya\u011f da vard\u0131r, \u015feker de. Ancak, helvan\u0131n yap\u0131lmas\u0131 i\u00e7in uygulanan tarif hatal\u0131d\u0131r&#8230; T\u00fcrkiye Cumhuriyeti\u2019nin yeti\u015ftirdi\u011fi en de\u011ferli siyaset\u00e7ilerden biri ve en uzun s\u00fcre g\u00f6rev yapm\u0131\u015f d\u0131\u015fi\u015fleri bakanlar\u0131ndan olan \u0130smail Cem, ayn\u0131 zamanda bir d\u00fc\u015f\u00fcn adam\u0131yd\u0131. T\u00fcrkiye\u2019nin yak\u0131c\u0131 sorunlar\u0131n\u0131 iyi kavram\u0131\u015f, sahip oldu\u011fu geni\u015f birikim sayesinde bu sorunlar\u0131 ge\u00e7mi\u015ften bug\u00fcne, tarihten \u015fimdiki zamana uzanan bir s\u00fcre\u00e7te, neden-sonu\u00e7 ili\u015fkileri i\u00e7inde ve bir model kapsam\u0131nda a\u00e7\u0131klama yolunu se\u00e7mi\u015fti. Bu \u00f6nemli d\u00fc\u015f\u00fcnsel \u00e7aban\u0131n ilk \u00fcr\u00fcn\u00fc say\u0131labilecek ve herkesin kolayca anlayaca\u011f\u0131 bir \u00fcslupla k\u00e2\u011f\u0131da d\u00f6k\u00fclen T\u00fcrkiye\u2019de Geri Kalm\u0131\u015fl\u0131\u011f\u0131n Tarihi, son 35 y\u0131l\u0131n en \u00e7ok okunan tarih eserlerinden biri olurken, en az bir veya iki ku\u015fa\u011f\u0131n siyasal ve k\u00fclt\u00fcrel tercihlerini de \u015fu veya bu \u00f6l\u00e7\u00fcde etkiledi. T\u00fcrkiye \u0130\u015f Bankas\u0131 K\u00fclt\u00fcr Yay\u0131nlar\u0131, \u0130smail Cem\u2019in b\u00fct\u00fcn eserlerinin bas\u0131m\u0131na yay\u0131nc\u0131l\u0131k tarihimizin k\u00fclt kitaplar\u0131 ndan biriyle ba\u015flamaktan mutluluk duyuyor. \ufffc<\/p>\n","protected":false},"excerpt":{"rendered":"<p>T\u00fcrkiye, \u00f6teki geri kalm\u0131\u015f \u00fclkelerle k\u0131yaslanmayacak kadar k\u00f6kl\u00fc bir k\u00fclt\u00fcre, tarihe, devlet gelene\u011fine sahiptir; stratejik \u00f6neminden folklor \u00e7e\u015fitlili\u011fine uzanan ayr\u0131cal\u0131klar\u0131, b\u00f6lgesel bir liderli\u011fin potansiyel g\u00fcc\u00fc, kalk\u0131nman\u0131n<span class=\"excerpt-hellip\"> [\u2026]<\/span><\/p>\n","protected":false},"featured_media":0,"template":"","meta":{"_monsterinsights_skip_tracking":false,"_monsterinsights_sitenote_active":false,"_monsterinsights_sitenote_note":"","_monsterinsights_sitenote_category":0},"product_brand":[],"product_cat":[13517,12304],"product_tag":[],"class_list":{"0":"post-689996","1":"product","2":"type-product","3":"status-publish","5":"product_cat-osmanli-tarihi","6":"product_cat-tarih","7":"pa_cilt-ciltsiz","8":"pa_tur-kitap","9":"pa_yayinevi-is-bankasi-kultur-yayinlari","10":"pa_yazar-ismail-cem","12":"first","13":"instock","14":"sale","15":"shipping-taxable","16":"purchasable","17":"product-type-simple"},"_links":{"self":[{"href":"https:\/\/roveyayinevi.com.tr\/index.php\/wp-json\/wp\/v2\/product\/689996","targetHints":{"allow":["GET"]}}],"collection":[{"href":"https:\/\/roveyayinevi.com.tr\/index.php\/wp-json\/wp\/v2\/product"}],"about":[{"href":"https:\/\/roveyayinevi.com.tr\/index.php\/wp-json\/wp\/v2\/types\/product"}],"wp:attachment":[{"href":"https:\/\/roveyayinevi.com.tr\/index.php\/wp-json\/wp\/v2\/media?parent=689996"}],"wp:term":[{"taxonomy":"product_brand","embeddable":true,"href":"https:\/\/roveyayinevi.com.tr\/index.php\/wp-json\/wp\/v2\/product_brand?post=689996"},{"taxonomy":"product_cat","embeddable":true,"href":"https:\/\/roveyayinevi.com.tr\/index.php\/wp-json\/wp\/v2\/product_cat?post=689996"},{"taxonomy":"product_tag","embeddable":true,"href":"https:\/\/roveyayinevi.com.tr\/index.php\/wp-json\/wp\/v2\/product_tag?post=689996"}],"curies":[{"name":"wp","href":"https:\/\/api.w.org\/{rel}","templated":true}]}}